{"id":14744,"date":"2024-09-25T17:24:59","date_gmt":"2024-09-25T15:24:59","guid":{"rendered":"https:\/\/anpej.sn\/acceuil\/?page_id=14744"},"modified":"2026-03-06T11:16:44","modified_gmt":"2026-03-06T10:16:44","slug":"antenne-ziguinchor","status":"publish","type":"page","link":"https:\/\/anpej.sn\/accueil\/antenne-ziguinchor\/","title":{"rendered":"Antenne Ziguinchor"},"content":{"rendered":"\t\t<div data-elementor-type=\"wp-page\" data-elementor-id=\"14744\" class=\"elementor elementor-14744\">\n\t\t\t\t<div class=\"elementor-element elementor-element-5ed6185 e-flex e-con-boxed e-con e-parent\" data-id=\"5ed6185\" data-element_type=\"container\">\n\t\t\t\t\t<div class=\"e-con-inner\">\n\t\t\t\t<div class=\"elementor-element elementor-element-d3e1f62 elementor-widget elementor-widget-image\" data-id=\"d3e1f62\" data-element_type=\"widget\" data-widget_type=\"image.default\">\n\t\t\t\t<div class=\"elementor-widget-container\">\n\t\t\t\t\t\t\t\t\t\t\t\t\t\t\t<img fetchpriority=\"high\" decoding=\"async\" width=\"900\" height=\"900\" src=\"https:\/\/anpej.sn\/accueil\/wp-content\/uploads\/2024\/11\/Ziguinchor.png\" class=\"attachment-large size-large wp-image-16025\" alt=\"\" srcset=\"https:\/\/anpej.sn\/accueil\/wp-content\/uploads\/2024\/11\/Ziguinchor.png 1024w, https:\/\/anpej.sn\/accueil\/wp-content\/uploads\/2024\/11\/Ziguinchor-175x175.png 175w, https:\/\/anpej.sn\/accueil\/wp-content\/uploads\/2024\/11\/Ziguinchor-768x768.png 768w, https:\/\/anpej.sn\/accueil\/wp-content\/uploads\/2024\/11\/Ziguinchor-300x300.png 300w, https:\/\/anpej.sn\/accueil\/wp-content\/uploads\/2024\/11\/Ziguinchor-600x600.png 600w, https:\/\/anpej.sn\/accueil\/wp-content\/uploads\/2024\/11\/Ziguinchor-180x180.png 180w\" sizes=\"(max-width: 900px) 100vw, 900px\" \/>\t\t\t\t\t\t\t\t\t\t\t\t\t\t\t<\/div>\n\t\t\t\t<\/div>\n\t\t\t\t\t<\/div>\n\t\t\t\t<\/div>\n\t\t<div class=\"elementor-element elementor-element-73731e5 e-flex e-con-boxed e-con e-parent\" data-id=\"73731e5\" data-element_type=\"container\">\n\t\t\t\t\t<div class=\"e-con-inner\">\n\t\t\t\t<div class=\"elementor-element elementor-element-34649a2 elementor-widget elementor-widget-heading\" data-id=\"34649a2\" data-element_type=\"widget\" data-widget_type=\"heading.default\">\n\t\t\t\t<div class=\"elementor-widget-container\">\n\t\t\t\t\t<h2 class=\"elementor-heading-title elementor-size-default\">Actualit\u00e9s R\u00e9gionales<\/h2>\t\t\t\t<\/div>\n\t\t\t\t<\/div>\n\t\t\t\t\t<\/div>\n\t\t\t\t<\/div>\n\t\t<div class=\"elementor-element elementor-element-0b07e99 e-flex e-con-boxed e-con e-parent\" data-id=\"0b07e99\" data-element_type=\"container\">\n\t\t\t\t\t<div class=\"e-con-inner\">\n\t\t\t\t<div class=\"elementor-element elementor-element-d9db0b8 title_position_default title_hover_border_default title-default img_hover_animation_default grid-hover-overlay-type-always grid-hover-overlay-height-default hover-overlay-height-default tpg-border-bottom-disable elementor-widget elementor-widget-tpg-grid-hover-layout\" data-id=\"d9db0b8\" data-element_type=\"widget\" data-widget_type=\"tpg-grid-hover-layout.default\">\n\t\t\t\t<div class=\"elementor-widget-container\">\n\t\t\t\t\t\n        <div class=\"rt-container-fluid rt-tpg-container tpg-el-main-wrapper grid_hover-layout1-main \"\n             id=\"rt-tpg-container-67197868\"\n             data-layout=\"grid_hover-layout1\"\n             data-sc-id=\"elementor\"\n             data-el-settings=''\n             data-el-query=''\n             data-el-path=''\n        >\n\t\t\t            <div class='tpg-header-wrapper '>\n\t\t\t\t            <\/div>\n\n            <div data-title=\"Loading ...\"\n                 class=\"rt-row rt-content-loader grid_hover-layout1 tpg-even grid-behaviour grid_hover_layout_wrapper\">\n\t\t\t\t\n<div class=\"rt-col-md-4 rt-col-sm-6 rt-col-xs-12 default rt-grid-hover-item rt-grid-item\" data-id=\"17603\">\n\t<div class=\"rt-holder tpg-post-holder \">\n\t\t<div class=\"rt-detail rt-el-content-wrapper\">\n\t\t\t\t\t\t\t<div class=\"rt-img-holder tpg-el-image-wrap has-thumbnail\">\n\t\t\t\t\t                        <img decoding=\"async\" src=\"https:\/\/anpej.sn\/accueil\/wp-content\/uploads\/2026\/03\/A-Zig-768x576.jpg\"\n                             class=\"rt-img-responsive\"\n                             width=\"768\"\n                             height=\"576\"\n                             alt=\"Renforcement de l\u2019employabilit\u00e9 des \u00e9tudiants : l\u2019ANPEJ et l\u2019Universit\u00e9 Virtuelle du S\u00e9n\u00e9gal de Ziguinchor forment les jeunes aux techniques de recherche d\u2019emploi\">\n\t\t\t\t\t\t\n\t\t\t\t\t\t\t\n\t\t\n\t\t        <div class=\"overlay grid-hover-content\"><\/div>\n\t\t\t\t\t\t<\/div>\n\t\t\t\n\t\t\t<div class=\"grid-hover-content\">\n\t\t\t\t<div class=\"entry-title-wrapper\"><h3 class=\"entry-title\">Renforcement de l\u2019employabilit\u00e9 des \u00e9tudiants : l\u2019ANPEJ et l\u2019Universit\u00e9 Virtuelle du S\u00e9n\u00e9gal de Ziguinchor forment les jeunes aux techniques de recherche d\u2019emploi<\/h3><\/div>\n\t\t\t\t\n\t\t\t\t\n\t\t\t\t\t\t\t<\/div>\n\t\t<\/div>\n\t<\/div>\n<\/div>\n\n<div class=\"rt-col-md-4 rt-col-sm-6 rt-col-xs-12 default rt-grid-hover-item rt-grid-item\" data-id=\"17565\">\n\t<div class=\"rt-holder tpg-post-holder \">\n\t\t<div class=\"rt-detail rt-el-content-wrapper\">\n\t\t\t\t\t\t\t<div class=\"rt-img-holder tpg-el-image-wrap has-thumbnail\">\n\t\t\t\t\t                        <img decoding=\"async\" src=\"https:\/\/anpej.sn\/accueil\/wp-content\/uploads\/2026\/02\/antenne-sud-zig-768x462.jpg\"\n                             class=\"rt-img-responsive\"\n                             width=\"768\"\n                             height=\"462\"\n                             alt=\"PATHWAYS : l\u2019ANPEJ renforce l\u2019orientation et l\u2019acc\u00e8s aux opportunit\u00e9s locales pour les jeunes \u00e0 Ziguinchor et Kold\">\n\t\t\t\t\t\t\n\t\t\t\t\t\t\t\n\t\t\n\t\t        <div class=\"overlay grid-hover-content\"><\/div>\n\t\t\t\t\t\t<\/div>\n\t\t\t\n\t\t\t<div class=\"grid-hover-content\">\n\t\t\t\t<div class=\"entry-title-wrapper\"><h3 class=\"entry-title\">PATHWAYS : l\u2019ANPEJ renforce l\u2019orientation et l\u2019acc\u00e8s aux opportunit\u00e9s locales pour les jeunes \u00e0 Ziguinchor et Kold<\/h3><\/div>\n\t\t\t\t\n\t\t\t\t\n\t\t\t\t\t\t\t<\/div>\n\t\t<\/div>\n\t<\/div>\n<\/div>\n\n<div class=\"rt-col-md-4 rt-col-sm-6 rt-col-xs-12 default rt-grid-hover-item rt-grid-item\" data-id=\"17530\">\n\t<div class=\"rt-holder tpg-post-holder \">\n\t\t<div class=\"rt-detail rt-el-content-wrapper\">\n\t\t\t\t\t\t\t<div class=\"rt-img-holder tpg-el-image-wrap has-thumbnail\">\n\t\t\t\t\t                        <img loading=\"lazy\" decoding=\"async\" src=\"https:\/\/anpej.sn\/accueil\/wp-content\/uploads\/2026\/01\/plomberie-768x576.jpg\"\n                             class=\"rt-img-responsive\"\n                             width=\"768\"\n                             height=\"576\"\n                             alt=\"Renforcement de l\u2019employabilit\u00e9 des jeunes de Bounkiling : l\u2019ANPEJ forme 25 b\u00e9n\u00e9ficiaires aux techniques de plomberie\">\n\t\t\t\t\t\t\n\t\t\t\t\t\t\t\n\t\t\n\t\t        <div class=\"overlay grid-hover-content\"><\/div>\n\t\t\t\t\t\t<\/div>\n\t\t\t\n\t\t\t<div class=\"grid-hover-content\">\n\t\t\t\t<div class=\"entry-title-wrapper\"><h3 class=\"entry-title\">Renforcement de l\u2019employabilit\u00e9 des jeunes de Bounkiling : l\u2019ANPEJ forme 25 b\u00e9n\u00e9ficiaires aux techniques de plomberie<\/h3><\/div>\n\t\t\t\t\n\t\t\t\t\n\t\t\t\t\t\t\t<\/div>\n\t\t<\/div>\n\t<\/div>\n<\/div>\n            <\/div>\n\n\t\t\t<div class='rt-pagination-wrap' data-total-pages='3' data-posts-per-page='3' data-type='pagination'><div class=\"rt-pagination\"><ul class=\"pagination-list\"><li class=\"active\"><span>1<\/span><\/li><li><a data-paged='2' href='https:\/\/anpej.sn\/accueil\/wp-json\/wp\/v2\/pages\/14744\/page\/2\/'>2<\/a><\/li><li><a data-paged='3' href='https:\/\/anpej.sn\/accueil\/wp-json\/wp\/v2\/pages\/14744\/page\/3\/'>3<\/a><\/li><\/ul><\/div><\/div>        <\/div>\n\t\t\t\t\t\t<\/div>\n\t\t\t\t<\/div>\n\t\t\t\t\t<\/div>\n\t\t\t\t<\/div>\n\t\t<div class=\"elementor-element elementor-element-a27aea2 e-flex e-con-boxed e-con e-parent\" data-id=\"a27aea2\" data-element_type=\"container\">\n\t\t\t\t\t<div class=\"e-con-inner\">\n\t\t\t\t<div class=\"elementor-element elementor-element-9ff1b10 elementor-widget elementor-widget-n-accordion\" data-id=\"9ff1b10\" data-element_type=\"widget\" data-settings=\"{&quot;default_state&quot;:&quot;expanded&quot;,&quot;max_items_expended&quot;:&quot;one&quot;,&quot;n_accordion_animation_duration&quot;:{&quot;unit&quot;:&quot;ms&quot;,&quot;size&quot;:400,&quot;sizes&quot;:[]}}\" data-widget_type=\"nested-accordion.default\">\n\t\t\t\t<div class=\"elementor-widget-container\">\n\t\t\t\t\t\t\t<div class=\"e-n-accordion\" aria-label=\"Accordion. Open links with Enter or Space, close with Escape, and navigate with Arrow Keys\">\n\t\t\t\t\t\t<details id=\"e-n-accordion-item-1670\" class=\"e-n-accordion-item\" open>\n\t\t\t\t<summary class=\"e-n-accordion-item-title\" data-accordion-index=\"1\" tabindex=\"0\" aria-expanded=\"true\" aria-controls=\"e-n-accordion-item-1670\" >\n\t\t\t\t\t<span class='e-n-accordion-item-title-header'><h4 class=\"e-n-accordion-item-title-text\"> Contacts du Personnel <\/h4><\/span>\n\t\t\t\t\t\t\t<span class='e-n-accordion-item-title-icon'>\n\t\t\t<span class='e-opened' ><i aria-hidden=\"true\" class=\"fas fa-minus\"><\/i><\/span>\n\t\t\t<span class='e-closed'><i aria-hidden=\"true\" class=\"fas fa-plus-circle\"><\/i><\/span>\n\t\t<\/span>\n\n\t\t\t\t\t\t<\/summary>\n\t\t\t\t<div role=\"region\" aria-labelledby=\"e-n-accordion-item-1670\" class=\"elementor-element elementor-element-30480f4 e-con-full e-flex e-con e-child\" data-id=\"30480f4\" data-element_type=\"container\">\n\t\t\t\t<div class=\"elementor-element elementor-element-c1f0dc8 elementor-widget elementor-widget-shortcode\" data-id=\"c1f0dc8\" data-element_type=\"widget\" data-widget_type=\"shortcode.default\">\n\t\t\t\t<div class=\"elementor-widget-container\">\n\t\t\t\t\t\t\t<div class=\"elementor-shortcode\">\n<table id=\"tablepress-26\" class=\"tablepress tablepress-id-26\">\n<thead>\n<tr class=\"row-1\">\n\t<th class=\"column-1\">Bureau<\/th><th class=\"column-2\">Pr\u00e9nom &amp; Nom<\/th><th class=\"column-3\">Email<\/th><th class=\"column-4\">T\u00e9l\u00e9phone<\/th>\n<\/tr>\n<\/thead>\n<tbody class=\"row-striping row-hover\">\n<tr class=\"row-2\">\n\t<td class=\"column-1\">Antenne sud Ziguinchor<\/td><td class=\"column-2\">Ma asta DIOP ( Chef Antenne)<br \/>\nMarcel DIATTA<br \/>\nAbdoulaye Diene NDIAYE<br \/>\nMamadou Abib DRAME<br \/>\n<\/td><td class=\"column-3\">maasta.diop@anpej<br \/>\nmarceltikis83@gmail.com<br \/>\nndiayelayediene@gmail.com<br \/>\nmamadou.drame@anpej<\/td><td class=\"column-4\">77 274 90 48<br \/>\n78 181 85 61<br \/>\n77 812 33 67<br \/>\n77 909 46 21<\/td>\n<\/tr>\n<tr class=\"row-3\">\n\t<td class=\"column-1\">(PEEJF) Ziguinchor<\/td><td class=\"column-2\">Aissatou Khoudia COLY<\/td><td class=\"column-3\">khoudia.coly@anpej.sn<\/td><td class=\"column-4\">78 181 95 40<\/td>\n<\/tr>\n<tr class=\"row-4\">\n\t<td class=\"column-1\">CDEPS Ziguinchor<\/td><td class=\"column-2\">Ndeye Khady BODIAN<\/td><td class=\"column-3\">ndeyekhady.bodian@anpej.sn<\/td><td class=\"column-4\">77 384 03 85<\/td>\n<\/tr>\n<tr class=\"row-5\">\n\t<td class=\"column-1\">Kolda (PEEJF)<br \/>\nKolda (CDEPS)<\/td><td class=\"column-2\">Bado THIAM<br \/>\nJean Piere WAZ<\/td><td class=\"column-3\">badothiam1@gmail.com<br \/>\njeanpierewaz@gmail.com<\/td><td class=\"column-4\">77 489 99 22<br \/>\n77 449 87 76<\/td>\n<\/tr>\n<tr class=\"row-6\">\n\t<td class=\"column-1\">Goudomp (PEEJF)\t<\/td><td class=\"column-2\">Sanou BOP<br \/>\n<\/td><td class=\"column-3\">sanoubop2@gmail.com<br \/>\n<\/td><td class=\"column-4\">77 470 74 70<br \/>\n<\/td>\n<\/tr>\n<tr class=\"row-7\">\n\t<td class=\"column-1\">Espace jeunes de Sindian<\/td><td class=\"column-2\">Laurent DIEDHIOU<\/td><td class=\"column-3\">laurent.diedhiou@anpej.sn<\/td><td class=\"column-4\"> 77 816 38 82<\/td>\n<\/tr>\n<tr class=\"row-8\">\n\t<td class=\"column-1\">Oussouye (PEEJF)\t<\/td><td class=\"column-2\">Abdou FAYE<\/td><td class=\"column-3\">abbou10faye@gmail.com<\/td><td class=\"column-4\">77 355 02 23<\/td>\n<\/tr>\n<tr class=\"row-9\">\n\t<td class=\"column-1\">PEEJ\/FJ SEDHIOU<\/td><td class=\"column-2\">Roland NIAFOUNA<\/td><td class=\"column-3\">nyafounasteph@gmail.com<\/td><td class=\"column-4\">708241770<\/td>\n<\/tr>\n<tr class=\"row-10\">\n\t<td class=\"column-1\">CDEPS VELINGARA<\/td><td class=\"column-2\">Baye Serigne SARR<\/td><td class=\"column-3\">bayeserignesarr53@gmail.com<\/td><td class=\"column-4\">77 373 42 91<\/td>\n<\/tr>\n<tr class=\"row-11\">\n\t<td class=\"column-1\">V\u00e9lingara (PEEJF)<\/td><td class=\"column-2\">Amadou SY<\/td><td class=\"column-3\">1syamadou1@gmail.com<br \/>\n<br \/>\n<\/td><td class=\"column-4\">779685652<\/td>\n<\/tr>\n<tr class=\"row-12\">\n\t<td class=\"column-1\">PEEJ\/F MYF\/KOLDA<\/td><td class=\"column-2\">Mame cheikh SECK<\/td><td class=\"column-3\">mamecheikhanpej@gamail.com<\/td><td class=\"column-4\">775379299<\/td>\n<\/tr>\n<tr class=\"row-13\">\n\t<td class=\"column-1\">Ndiamacouta (EEJ)\t<\/td><td class=\"column-2\">Abdoulaye DIAGNE<\/td><td class=\"column-3\">layediagne0693@gmail.com\t<\/td><td class=\"column-4\">77 1874424<br \/>\n<\/td>\n<\/tr>\n<tr class=\"row-14\">\n\t<td class=\"column-1\">ESPACE NDIEMBERING<\/td><td class=\"column-2\">Dame DIOP<\/td><td class=\"column-3\">ddiop5626@gmail.com<\/td><td class=\"column-4\">785107840<\/td>\n<\/tr>\n<tr class=\"row-15\">\n\t<td class=\"column-1\">Boumkiling (PEE\/JF)\t<\/td><td class=\"column-2\">Souleymane DIALLO<\/td><td class=\"column-3\">souleymane2021@gmail.com\t<\/td><td class=\"column-4\">77 442 22 44<br \/>\n<\/td>\n<\/tr>\n<tr class=\"row-16\">\n\t<td class=\"column-1\">Bignona (PEEJF)\t<\/td><td class=\"column-2\">Mamadou Lamine Camara<\/td><td class=\"column-3\">lamine.camara@anpej.sn\t<\/td><td class=\"column-4\">77 554 90 45<br \/>\n<\/td>\n<\/tr>\n<\/tbody>\n<\/table>\n<!-- #tablepress-26 from cache --><\/div>\n\t\t\t\t\t\t<\/div>\n\t\t\t\t<\/div>\n\t\t\t\t<\/div>\n\t\t\t\t\t<\/details>\n\t\t\t\t\t\t<details id=\"e-n-accordion-item-1671\" class=\"e-n-accordion-item\" >\n\t\t\t\t<summary class=\"e-n-accordion-item-title\" data-accordion-index=\"2\" tabindex=\"-1\" aria-expanded=\"false\" aria-controls=\"e-n-accordion-item-1671\" >\n\t\t\t\t\t<span class='e-n-accordion-item-title-header'><h4 class=\"e-n-accordion-item-title-text\"> Activit\u00e9s R\u00e9gionales <\/h4><\/span>\n\t\t\t\t\t\t\t<span class='e-n-accordion-item-title-icon'>\n\t\t\t<span class='e-opened' ><i aria-hidden=\"true\" class=\"fas fa-minus\"><\/i><\/span>\n\t\t\t<span class='e-closed'><i aria-hidden=\"true\" class=\"fas fa-plus-circle\"><\/i><\/span>\n\t\t<\/span>\n\n\t\t\t\t\t\t<\/summary>\n\t\t\t\t<div role=\"region\" aria-labelledby=\"e-n-accordion-item-1671\" class=\"elementor-element elementor-element-993ab74 e-con-full e-flex e-con e-child\" data-id=\"993ab74\" data-element_type=\"container\">\n\t\t\t\t<div class=\"elementor-element elementor-element-12c30a7 elementor-widget elementor-widget-shortcode\" data-id=\"12c30a7\" data-element_type=\"widget\" data-widget_type=\"shortcode.default\">\n\t\t\t\t<div class=\"elementor-widget-container\">\n\t\t\t\t\t\t\t<div class=\"elementor-shortcode\">\n<table id=\"tablepress-27\" class=\"tablepress tablepress-id-27\">\n<thead>\n<tr class=\"row-1\">\n\t<th class=\"column-1\">Date de l'activit\u00e9<\/th><th class=\"column-2\">Description de l'activit\u00e9<\/th><th class=\"column-3\">Lieu de l'activit\u00e9<\/th>\n<\/tr>\n<\/thead>\n<tbody class=\"row-striping row-hover\">\n<tr class=\"row-2\">\n\t<td class=\"column-1\">Du 05 f\u00e9vrier au 19 mars 2025<\/td><td class=\"column-2\">Formation pr\u00e9 qualifiante de 6 semaines sur les fondamentaux du num\u00e9riques dans le cadre du programme SAS Woman in Tech avec SIMPLON \u00e0 Ziguinchor au profit de 23 jeunes femmes<\/td><td class=\"column-3\">Ziguinchor<\/td>\n<\/tr>\n<tr class=\"row-3\">\n\t<td class=\"column-1\">Du 17\/02 au 21 f\u00e9vrier 2025<\/td><td class=\"column-2\">08 s\u00e9ances de renforcement \u00e0 tenir une Formation en Education Financi\u00e8re avec les migrants de retour en partenariat avec OFFI \u00e0 Kolda au profit de 20 migrants de retour<\/td><td class=\"column-3\">Kolda<\/td>\n<\/tr>\n<tr class=\"row-4\">\n\t<td class=\"column-1\">Du 24 au 25 Mars 2025<\/td><td class=\"column-2\">Formation en D\u00e9veloppement personnel et Leadership \u00e0 M\u00e9dina Yoro Foulah, dans le cadre du programme CINEMARENA au profit 20 jeunes<\/td><td class=\"column-3\">Kolda M\u00e9dina Yoro Foulah<\/td>\n<\/tr>\n<tr class=\"row-5\">\n\t<td class=\"column-1\">Du 26 au 27 Mars 2025<\/td><td class=\"column-2\">Formation en D\u00e9veloppement personnel et Leadership \u00e0 V\u00e9lingara, dans le cadre du programme CINEMARENA au profit de 21 jeunes<\/td><td class=\"column-3\">V\u00e9lingara<\/td>\n<\/tr>\n<tr class=\"row-6\">\n\t<td class=\"column-1\">Du 20 au 24 Mars 2025<\/td><td class=\"column-2\">Formation en TRE \u00e0 M\u00e9dina Yoro Foulah, dans le cadre du programme CINEMARENA au profit de 30 jeunes<\/td><td class=\"column-3\">M\u00e9dina Yoro Foulah<\/td>\n<\/tr>\n<tr class=\"row-7\">\n\t<td class=\"column-1\">Du 02 au 08 Janvier 2025<\/td><td class=\"column-2\">Formation de jeunes en : TRE et Marketing digital, dans le cadre du projet parcours d\u2019insertion de l\u2019ONG GRET \u00e0 Kolda au profit de 35 jeunes<\/td><td class=\"column-3\">Kolda<\/td>\n<\/tr>\n<tr class=\"row-8\">\n\t<td class=\"column-1\">Du 18 au 19 mars 2025<\/td><td class=\"column-2\">Formation en TRE des jeunes b\u00e9n\u00e9ficiaires du programme SAS Woman in Tech avec SIMPLON \u00e0 Ziguinchor au profit 23 jeunes<\/td><td class=\"column-3\">Ziguinchor<\/td>\n<\/tr>\n<tr class=\"row-9\">\n\t<td class=\"column-1\">30 janvier 2025<\/td><td class=\"column-2\">Visite de prise de contact et de travail \u00e0 l\u2019Inspection R\u00e9gionale de la Jeunesse de Ziguinchor dans le cadre de renforcer les synergies d\u2019actions entre les acteurs institutionnels sont facilit\u00e9es<\/td><td class=\"column-3\">Ziguinchor<\/td>\n<\/tr>\n<tr class=\"row-10\">\n\t<td class=\"column-1\">Du 10 f\u00e9vrier au 13 f\u00e9vrier 2025<\/td><td class=\"column-2\">Participation \u00e0 l\u2019Atelier de d\u00e9multiplication de la formation genre et cycle de projet- PEEJF \u00e0 l\u2019h\u00f4tel N\u00e9ma Kadior de Ziguinchor ,03 conseillers en emploi de la zone sud ont pris part \u00e0 cette activit\u00e9 et sont sensibilis\u00e9s sur les enjeux de l\u2019int\u00e9gration du Genre dans la gestion de projets<\/td><td class=\"column-3\">Ziguinchor<\/td>\n<\/tr>\n<tr class=\"row-11\">\n\t<td class=\"column-1\">12 mars 2025<\/td><td class=\"column-2\">C\u00e9r\u00e9monie de remise de mat\u00e9riels, d\u2019\u00e9quipements et de financements aux populations impact\u00e9es par le conflit en Casamance dans le cadre du programme d\u2019accompagnement des d\u00e9plac\u00e9s avec  l\u2019ONG HI \u00e0 la salle de d\u00e9lib\u00e9ration de la mairie de Nyassa<\/td><td class=\"column-3\">Nyassa<\/td>\n<\/tr>\n<tr class=\"row-12\">\n\t<td class=\"column-1\">25 janvier 2025<\/td><td class=\"column-2\">Visite au Centre de Promotion Agricole et Social (CPAS) de Bouyouye avec le chef de service d\u00e9partemental du d\u00e9veloppement local et le pr\u00e9sident de l\u2019ONG \u00ab Cause premi\u00e8re \u00bb<\/td><td class=\"column-3\">Ziguinchor<\/td>\n<\/tr>\n<tr class=\"row-13\">\n\t<td class=\"column-1\">Tous les lundis de 17h \u00e0 18h00<\/td><td class=\"column-2\">Un conseiller en emploi de l\u2019ANPEJ anime l\u2019\u00e9mission \u00e0 la radio communautaire KABISSEU FM sur l\u2019entrepreneuriat \u00e0 Oussouye pour donner la parole aux entrepreneurs pour qu\u2019ils parlent de leurs activit\u00e9s, aux formateurs, aux chefs de services et aux experts pour qu\u2019ils s\u2019expriment sur les potentialit\u00e9s du d\u00e9partement, les obstacles, les d\u00e9fis de l\u2019entrepreneuriat<\/td><td class=\"column-3\">Oussouye<\/td>\n<\/tr>\n<tr class=\"row-14\">\n\t<td class=\"column-1\">21 mars 2025<\/td><td class=\"column-2\">Organisation de la c\u00e9r\u00e9monie de remise d\u2019Attestations au profit de 23 Jeunes form\u00e9s sur les outils du num\u00e9rique pour une dur\u00e9e de 6 semaines <br \/>\net de titres de formalisation au profit 20 Jeunes porteurs de projets (RCCM, NINEA) \u00e0 travers le programme PNPEJ<br \/>\n<\/td><td class=\"column-3\">Ziguinchor<\/td>\n<\/tr>\n<tr class=\"row-15\">\n\t<td class=\"column-1\">21 mars 2025<\/td><td class=\"column-2\">Organisation d\u2019une S\u00e9ance d\u2019animation \u00e9conomique au niveau de l\u2019Institut Sup\u00e9rieur de Management (ISM) Ziguinchor <\/td><td class=\"column-3\">Ziguinchor<\/td>\n<\/tr>\n<tr class=\"row-16\">\n\t<td class=\"column-1\">23\/04\/2025<\/td><td class=\"column-2\">Participation et animation de stand et de panel \u00e0 la 5\u00e8me Edition du Forum de l\u2019Orientation Universitaire et de l\u2019Entreprenariat, organis\u00e9 par l\u2019Institut Sup\u00e9rieur de Management (ISM) au cercle amicale de Ziguinchor.<\/td><td class=\"column-3\">Ziguinchor<\/td>\n<\/tr>\n<tr class=\"row-17\">\n\t<td class=\"column-1\">15\/05 au 16\/05\/2025<\/td><td class=\"column-2\">Atelier de formation au CFP d\u2019Oussouye, sur le d\u00e9veloppement personnel, le leadership, l\u2019entrepreneuriat et la construction d\u2019un projet personnel et professionnel.<\/td><td class=\"column-3\">Oussouye<\/td>\n<\/tr>\n<tr class=\"row-18\">\n\t<td class=\"column-1\">26\/05 au 31\/05\/2025<\/td><td class=\"column-2\">\u00cbtu X\u00eby  : Caravane de l\u2019Insertion<br \/>\nSessions de formation sur les Technique de Recherche d\u2019Emploi et d\u2019Entreprenariat pour 500 apprenants des CFP<br \/>\n<br \/>\n<br \/>\n<\/td><td class=\"column-3\">Ziguinchor et Bignona<\/td>\n<\/tr>\n<tr class=\"row-19\">\n\t<td class=\"column-1\">16\/04 Au 26\/04\/2025<\/td><td class=\"column-2\">Formation en Informatique de 100 jeunes au CDEPS de Ziguinchor<\/td><td class=\"column-3\">Ziguinchor<\/td>\n<\/tr>\n<tr class=\"row-20\">\n\t<td class=\"column-1\">DU 22 au 26 Mai 2025<\/td><td class=\"column-2\">Formation de 400 jeunes en entrepreneuriat et en marketing digital   dans le cadre du FOULADOU DIGITAL SHOW<br \/>\n<br \/>\n-\t<br \/>\n<\/td><td class=\"column-3\">Kolda<\/td>\n<\/tr>\n<tr class=\"row-21\">\n\t<td class=\"column-1\">Du 04 au 07 juin 2025<\/td><td class=\"column-2\">Formation de 10 jeunes sur les m\u00e9tiers du num\u00e9rique (Informatique de base<br \/>\net Infographie)<br \/>\n<\/td><td class=\"column-3\">Ziguinchor<\/td>\n<\/tr>\n<tr class=\"row-22\">\n\t<td class=\"column-1\">Du 27 au 28 mai 2025<\/td><td class=\"column-2\">Formation 20 techniciens des CFP en technique de mobilisation des ressources dans le cadre de l\u2019Initiative Fit caravane de l\u2019insertion<\/td><td class=\"column-3\">Oussouye<\/td>\n<\/tr>\n<tr class=\"row-23\">\n\t<td class=\"column-1\">14 au 17 juin 2025<\/td><td class=\"column-2\">Formation en entrepreneuriat et \u00e9ducation financi\u00e8re \u00e0 20 \u00e9tudiants de l\u2019UVS Ziguinchor<\/td><td class=\"column-3\">Ziguinchor<\/td>\n<\/tr>\n<tr class=\"row-24\">\n\t<td class=\"column-1\">10 et 11 juin 2025<\/td><td class=\"column-2\">Formation de 31 jeunes en comptabilit\u00e9 simplifi\u00e9e dans le cadre du un projet de R\u00e9duction de la Violence Arm\u00e9e (RVA), financ\u00e9 par l\u2019Union Europ\u00e9enne avec Humanit\u00e9 et Inclusion<\/td><td class=\"column-3\">Goudomp<\/td>\n<\/tr>\n<tr class=\"row-25\">\n\t<td class=\"column-1\"><\/td><td class=\"column-2\"><\/td><td class=\"column-3\"><\/td>\n<\/tr>\n<tr class=\"row-26\">\n\t<td class=\"column-1\"><\/td><td class=\"column-2\"><\/td><td class=\"column-3\"><\/td>\n<\/tr>\n<tr class=\"row-27\">\n\t<td class=\"column-1\"><\/td><td class=\"column-2\"><\/td><td class=\"column-3\"><\/td>\n<\/tr>\n<\/tbody>\n<\/table>\n<!-- #tablepress-27 from cache --><\/div>\n\t\t\t\t\t\t<\/div>\n\t\t\t\t<\/div>\n\t\t\t\t<\/div>\n\t\t\t\t\t<\/details>\n\t\t\t\t\t\t<details id=\"e-n-accordion-item-1672\" class=\"e-n-accordion-item\" >\n\t\t\t\t<summary class=\"e-n-accordion-item-title\" data-accordion-index=\"3\" tabindex=\"-1\" aria-expanded=\"false\" aria-controls=\"e-n-accordion-item-1672\" >\n\t\t\t\t\t<span class='e-n-accordion-item-title-header'><h4 class=\"e-n-accordion-item-title-text\"> Opportunit\u00e9s R\u00e9gionales <\/h4><\/span>\n\t\t\t\t\t\t\t<span class='e-n-accordion-item-title-icon'>\n\t\t\t<span class='e-opened' ><i aria-hidden=\"true\" class=\"fas fa-minus\"><\/i><\/span>\n\t\t\t<span class='e-closed'><i aria-hidden=\"true\" class=\"fas fa-plus-circle\"><\/i><\/span>\n\t\t<\/span>\n\n\t\t\t\t\t\t<\/summary>\n\t\t\t\t<div role=\"region\" aria-labelledby=\"e-n-accordion-item-1672\" class=\"elementor-element elementor-element-b8c9d02 e-flex e-con-boxed e-con e-child\" data-id=\"b8c9d02\" data-element_type=\"container\">\n\t\t\t\t\t<div class=\"e-con-inner\">\n\t\t\t\t<div class=\"elementor-element elementor-element-0c1bdd7 elementor-widget elementor-widget-shortcode\" data-id=\"0c1bdd7\" data-element_type=\"widget\" data-widget_type=\"shortcode.default\">\n\t\t\t\t<div class=\"elementor-widget-container\">\n\t\t\t\t\t\t\t<div class=\"elementor-shortcode\">\n<table id=\"tablepress-28\" class=\"tablepress tablepress-id-28\">\n<thead>\n<tr class=\"row-1\">\n\t<th class=\"column-1\">Secteurs d'activit\u00e9s<\/th><th class=\"column-2\">Opportunit\u00e9s<\/th>\n<\/tr>\n<\/thead>\n<tbody class=\"row-striping row-hover\">\n<tr class=\"row-2\">\n\t<td class=\"column-1\">Anacarde (noix de cajou)<\/td><td class=\"column-2\">Collecte et tri des noix brutes <br \/>\nTransformation locale (d\u00e9corticage, torr\u00e9faction) <br \/>\nExportation ou vente aux industriels s\u00e9n\u00e9galais <br \/>\nCr\u00e9ation de coop\u00e9ratives de jeunes producteurs<br \/>\n<\/td>\n<\/tr>\n<tr class=\"row-3\">\n\t<td class=\"column-1\">Fruits tropicaux (mangue, banane, ananas)<\/td><td class=\"column-2\">Cr\u00e9ation ou reprise de vergers <br \/>\nUnit\u00e9s de transformation (jus, confiture, s\u00e9chage) <br \/>\nExport via label \u00ab Bio Casamance \u00bb<br \/>\n<\/td>\n<\/tr>\n<tr class=\"row-4\">\n\t<td class=\"column-1\">Riz local (pluvial &amp; irrigu\u00e9)<\/td><td class=\"column-2\">Exploitation de parcelles avec semences am\u00e9lior\u00e9es <br \/>\nTransformation (d\u00e9corticage, ensachage) <br \/>\nDistribution locale (cantines, march\u00e9s urbains)<br \/>\n<\/td>\n<\/tr>\n<tr class=\"row-5\">\n\t<td class=\"column-1\">Mara\u00eechage (tomate, oignon, aubergine)<\/td><td class=\"column-2\">Production planifi\u00e9e (hors saison) <br \/>\nVente directe ou en groupement <br \/>\nLivraison aux h\u00f4tels &amp; restaurants<br \/>\n<\/td>\n<\/tr>\n<tr class=\"row-6\">\n\t<td class=\"column-1\">produits halieutiques<\/td><td class=\"column-2\">\u00c9levage d\u2019hu\u00eetres en mangrove <br \/>\nTransformation artisanale (fumage, bocaux) <br \/>\nVente aux h\u00f4tels, foires locales<br \/>\n<\/td>\n<\/tr>\n<tr class=\"row-7\">\n\t<td class=\"column-1\">Produits forestiers (madd, pain de singe, miel)<\/td><td class=\"column-2\">R\u00e9colte durable &amp; transformation (poudre, sirop) <br \/>\nCosm\u00e9tique naturelle (savon, huile) <br \/>\nVente sur les march\u00e9s bio ou en ligne<br \/>\n<\/td>\n<\/tr>\n<tr class=\"row-8\">\n\t<td class=\"column-1\">Services d\u2019appui (formation, marketing, logistique)<\/td><td class=\"column-2\">Formations techniques &amp; num\u00e9riques <br \/>\nSolutions logistiques partag\u00e9es (transport, stockage) <br \/>\n Communication digitale des produits (Instagram, marketplaces)<br \/>\n<\/td>\n<\/tr>\n<tr class=\"row-9\">\n\t<td class=\"column-1\">Tourisme (\u00e9cotourisme, baln\u00e9aire, rural)<\/td><td class=\"column-2\">Cr\u00e9ation de circuits (mangrove, \u00eeles, for\u00eats) <br \/>\nFormation de guides touristiques <br \/>\nH\u00e9bergement \u00e9co-responsable ( campements) <br \/>\nTransport local (pirogue)<br \/>\n<\/td>\n<\/tr>\n<tr class=\"row-10\">\n\t<td class=\"column-1\">Culture (arts, patrimoine, \u00e9v\u00e9nements)<\/td><td class=\"column-2\">Organisation de festivals et \u00e9v\u00e9nements culturels <br \/>\nCr\u00e9ation artistique (musique, danse, th\u00e9\u00e2tre) <br \/>\nProduction et vente d'artisanat local <br \/>\nM\u00e9diation culturelle (mus\u00e9es, visites guid\u00e9es)<br \/>\n<\/td>\n<\/tr>\n<tr class=\"row-11\">\n\t<td class=\"column-1\"><\/td><td class=\"column-2\"><\/td>\n<\/tr>\n<\/tbody>\n<\/table>\n<!-- #tablepress-28 from cache --><\/div>\n\t\t\t\t\t\t<\/div>\n\t\t\t\t<\/div>\n\t\t\t\t\t<\/div>\n\t\t\t\t<\/div>\n\t\t\t\t\t<\/details>\n\t\t\t\t\t\t<details id=\"e-n-accordion-item-1673\" class=\"e-n-accordion-item\" >\n\t\t\t\t<summary class=\"e-n-accordion-item-title\" data-accordion-index=\"4\" tabindex=\"-1\" aria-expanded=\"false\" aria-controls=\"e-n-accordion-item-1673\" >\n\t\t\t\t\t<span class='e-n-accordion-item-title-header'><h4 class=\"e-n-accordion-item-title-text\"> Partenaires Locaux <\/h4><\/span>\n\t\t\t\t\t\t\t<span class='e-n-accordion-item-title-icon'>\n\t\t\t<span class='e-opened' ><i aria-hidden=\"true\" class=\"fas fa-minus\"><\/i><\/span>\n\t\t\t<span class='e-closed'><i aria-hidden=\"true\" class=\"fas fa-plus-circle\"><\/i><\/span>\n\t\t<\/span>\n\n\t\t\t\t\t\t<\/summary>\n\t\t\t\t<div role=\"region\" aria-labelledby=\"e-n-accordion-item-1673\" class=\"elementor-element elementor-element-92c5bb8 e-flex e-con-boxed e-con e-child\" data-id=\"92c5bb8\" data-element_type=\"container\">\n\t\t\t\t\t<div class=\"e-con-inner\">\n\t\t\t\t<div class=\"elementor-element elementor-element-7ffbfca elementor-widget elementor-widget-shortcode\" data-id=\"7ffbfca\" data-element_type=\"widget\" data-widget_type=\"shortcode.default\">\n\t\t\t\t<div class=\"elementor-widget-container\">\n\t\t\t\t\t\t\t<div class=\"elementor-shortcode\">\n<table id=\"tablepress-29\" class=\"tablepress tablepress-id-29\">\n<thead>\n<tr class=\"row-1\">\n\t<th class=\"column-1\">Nom du partenaire<\/th><th class=\"column-2\">Secteurs d'activit\u00e9s<\/th><th class=\"column-3\">Contact partenaire (mail et t\u00e9l\u00e9phone)<\/th><td class=\"column-4\"><\/td>\n<\/tr>\n<\/thead>\n<tbody class=\"row-striping row-hover\">\n<tr class=\"row-2\">\n\t<td class=\"column-1\">Chambres de commerce et d'industrie et d'Agriculture de Ziguinchor  (CCIAZ)<\/td><td class=\"column-2\">Promotion de l'entreprenariat et de l'auto-emploi - Insertion professionnelle et employabilit\u00e9 des jeunes - D\u00e9veloppement du commerce et de l'\u00e9conomie locale - Appui \u00e0 la formalisation des entrepreneurs.<\/td><td class=\"column-3\">33 991 13 10 \/ 33 991 13 23<br \/>\ncontact@cciaz.sn<br \/>\n<\/td><td class=\"column-4\"><\/td>\n<\/tr>\n<tr class=\"row-3\">\n\t<td class=\"column-1\">S\u00c9N\u00c9GAL SERVICE Ziguinchor<\/td><td class=\"column-2\">Accompagnement \u00e0 l'obtention de documents administratifs Appui technique d\u00e9marche administrative d\u00e9mat\u00e9rialis\u00e9e<br \/>\nAccompagnement \u00e0 la formalisation - Lutter contre la facture num\u00e9rique<br \/>\n<\/td><td class=\"column-3\">samba.cisse@senegalservices.sn<br \/>\n<br \/>\n774544668<br \/>\n<\/td><td class=\"column-4\"><\/td>\n<\/tr>\n<tr class=\"row-4\">\n\t<td class=\"column-1\">BNDE<\/td><td class=\"column-2\">Entreprenariat et PME\/PMI - Agriculture et Agro-industrie - Commerce et services.<\/td><td class=\"column-3\">contact@bnde.sn<br \/>\n33 938 86 30<br \/>\n<\/td><td class=\"column-4\"><\/td>\n<\/tr>\n<tr class=\"row-5\">\n\t<td class=\"column-1\">APIX<\/td><td class=\"column-2\">Agriculture - Artisanale - Economie Bleue ou Maritime - Economie Num\u00e9rique et Energie.<\/td><td class=\"column-3\">apixziguinchor@apix.sn<br \/>\n33 991 66 13<br \/>\n<\/td><td class=\"column-4\"><\/td>\n<\/tr>\n<tr class=\"row-6\">\n\t<td class=\"column-1\">CMS<\/td><td class=\"column-2\">Particuliers - Entreprises &amp; Entrepreneurs - Agriculteurs &amp; Acteurs du secteur rural.<\/td><td class=\"column-3\">339912852<br \/>\ncontact@cms.sn<br \/>\n<\/td><td class=\"column-4\"><\/td>\n<\/tr>\n<tr class=\"row-7\">\n\t<td class=\"column-1\">R\u00c9USSIR AU S\u00c9N\u00c9GAL GIZ<\/td><td class=\"column-2\">Entreprenariat - Insertion Professionnelle - Formation<\/td><td class=\"column-3\">giz-senegal@giz.de<\/td><td class=\"column-4\"><\/td>\n<\/tr>\n<tr class=\"row-8\">\n\t<td class=\"column-1\">Conseil R\u00e9gional de la Jeunesse de  Ziguinchor (CRJ)<\/td><td class=\"column-2\">Ax\u00e9 \u00e0 l'Information et \u00e0 l'Education - Plaidoyer pour des services adapt\u00e9s.\tAm\u00e9liorer les perspectives d'Emploi et d'Entreprenariat des Jeunes dans la r\u00e9gion.<\/td><td class=\"column-3\">777514336\t<br \/>\ntalibasami@yahoo.fr\t<br \/>\n<\/td><td class=\"column-4\"><\/td>\n<\/tr>\n<tr class=\"row-9\">\n\t<td class=\"column-1\">Association \"La Boussole\" Ziguinchor<\/td><td class=\"column-2\">Emploi et Insertion Professionnelle - Formation des Migrants de retour et Education.\tEmploi - Formation - Sant\u00e9 et Bien-\u00eatre des jeunes.<\/td><td class=\"column-3\">33 991 78 21\t<br \/>\ncomite@sentoo.sn<br \/>\n<\/td><td class=\"column-4\"><\/td>\n<\/tr>\n<tr class=\"row-10\">\n\t<td class=\"column-1\">3FPT\t<\/td><td class=\"column-2\">Financement de formation professionnelle toutes fili\u00e8res confondues.\tLa Promotion de l'Employabilit\u00e9 des Jeunes<\/td><td class=\"column-3\">339925833\t<br \/>\ncontact@3fpt.sn\t<br \/>\n<\/td><td class=\"column-4\"><\/td>\n<\/tr>\n<tr class=\"row-11\">\n\t<td class=\"column-1\">Universit\u00e9 Assane Seck<\/td><td class=\"column-2\">Formation - Enseignement Sup\u00e9rieure &amp; Recherche.<\/td><td class=\"column-3\">339916809\/339916891\tr<br \/>\nectorat@univ-zig.sn<br \/>\n<\/td><td class=\"column-4\"><\/td>\n<\/tr>\n<tr class=\"row-12\">\n\t<td class=\"column-1\">SOS Village d'Enfants\t\t<\/td><td class=\"column-2\">Prise en charge des Enfants - Education et Formation - Renforcement communautaire<\/td><td class=\"column-3\">339917821<\/td><td class=\"column-4\"><\/td>\n<\/tr>\n<tr class=\"row-13\">\n\t<td class=\"column-1\">Conseil D\u00e9partemental de Ziguinchor<\/td><td class=\"column-2\">Administration territoriale - Action sociale - D\u00e9veloppement \u00e9conomique et culturel.<\/td><td class=\"column-3\">33 991 37 14 \/ 33 991 37 13<br \/>\nczig@sentoo.sn<br \/>\n<\/td><td class=\"column-4\"><\/td>\n<\/tr>\n<tr class=\"row-14\">\n\t<td class=\"column-1\">Les Ecoles de Formation (ISM)<\/td><td class=\"column-2\">Education &amp; Formation - Incubation &amp; Entreprenariat<br \/>\nFormation et d\u00e9veloppement des comp\u00e9tences<\/td><td class=\"column-3\"><br \/>\n339916303\/778518787\/765376787\t<br \/>\nism-ziguinchor@ism.edu.sn<br \/>\n<\/td><td class=\"column-4\"><\/td>\n<\/tr>\n<tr class=\"row-15\">\n\t<td class=\"column-1\">Handicap International<\/td><td class=\"column-2\">Action humanitaire, inclusion sociale et professionnelle<\/td><td class=\"column-3\">773323162<\/td><td class=\"column-4\"><\/td>\n<\/tr>\n<tr class=\"row-16\">\n\t<td class=\"column-1\">Agrijeunes<\/td><td class=\"column-2\">Agro-sylvo-pastoral et halieutique<\/td><td class=\"column-3\">agrijeunes@agrijeunes.sn\/775696554<\/td><td class=\"column-4\"><\/td>\n<\/tr>\n<tr class=\"row-17\">\n\t<td class=\"column-1\">Agropole Sud\t<\/td><td class=\"column-2\">Agro-industrie (avec un accent sur la transformation et la valorisation des produits agricoles)<\/td><td class=\"column-3\">contact@agropole.sn<\/td><td class=\"column-4\"><\/td>\n<\/tr>\n<tr class=\"row-18\">\n\t<td class=\"column-1\">FAO<\/td><td class=\"column-2\">La FAO intervient principalement dans le secteur de l'agriculture et du d\u00e9veloppement rural<\/td><td class=\"column-3\"><\/td><td class=\"column-4\"><\/td>\n<\/tr>\n<tr class=\"row-19\">\n\t<td class=\"column-1\">DER\/FJ\t<\/td><td class=\"column-2\">Entreprenariat Rapide, Financement des projets, Accomgnement technique et renforcement de capacit\u00e9s<\/td><td class=\"column-3\">M.DIALLO <br \/>\n778079609<br \/>\n<\/td><td class=\"column-4\"><\/td>\n<\/tr>\n<tr class=\"row-20\">\n\t<td class=\"column-1\">Caritas<\/td><td class=\"column-2\">Education et Formation, Action sociale et lutte contre la pauvret\u00e9<\/td><td class=\"column-3\">caritas@orange.sn<\/td><td class=\"column-4\"><\/td>\n<\/tr>\n<tr class=\"row-21\">\n\t<td class=\"column-1\">Ecoles de formation professionnelles (UCAO)<\/td><td class=\"column-2\">Education et formation des \u00e9l\u00e8ves et \u00e9tudiants, incubation et entreprenariat\tFormation et d\u00e9veloppement des comp\u00e9tences, insertion professionnelle<\/td><td class=\"column-3\">(221) 77074 19 04 \/ 33 991 68 68\t<br \/>\nucao.iscg@ucao.edu.sn<br \/>\n<\/td><td class=\"column-4\"><\/td>\n<\/tr>\n<tr class=\"row-22\">\n\t<td class=\"column-1\">EDUCO SENEGAL<\/td><td class=\"column-2\">Genre, droits des enfants ,entrepreneuriat Formation <\/td><td class=\"column-3\"><\/td><td class=\"column-4\"><\/td>\n<\/tr>\n<tr class=\"row-23\">\n\t<td class=\"column-1\">Futur au Pr\u00e9sent<\/td><td class=\"column-2\">Education et Formation, Action sociale et lutte contre la pauvret\u00e9<\/td><td class=\"column-3\">766000069<\/td><td class=\"column-4\"><\/td>\n<\/tr>\n<tr class=\"row-24\">\n\t<td class=\"column-1\">Alliance s\u00e9n\u00e9galo-fran\u00e7aise  Teranga Tech Incub<\/td><td class=\"column-2\">incubation et entreprenariat\tFormation et d\u00e9veloppement des comp\u00e9tences, insertion professionnelle<\/td><td class=\"column-3\">777752051<\/td><td class=\"column-4\"><\/td>\n<\/tr>\n<tr class=\"row-25\">\n\t<td class=\"column-1\">Jog-Jeef<\/td><td class=\"column-2\">incubation et entreprenariat\tFormation et d\u00e9veloppement des comp\u00e9tences, insertion professionnelle<\/td><td class=\"column-3\">77 455 69 94<\/td><td class=\"column-4\"><\/td>\n<\/tr>\n<tr class=\"row-26\">\n\t<td class=\"column-1\">Innovzig<\/td><td class=\"column-2\">incubation et entreprenariat\tFormation et d\u00e9veloppement des comp\u00e9tences, insertion professionnelle<\/td><td class=\"column-3\">766378855<\/td><td class=\"column-4\"><\/td>\n<\/tr>\n<tr class=\"row-27\">\n\t<td class=\"column-1\">Casaman\u00e7aise<\/td><td class=\"column-2\">Agroalimentaire<\/td><td class=\"column-3\">infocasamancaise@.com<br \/>\n339930360<br \/>\n<\/td><td class=\"column-4\"><\/td>\n<\/tr>\n<tr class=\"row-28\">\n\t<td class=\"column-1\">FADDO et le CFPA<\/td><td class=\"column-2\">Agroalimentaire Formation professionnelle <\/td><td class=\"column-3\">tonisambou@gmail.com<br \/>\n<br \/>\n774031049<br \/>\n<\/td><td class=\"column-4\"><\/td>\n<\/tr>\n<tr class=\"row-29\">\n\t<td class=\"column-1\">CFP Oussouye <\/td><td class=\"column-2\">Formation Professionnelle <\/td><td class=\"column-3\">cfpoussouye@gmail.com<br \/>\n<br \/>\n774464685<br \/>\n<\/td><td class=\"column-4\"><\/td>\n<\/tr>\n<tr class=\"row-30\">\n\t<td class=\"column-1\">Centre de formation Professionnelle de Cabrousse<\/td><td class=\"column-2\">Formation Professionnelle <\/td><td class=\"column-3\">darthurdsirgoza@gmail.com<br \/>\n788754607<br \/>\n<\/td><td class=\"column-4\"><\/td>\n<\/tr>\n<tr class=\"row-31\">\n\t<td class=\"column-1\">Centre de Promotion Agricole et Sociale<\/td><td class=\"column-2\">Agroalimentaire<\/td><td class=\"column-3\">groupcpasdiembering19@gmail.com<br \/>\n339930613\/774782951<br \/>\n<\/td><td class=\"column-4\"><\/td>\n<\/tr>\n<tr class=\"row-32\">\n\t<td class=\"column-1\">Le Petit Jardinier<\/td><td class=\"column-2\">Agriculture<\/td><td class=\"column-3\">reginadiattaecladusud@gmail.com<br \/>\n784293605<br \/>\n<\/td><td class=\"column-4\"><\/td>\n<\/tr>\n<tr class=\"row-33\">\n\t<td class=\"column-1\">Casa Agro Services<\/td><td class=\"column-2\">Agriculture<\/td><td class=\"column-3\">casaagroservices@gmail.com<br \/>\n774074323<br \/>\n<\/td><td class=\"column-4\"><\/td>\n<\/tr>\n<tr class=\"row-34\">\n\t<td class=\"column-1\">Avi ferme Moudioune<\/td><td class=\"column-2\">Agriculture et \u00e9levage<\/td><td class=\"column-3\">nadegejacquelinesambou@gmail.com<br \/>\n782741264<br \/>\n<\/td><td class=\"column-4\"><\/td>\n<\/tr>\n<tr class=\"row-35\">\n\t<td class=\"column-1\">NDIAYE BUSINESS<\/td><td class=\"column-2\">Elevage<\/td><td class=\"column-3\">nicolasndiaye@21gmail.com<br \/>\n779656914<br \/>\n<\/td><td class=\"column-4\"><\/td>\n<\/tr>\n<tr class=\"row-36\">\n\t<td class=\"column-1\">KABISSEU FM<\/td><td class=\"column-2\">M\u00e9dia<\/td><td class=\"column-3\">kabisseufm@gmail.com<br \/>\n775251275<br \/>\n<\/td><td class=\"column-4\"><\/td>\n<\/tr>\n<tr class=\"row-37\">\n\t<td class=\"column-1\">ONG KALABUKU<\/td><td class=\"column-2\">Formation sur les textiles<\/td><td class=\"column-3\">asociacionkalabuku@gmail.com<br \/>\n775492463<br \/>\n<\/td><td class=\"column-4\"><\/td>\n<\/tr>\n<tr class=\"row-38\">\n\t<td class=\"column-1\">YEP AFRICA<\/td><td class=\"column-2\">Formation<\/td><td class=\"column-3\">charlesnama06@yahoo.fr<br \/>\n775837646<br \/>\n<\/td><td class=\"column-4\"><\/td>\n<\/tr>\n<tr class=\"row-39\">\n\t<td class=\"column-1\">World Vision<\/td><td class=\"column-2\">Education, Sant\u00e9<\/td><td class=\"column-3\">cheikhsene@wvi.org<br \/>\n775661137<br \/>\n<\/td><td class=\"column-4\"><\/td>\n<\/tr>\n<tr class=\"row-40\">\n\t<td class=\"column-1\">CEDAF<\/td><td class=\"column-2\">Transformation<\/td><td class=\"column-3\">marielouisediatta226@gmail.com<br \/>\n775270266<br \/>\n<\/td><td class=\"column-4\"><\/td>\n<\/tr>\n<tr class=\"row-41\">\n\t<td class=\"column-1\">Pr\u00e9fecture d'Oussouye<\/td><td class=\"column-2\">Administration<\/td><td class=\"column-3\">prefet-oussouye@interieur.gouv.sn<br \/>\n775290594<br \/>\n<\/td><td class=\"column-4\"><\/td>\n<\/tr>\n<tr class=\"row-42\">\n\t<td class=\"column-1\">Conseil d\u00e9partemental de Oussouye<\/td><td class=\"column-2\">Collectivit\u00e9 Locale<\/td><td class=\"column-3\">mdied2010@gmail.com<br \/>\n775570920<br \/>\n<\/td><td class=\"column-4\"><\/td>\n<\/tr>\n<tr class=\"row-43\">\n\t<td class=\"column-1\">Mairie Diembering<\/td><td class=\"column-2\">Collectivit\u00e9 Locale<\/td><td class=\"column-3\">comdiem22@gmail.com<br \/>\n776339551<br \/>\n<\/td><td class=\"column-4\"><\/td>\n<\/tr>\n<tr class=\"row-44\">\n\t<td class=\"column-1\">Mairie de Oukout<\/td><td class=\"column-2\">Collectivit\u00e9 Locale<\/td><td class=\"column-3\">ewagne@hotmail.fr<br \/>\n770760037<br \/>\n<\/td><td class=\"column-4\"><\/td>\n<\/tr>\n<tr class=\"row-45\">\n\t<td class=\"column-1\">Mairie de Santhiaba Manjack<\/td><td class=\"column-2\">Collectivit\u00e9 Locale<\/td><td class=\"column-3\">koumene89@yahoo.fr<br \/>\n779720666<br \/>\n<\/td><td class=\"column-4\"><\/td>\n<\/tr>\n<tr class=\"row-46\">\n\t<td class=\"column-1\">SODAGRI<\/td><td class=\"column-2\">AGRICULTURE<\/td><td class=\"column-3\">78 335 04 38\/77 305 24 11\/77 408 94 39<\/td><td class=\"column-4\"><\/td>\n<\/tr>\n<tr class=\"row-47\">\n\t<td class=\"column-1\">SODEFITEX<\/td><td class=\"column-2\">TEXTILE<\/td><td class=\"column-3\">77 570 38 04<\/td><td class=\"column-4\"><\/td>\n<\/tr>\n<tr class=\"row-48\">\n\t<td class=\"column-1\">OIM<\/td><td class=\"column-2\">D\u00c9VELOPPEMENT SOCIALE <\/td><td class=\"column-3\">78 107 21 93<\/td><td class=\"column-4\"><\/td>\n<\/tr>\n<tr class=\"row-49\">\n\t<td class=\"column-1\">  AGRO BEYDARE<\/td><td class=\"column-2\">AGRICULTURE<\/td><td class=\"column-3\">77 109 29 02<\/td><td class=\"column-4\"><\/td>\n<\/tr>\n<tr class=\"row-50\">\n\t<td class=\"column-1\">Le DAC de SEFA<\/td><td class=\"column-2\">agriculture, mara\u00eechage<\/td><td class=\"column-3\">77 156 76 33<\/td><td class=\"column-4\"><\/td>\n<\/tr>\n<tr class=\"row-51\">\n\t<td class=\"column-1\">Centre Forestier de Bounkiling<\/td><td class=\"column-2\">aviculture, mara\u00eechage, arboriculture, horticulture<\/td><td class=\"column-3\">77 423 57 00<\/td><td class=\"column-4\"><\/td>\n<\/tr>\n<tr class=\"row-52\">\n\t<td class=\"column-1\">ENDA GRAPHF de S\u00e9dhiou<\/td><td class=\"column-2\">formation professionnelle et agriculture<\/td><td class=\"column-3\">77 293 20 72<\/td><td class=\"column-4\"><\/td>\n<\/tr>\n<tr class=\"row-53\">\n\t<td class=\"column-1\">CASADES<\/td><td class=\"column-2\">agri-\u00e9levage, formation professionnelle<\/td><td class=\"column-3\">77 259 92 76<\/td><td class=\"column-4\"><\/td>\n<\/tr>\n<tr class=\"row-54\">\n\t<td class=\"column-1\">Service P\u00eache<\/td><td class=\"column-2\">p\u00eache<\/td><td class=\"column-3\">78 172 45 10<\/td><td class=\"column-4\"><\/td>\n<\/tr>\n<tr class=\"row-55\">\n\t<td class=\"column-1\">Service \u00c9levage<\/td><td class=\"column-2\">\u00e9levage<\/td><td class=\"column-3\">77 572 20 26<\/td><td class=\"column-4\"><\/td>\n<\/tr>\n<tr class=\"row-56\">\n\t<td class=\"column-1\">Service Agriculture<\/td><td class=\"column-2\">agriculture<\/td><td class=\"column-3\">77 691 94 44<\/td><td class=\"column-4\"><\/td>\n<\/tr>\n<tr class=\"row-57\">\n\t<td class=\"column-1\">Centre de perfectionnement des artisans ruraux\/ CPAR Sedhiou<\/td><td class=\"column-2\">Artisanat<\/td><td class=\"column-3\">33 995 11 04 ; 77 501 62 92<br \/>\ncparsdh67@gmail.com<br \/>\n<\/td><td class=\"column-4\"><\/td>\n<\/tr>\n<tr class=\"row-58\">\n\t<td class=\"column-1\">Centre de Formation Professionnelle en Industrie de Sedhiou (CFPIS)<\/td><td class=\"column-2\">INDUSTRIE: M\u00e9canique automobile, Diagnostic automobile; ELECTRICITE\/ ENERGIE RENOUVELABLE: solaire, Biogaz,BTP: plombier, ma\u00e7onnerie,<\/td><td class=\"column-3\">77 100 74 57\t<br \/>\ncfpisdh@gmail.com<br \/>\n<\/td><td class=\"column-4\"><\/td>\n<\/tr>\n<tr class=\"row-59\">\n\t<td class=\"column-1\">Centre de Formation Professionnelle ( CFP de Sedhiou)<\/td><td class=\"column-2\">Formation et Accompagnement \u00e0 l'insertion<\/td><td class=\"column-3\">77 766 52 77\t<br \/>\nyinghou27@gmail.com<br \/>\n<\/td><td class=\"column-4\"><\/td>\n<\/tr>\n<tr class=\"row-60\">\n\t<td class=\"column-1\">CDEPS\/CDJ de Sedhiou<\/td><td class=\"column-2\">Engagement Education Populaire -Formation sur le Leadership - Sant\u00e9 de la Reproduction<\/td><td class=\"column-3\">78 315 04 27\t<br \/>\nniokhorsarr@gmail.com<br \/>\n<\/td><td class=\"column-4\"><\/td>\n<\/tr>\n<tr class=\"row-61\">\n\t<td class=\"column-1\">SIFA ( Site Integr\u00e9 de Formation Agricole) \u00e0 MARSASSOUM<\/td><td class=\"column-2\">Formation en Agriculture, Elevage, Maraichage, Transformation de produits Locaux<\/td><td class=\"column-3\">77 918 17 21\t<br \/>\nnna.livecom@gmail.com<br \/>\n<\/td><td class=\"column-4\"><\/td>\n<\/tr>\n<tr class=\"row-62\">\n\t<td class=\"column-1\">Comit\u00e9 d'Appui et de Soutien au developpement Economique et Social (CASADES)<\/td><td class=\"column-2\">Sant\u00e9, \u00e9ducation, emploi, employabilit\u00e9 des jeunes, la formation professionnelle, S\u00e9curit\u00e9  alimentaire et nutritionnelle, WASH, Environnement gestion et pr\u00e9vention, Gouvernance<\/td><td class=\"column-3\">33 995 00 99\/ 77 166 08 19casades.sedhiou@yahoo.fr\/ bureausedhiou@casades.org<\/td><td class=\"column-4\"><\/td>\n<\/tr>\n<tr class=\"row-63\">\n\t<td class=\"column-1\">GIE SUNU AVENIR <\/td><td class=\"column-2\">AGROBUSINESS ( Production, Transformation, Commercialisation des produits locaux)<\/td><td class=\"column-3\">77 498 37 19nnasunuavenir@gmail.com<\/td><td class=\"column-4\"><\/td>\n<\/tr>\n<tr class=\"row-64\">\n\t<td class=\"column-1\"><\/td><td class=\"column-2\"><\/td><td class=\"column-3\"><\/td><td class=\"column-4\"><\/td>\n<\/tr>\n<tr class=\"row-65\">\n\t<td class=\"column-1\"><\/td><td class=\"column-2\"><\/td><td class=\"column-3\"><\/td><td class=\"column-4\"><\/td>\n<\/tr>\n<\/tbody>\n<\/table>\n<!-- #tablepress-29 from cache --><\/div>\n\t\t\t\t\t\t<\/div>\n\t\t\t\t<\/div>\n\t\t\t\t\t<\/div>\n\t\t\t\t<\/div>\n\t\t\t\t\t<\/details>\n\t\t\t\t\t<\/div>\n\t\t\t\t\t\t<\/div>\n\t\t\t\t<\/div>\n\t\t\t\t\t<\/div>\n\t\t\t\t<\/div>\n\t\t\t\t<\/div>\n\t\t","protected":false},"excerpt":{"rendered":"<p>Actualit\u00e9s R\u00e9gionales Renforcement de l\u2019employabilit\u00e9 des \u00e9tudiants : l\u2019ANPEJ et l\u2019Universit\u00e9 Virtuelle du S\u00e9n\u00e9gal de Ziguinchor forment les jeunes aux techniques de recherche d\u2019emploi PATHWAYS : l\u2019ANPEJ renforce l\u2019orientation et [&hellip;]<\/p>\n","protected":false},"author":1,"featured_media":0,"parent":0,"menu_order":0,"comment_status":"closed","ping_status":"closed","template":"","meta":{"footnotes":""},"class_list":["post-14744","page","type-page","status-publish","hentry"],"rttpg_featured_image_url":null,"rttpg_author":{"display_name":"admin","author_link":"https:\/\/anpej.sn\/accueil\/author\/admin\/"},"rttpg_comment":0,"rttpg_category":"","rttpg_excerpt":"Actualit\u00e9s R\u00e9gionales Renforcement de l\u2019employabilit\u00e9 des \u00e9tudiants : l\u2019ANPEJ et l\u2019Universit\u00e9 Virtuelle du S\u00e9n\u00e9gal de Ziguinchor forment les jeunes aux techniques de recherche d\u2019emploi PATHWAYS : l\u2019ANPEJ renforce l\u2019orientation et [&hellip;]","_links":{"self":[{"href":"https:\/\/anpej.sn\/accueil\/wp-json\/wp\/v2\/pages\/14744","targetHints":{"allow":["GET"]}}],"collection":[{"href":"https:\/\/anpej.sn\/accueil\/wp-json\/wp\/v2\/pages"}],"about":[{"href":"https:\/\/anpej.sn\/accueil\/wp-json\/wp\/v2\/types\/page"}],"author":[{"embeddable":true,"href":"https:\/\/anpej.sn\/accueil\/wp-json\/wp\/v2\/users\/1"}],"replies":[{"embeddable":true,"href":"https:\/\/anpej.sn\/accueil\/wp-json\/wp\/v2\/comments?post=14744"}],"version-history":[{"count":61,"href":"https:\/\/anpej.sn\/accueil\/wp-json\/wp\/v2\/pages\/14744\/revisions"}],"predecessor-version":[{"id":17608,"href":"https:\/\/anpej.sn\/accueil\/wp-json\/wp\/v2\/pages\/14744\/revisions\/17608"}],"wp:attachment":[{"href":"https:\/\/anpej.sn\/accueil\/wp-json\/wp\/v2\/media?parent=14744"}],"curies":[{"name":"wp","href":"https:\/\/api.w.org\/{rel}","templated":true}]}}