{"id":14770,"date":"2024-09-26T13:23:14","date_gmt":"2024-09-26T11:23:14","guid":{"rendered":"https:\/\/anpej.sn\/acceuil\/?page_id=14770"},"modified":"2024-10-17T18:53:28","modified_gmt":"2024-10-17T16:53:28","slug":"web-tv","status":"publish","type":"page","link":"https:\/\/anpej.sn\/accueil\/web-tv\/","title":{"rendered":"Web TV"},"content":{"rendered":"\n<div id=\"ayg-6ef3ca3424a2b05c5fd356b62e9d63e7\" class=\"ayg ayg-theme-classic\" data-params='{\"uid\":\"6ef3ca3424a2b05c5fd356b62e9d63e7\",\"autoplay\":0,\"loop\":0,\"muted\":0,\"controls\":1,\"modestbranding\":1,\"cc_load_policy\":0,\"iv_load_policy\":0,\"hl\":\"\",\"cc_lang_pref\":\"\",\"autoadvance\":1,\"player_title\":1,\"player_description\":1}'>\n    <!-- Player -->\n    <div class=\"ayg-player\">\n        <div class=\"ayg-player-container\" style=\"max-width: 100%;\">\n            <div class=\"ayg-player-wrapper\" style=\"padding-bottom: 56.25%;\">\n                <iframe class=\"ayg-player-iframe\" width=\"100%\" height=\"100%\" src=\"https:\/\/www.youtube.com\/embed\/ncRyEafSZjY\" data-id=\"ncRyEafSZjY\" frameborder=\"0\" allow=\"accelerometer; autoplay; encrypted-media; gyroscope; picture-in-picture\" allowfullscreen><\/iframe>            <\/div>\n        <\/div>\n\n        <div class=\"ayg-player-caption\">\n                \n                <h2 class=\"ayg-player-title\">Thi\u00e8s au c\u0153ur de l&#039;agritech : La comp\u00e9tition pour les meilleurs projets agricoles est ouverte<\/h2>  \n            \n              \n                <div class=\"ayg-player-description\"><\/div>\n                    <\/div>\n    <\/div>\n\n    <!-- Gallery -->\n    <div class=\"ayg-gallery ayg-row\">\n                    <div class=\"ayg-item ayg-item-ncRyEafSZjY ayg-col ayg-col-4 ayg-col-sm-3 ayg-col-xs-2 ayg-active\">\n                \n<div class=\"ayg-thumbnail\" data-id=\"ncRyEafSZjY\" data-title=\"Thi\u00e8s au c\u0153ur de l&#039;agritech : La comp\u00e9tition pour les meilleurs projets agricoles est ouverte\" data-url=\"\">\n    <div class=\"ayg-thumbnail-image-wrapper\">\n        <img decoding=\"async\" src=\"https:\/\/i.ytimg.com\/vi\/ncRyEafSZjY\/maxresdefault.jpg\" class=\"ayg-thumbnail-image\" alt=\"Thi\u00e8s au c\u0153ur de l&#039;agritech : La comp\u00e9tition pour les meilleurs projets agricoles est ouverte\" \/><svg xmlns=\"http:\/\/www.w3.org\/2000\/svg\" class=\"ayg-icon ayg-thumbnail-icon-play\" width=\"32\" height=\"32\" viewBox=\"0 0 32 32\" fill=\"#fff\" title=\"Play\" aria-label=\"Play\"><path d=\"M16 0c-8.837 0-16 7.163-16 16s7.163 16 16 16 16-7.163 16-16-7.163-16-16-16zM16 29c-7.18 0-13-5.82-13-13s5.82-13 13-13 13 5.82 13 13-5.82 13-13 13zM12 9l12 7-12 7z\"><\/path><\/svg><div class=\"ayg-visualizer ayg-thumbnail-visualizer\" style=\"display: none;\"><span><\/span><span><\/span><span><\/span><\/div>        \n    <\/div>\n\n    <div class=\"ayg-thumbnail-caption\">\n         \n            <div class=\"ayg-thumbnail-title\">Thi\u00e8s au c\u0153ur de l&#039;agritech : La comp\u00e9tition pour les meilleurs projets agricoles est ouverte<\/div>\n         \n\n        \n            <\/div>           \n<\/div>            <\/div>\n                    <div class=\"ayg-item ayg-item-L2nVH5lyO_o ayg-col ayg-col-4 ayg-col-sm-3 ayg-col-xs-2\">\n                \n<div class=\"ayg-thumbnail\" data-id=\"L2nVH5lyO_o\" data-title=\"ANPEJ-URBAN SKILLS\" data-url=\"\">\n    <div class=\"ayg-thumbnail-image-wrapper\">\n        <img decoding=\"async\" src=\"https:\/\/i.ytimg.com\/vi\/L2nVH5lyO_o\/maxresdefault.jpg\" class=\"ayg-thumbnail-image\" alt=\"ANPEJ-URBAN SKILLS\" \/><svg xmlns=\"http:\/\/www.w3.org\/2000\/svg\" class=\"ayg-icon ayg-thumbnail-icon-play\" width=\"32\" height=\"32\" viewBox=\"0 0 32 32\" fill=\"#fff\" title=\"Play\" aria-label=\"Play\"><path d=\"M16 0c-8.837 0-16 7.163-16 16s7.163 16 16 16 16-7.163 16-16-7.163-16-16-16zM16 29c-7.18 0-13-5.82-13-13s5.82-13 13-13 13 5.82 13 13-5.82 13-13 13zM12 9l12 7-12 7z\"><\/path><\/svg><div class=\"ayg-visualizer ayg-thumbnail-visualizer\" style=\"display: none;\"><span><\/span><span><\/span><span><\/span><\/div>        \n    <\/div>\n\n    <div class=\"ayg-thumbnail-caption\">\n         \n            <div class=\"ayg-thumbnail-title\">ANPEJ-URBAN SKILLS<\/div>\n         \n\n                    <div class=\"ayg-thumbnail-excerpt\">Le partenariat URBAN SKILLS \/ ANPEJ s\u2019inscrit dans la dynamique de ...<\/div>\n        \n          \n            <div class=\"ayg-thumbnail-description\" style=\"display: none;\"><span class=\"ayg-player-description-less\">Le partenariat URBAN SKILLS \/ ANPEJ s\u2019inscrit dans la dynamique de promotion de l\u2019emploi des jeunes au S\u00e9n\u00e9gal, en lien avec le d\u00e9veloppement de la mobilit\u00e9 urbaine durable.<br \/>\n<br \/>\nUn reportage met <span class=\"ayg-player-description-dots\">...<\/span><\/span><span class=\"ayg-player-description-more\">en lumi\u00e8re ce projet dans lequel l\u2019ANPEJ joue un r\u00f4le essentiel, en collaboration avec l\u2019Agence universitaire de la Francophonie (AUF), l\u2019ISEP de Thi\u00e8s et la SETER. L\u2019objectif est de former et accompagner \u00e0 l\u2019insertion 600 jeunes dans les cr\u00e9neaux porteurs de la mobilit\u00e9 urbaine durable, notamment dans les domaines du transport, de la maintenance, de la logistique et des services.<br \/>\n<br \/>\nL\u2019ANPEJ assure l\u2019identification des b\u00e9n\u00e9ficiaires, leur accompagnement et leur insertion professionnelle. Ce programme ambitionne de favoriser un fort taux d\u2019employabilit\u00e9, tout en promouvant l\u2019inclusion et l\u2019\u00e9galit\u00e9 des chances.<br \/>\n<br \/>\nCe partenariat constitue ainsi un levier strat\u00e9gique pour adapter les comp\u00e9tences des jeunes aux besoins du march\u00e9 et contribuer au d\u00e9veloppement durable du S\u00e9n\u00e9gal.<\/span><a href=\"#\" class=\"ayg-player-description-toggle-btn\">[+] Show More<\/a><\/div>\n            <\/div>           \n<\/div>            <\/div>\n                    <div class=\"ayg-item ayg-item-rSa9MYrI4gA ayg-col ayg-col-4 ayg-col-sm-3 ayg-col-xs-2\">\n                \n<div class=\"ayg-thumbnail\" data-id=\"rSa9MYrI4gA\" data-title=\"Film de capitalisation PRAEJ 2\" data-url=\"\">\n    <div class=\"ayg-thumbnail-image-wrapper\">\n        <img decoding=\"async\" src=\"https:\/\/i.ytimg.com\/vi\/rSa9MYrI4gA\/maxresdefault.jpg\" class=\"ayg-thumbnail-image\" alt=\"Film de capitalisation PRAEJ 2\" \/><svg xmlns=\"http:\/\/www.w3.org\/2000\/svg\" class=\"ayg-icon ayg-thumbnail-icon-play\" width=\"32\" height=\"32\" viewBox=\"0 0 32 32\" fill=\"#fff\" title=\"Play\" aria-label=\"Play\"><path d=\"M16 0c-8.837 0-16 7.163-16 16s7.163 16 16 16 16-7.163 16-16-7.163-16-16-16zM16 29c-7.18 0-13-5.82-13-13s5.82-13 13-13 13 5.82 13 13-5.82 13-13 13zM12 9l12 7-12 7z\"><\/path><\/svg><div class=\"ayg-visualizer ayg-thumbnail-visualizer\" style=\"display: none;\"><span><\/span><span><\/span><span><\/span><\/div>        \n    <\/div>\n\n    <div class=\"ayg-thumbnail-caption\">\n         \n            <div class=\"ayg-thumbnail-title\">Film de capitalisation PRAEJ 2<\/div>\n         \n\n        \n            <\/div>           \n<\/div>            <\/div>\n                    <div class=\"ayg-item ayg-item-UivtNCK59t4 ayg-col ayg-col-4 ayg-col-sm-3 ayg-col-xs-2\">\n                \n<div class=\"ayg-thumbnail\" data-id=\"UivtNCK59t4\" data-title=\"R\u00e9union de CRD de la r\u00e9gion de Matam pour le Projet d\u2019appui \u00e0 l\u2019\u00e9comobilit\u00e9.\" data-url=\"\">\n    <div class=\"ayg-thumbnail-image-wrapper\">\n        <img decoding=\"async\" src=\"https:\/\/i.ytimg.com\/vi\/UivtNCK59t4\/maxresdefault.jpg\" class=\"ayg-thumbnail-image\" alt=\"R\u00e9union de CRD de la r\u00e9gion de Matam pour le Projet d\u2019appui \u00e0 l\u2019\u00e9comobilit\u00e9.\" \/><svg xmlns=\"http:\/\/www.w3.org\/2000\/svg\" class=\"ayg-icon ayg-thumbnail-icon-play\" width=\"32\" height=\"32\" viewBox=\"0 0 32 32\" fill=\"#fff\" title=\"Play\" aria-label=\"Play\"><path d=\"M16 0c-8.837 0-16 7.163-16 16s7.163 16 16 16 16-7.163 16-16-7.163-16-16-16zM16 29c-7.18 0-13-5.82-13-13s5.82-13 13-13 13 5.82 13 13-5.82 13-13 13zM12 9l12 7-12 7z\"><\/path><\/svg><div class=\"ayg-visualizer ayg-thumbnail-visualizer\" style=\"display: none;\"><span><\/span><span><\/span><span><\/span><\/div>        \n    <\/div>\n\n    <div class=\"ayg-thumbnail-caption\">\n         \n            <div class=\"ayg-thumbnail-title\">R\u00e9union de CRD de la r\u00e9gion de Matam pour le Projet d\u2019appui \u00e0 l\u2019\u00e9comobilit\u00e9.<\/div>\n         \n\n                    <div class=\"ayg-thumbnail-excerpt\">Dans le cadre du d\u00e9ploiement de la phase pilote du Projet d\u2019appui \u00e0 ...<\/div>\n        \n          \n            <div class=\"ayg-thumbnail-description\" style=\"display: none;\"><span class=\"ayg-player-description-less\">Dans le cadre du d\u00e9ploiement de la phase pilote du Projet d\u2019appui \u00e0 l\u2019ecomobilit\u00e9 et \u00e0 l\u2019entrepreneuriat des jeunes  (PAEEJ), l\u2019ANPEJ, en partenariat avec le Programme des Nations Unies <span class=\"ayg-player-description-dots\">...<\/span><\/span><span class=\"ayg-player-description-more\">pour le D\u00e9veloppement (PNUD), a organis\u00e9 un Comit\u00e9 r\u00e9gional de d\u00e9veloppement (CRD) dans la r\u00e9gion de Matam.<br \/>\nCe cadre d\u2019\u00e9changes symbolise une convergence d\u2019\u00e9nergies en faveur d\u2019un d\u00e9veloppement durable et inclusif, au service de la jeunesse.<br \/>\nLe projet \u00c9comobilit\u00e9 vient renforcer les actions de l\u2019ANPEJ dans sa mission d\u2019accompagnement, de formation et de facilitation de l\u2019acc\u00e8s \u00e0 l\u2019emploi.<br \/>\nAu c\u0153ur de ce projet : la promotion des motos-taxis \u00e9lectriques, une solution innovante pour :<br \/>\n Favoriser les emplois verts<br \/>\n Appuyer la structuration d\u2019un secteur pourvoyeur d\u2019emplois <br \/>\n Contribuer \u00e0 la lutte contre le changement climatique<br \/>\nL\u2019occasion a \u00e9t\u00e9 saisie par le Secr\u00e9taire g\u00e9n\u00e9ral de l\u2019ANPEJ , M Babacar Wagane FAYE , pour remercier chaleureusement le PNUD ainsi que les autorit\u00e9s locales pour leur engagement.<\/span><a href=\"#\" class=\"ayg-player-description-toggle-btn\">[+] Show More<\/a><\/div>\n            <\/div>           \n<\/div>            <\/div>\n                    <div class=\"ayg-item ayg-item-ucKKthi77l4 ayg-col ayg-col-4 ayg-col-sm-3 ayg-col-xs-2\">\n                \n<div class=\"ayg-thumbnail\" data-id=\"ucKKthi77l4\" data-title=\"Visite de courtoisie du ministre de la Jeunesse, des Sports et de la Culture au si\u00e8ge de l\u2019ANPEJ\" data-url=\"\">\n    <div class=\"ayg-thumbnail-image-wrapper\">\n        <img decoding=\"async\" src=\"https:\/\/i.ytimg.com\/vi\/ucKKthi77l4\/maxresdefault.jpg\" class=\"ayg-thumbnail-image\" alt=\"Visite de courtoisie du ministre de la Jeunesse, des Sports et de la Culture au si\u00e8ge de l\u2019ANPEJ\" \/><svg xmlns=\"http:\/\/www.w3.org\/2000\/svg\" class=\"ayg-icon ayg-thumbnail-icon-play\" width=\"32\" height=\"32\" viewBox=\"0 0 32 32\" fill=\"#fff\" title=\"Play\" aria-label=\"Play\"><path d=\"M16 0c-8.837 0-16 7.163-16 16s7.163 16 16 16 16-7.163 16-16-7.163-16-16-16zM16 29c-7.18 0-13-5.82-13-13s5.82-13 13-13 13 5.82 13 13-5.82 13-13 13zM12 9l12 7-12 7z\"><\/path><\/svg><div class=\"ayg-visualizer ayg-thumbnail-visualizer\" style=\"display: none;\"><span><\/span><span><\/span><span><\/span><\/div>        \n    <\/div>\n\n    <div class=\"ayg-thumbnail-caption\">\n         \n            <div class=\"ayg-thumbnail-title\">Visite de courtoisie du ministre de la Jeunesse, des Sports et de la Culture au si\u00e8ge de l\u2019ANPEJ<\/div>\n         \n\n                    <div class=\"ayg-thumbnail-excerpt\">L\u2019Agence nationale pour la Promotion de l\u2019Emploi des Jeunes (ANPEJ) a ...<\/div>\n        \n          \n            <div class=\"ayg-thumbnail-description\" style=\"display: none;\"><span class=\"ayg-player-description-less\">L\u2019Agence nationale pour la Promotion de l\u2019Emploi des Jeunes (ANPEJ) a re\u00e7u la visite officielle de son Ministre de tutelle ; Mme Khady Di\u00e8ne Gaye, Ministre de la Jeunesse, des <span class=\"ayg-player-description-dots\">...<\/span><\/span><span class=\"ayg-player-description-more\">Sports et de la Culture.<br \/>\nDans son mot de bienvenue la Directrice g\u00e9n\u00e9rale de l\u2019ANPEJ, Mme Sinna Amadou Gaye, a mis l\u2019accent sur plusieurs axes majeurs \u00e0 savoir : l\u2019am\u00e9lioration de la gouvernance de l\u2019emploi des jeunes, la facilitation de l\u2019acc\u00e8s \u00e0 l\u2019information sur le march\u00e9 de l\u2019emploi, le renforcement de l\u2019employabilit\u00e9 des jeunes et le d\u00e9veloppement de l\u2019auto-emploi.<br \/>\nL\u2019occasion a \u00e9t\u00e9 saisie par le Pr\u00e9sident du Conseil de surveillance et le Secr\u00e9taire g\u00e9n\u00e9ral de l\u2019ANPEJ pour pr\u00e9senter les enjeux, les offres de services de l\u2019Agence ; le Plan strat\u00e9gique de d\u00e9veloppement 2025-2029, ainsi que la politique d\u2019emploi ax\u00e9e sur la r\u00e9duction de la pauvret\u00e9 et des in\u00e9galit\u00e9s sociales \u2014 une priorit\u00e9 inscrite dans le r\u00e9f\u00e9rentiel S\u00e9n\u00e9gal 2050.<br \/>\nAu cours des \u00e9changes, Mme le Ministre est revenue sur la sp\u00e9cificit\u00e9 d\u00e9mographique du S\u00e9n\u00e9gal caract\u00e9ris\u00e9 par la jeunesse de sa population.75 % de la population est jeune, ce qui qui constitue un atout \u00e0 partir duquel les changements voulus par les autorit\u00e9s vont s\u2019op\u00e9rer. A cet effet, la pertinence de l\u2019ANPEJ n\u2019est plus \u00e0 d\u00e9montrer ainsi que sa capacit\u00e9 \u00e0 mettre en place des projets qui permettront de r\u00e9pondre aux d\u00e9fis relatifs \u00e0 l\u2019instabilit\u00e9 socio-\u00e9conomique qui acc\u00e9l\u00e9r\u00e9 le ph\u00e9nom\u00e8ne de la migration irr\u00e9guli\u00e8re et la situation d\u2019ins\u00e9curit\u00e9.<br \/>\nPour conclure, le Ministre a magnifi\u00e9 l\u2019efficacit\u00e9 des agents et s\u2019est engag\u00e9 \u00e0 mener le plaidoyer n\u00e9cessaire pour une augmentation des ressources financi\u00e8res et une meilleure prise en charge des Conseillers en emploi.<\/span><a href=\"#\" class=\"ayg-player-description-toggle-btn\">[+] Show More<\/a><\/div>\n            <\/div>           \n<\/div>            <\/div>\n                    <div class=\"ayg-item ayg-item-gG7Guvtbi7w ayg-col ayg-col-4 ayg-col-sm-3 ayg-col-xs-2\">\n                \n<div class=\"ayg-thumbnail\" data-id=\"gG7Guvtbi7w\" data-title=\"Conf\u00e9rence social. Emploi et Employabilit\u00e9\" data-url=\"\">\n    <div class=\"ayg-thumbnail-image-wrapper\">\n        <img decoding=\"async\" src=\"https:\/\/i.ytimg.com\/vi\/gG7Guvtbi7w\/maxresdefault.jpg\" class=\"ayg-thumbnail-image\" alt=\"Conf\u00e9rence social. Emploi et Employabilit\u00e9\" \/><svg xmlns=\"http:\/\/www.w3.org\/2000\/svg\" class=\"ayg-icon ayg-thumbnail-icon-play\" width=\"32\" height=\"32\" viewBox=\"0 0 32 32\" fill=\"#fff\" title=\"Play\" aria-label=\"Play\"><path d=\"M16 0c-8.837 0-16 7.163-16 16s7.163 16 16 16 16-7.163 16-16-7.163-16-16-16zM16 29c-7.18 0-13-5.82-13-13s5.82-13 13-13 13 5.82 13 13-5.82 13-13 13zM12 9l12 7-12 7z\"><\/path><\/svg><div class=\"ayg-visualizer ayg-thumbnail-visualizer\" style=\"display: none;\"><span><\/span><span><\/span><span><\/span><\/div>        \n    <\/div>\n\n    <div class=\"ayg-thumbnail-caption\">\n         \n            <div class=\"ayg-thumbnail-title\">Conf\u00e9rence social. Emploi et Employabilit\u00e9<\/div>\n         \n\n                    <div class=\"ayg-thumbnail-excerpt\">L\u2019Agence Nationale pour la Promotion de l\u2019Emploi des Jeunes (ANPEJ), ...<\/div>\n        \n          \n            <div class=\"ayg-thumbnail-description\" style=\"display: none;\"><span class=\"ayg-player-description-less\">L\u2019Agence Nationale pour la Promotion de l\u2019Emploi des Jeunes (ANPEJ), repr\u00e9sent\u00e9e par sa Directrice g\u00e9n\u00e9rale, Mme Sinna Amadou GAYE, accompagn\u00e9e d\u2019une forte d\u00e9l\u00e9gation compos\u00e9e du Pr\u00e9sident du Conseil de surveillance <span class=\"ayg-player-description-dots\">...<\/span><\/span><span class=\"ayg-player-description-more\">, du Secr\u00e9taire g\u00e9n\u00e9ral et de ses proches collaborateurs; a pris part aux travaux de la 4\u1d49 Conf\u00e9rence sociale sur l\u2019emploi et l\u2019employabilit\u00e9, tenue les 24 et 25 avril 2025 sous l\u2019\u00e9gide du Minist\u00e8re du Travail, de l\u2019Emploi et des Relations avec les Institutions.<br \/>\nPlac\u00e9e sous le th\u00e8me \u00ab Emploi et Employabilit\u00e9 : d\u00e9fis et perspectives pour un S\u00e9n\u00e9gal souverain, juste et prosp\u00e8re \u00bb, le Dg de l\u2019ANPEJ et ses collaborateurs ont activement particip\u00e9 aux discussions et de fa\u00e7on sp\u00e9cifique \u00e1 la table ronde sur la gouvernance et le financement de l\u2019emploi. <br \/>\n \u00c0 cet effet, les recommandations ci apr\u00e8s ont \u00e9t\u00e9 formul\u00e9es <br \/>\n 1) La cr\u00e9ation d\u2019un syst\u00e8me d\u2019information int\u00e9gr\u00e9 sur le march\u00e9 de l\u2019emploi ;<br \/>\n 2) L\u2019\u00e9laboration d\u2019une politique nationale de l\u2019emploi ;<br \/>\n 3) L\u2019instauration d\u2019une taxe d\u00e9di\u00e9e au financement de l\u2019emploi ;<br \/>\n 4) La mise en place d\u2019aides publiques pour le recrutement des jeunes et des personnes en situation de handicap ;<br \/>\n 5) La mutualisation des actions des partenaires au d\u00e9veloppement ;<br \/>\n 6) La promotion de la culture du r\u00e9sultat par la signature de contrats de performance.<br \/>\n    7)  la promotion d\u2019un secteur priv\u00e9 fort capable de cr\u00e9er des emplois durables;<br \/>\n            la territorialisation des politiques publiques d\u2019emploi;<br \/>\nDes propositions qui visent \u00e0 renforcer la gouvernance de l\u2019emploi, soutenir l\u2019insertion des jeunes et contribuer \u00e0 une croissance \u00e9conomique inclusive et durable, conform\u00e9ment aux orientations formul\u00e9es par le Pr\u00e9sident de la R\u00e9publique, M. Bassirou Diomaye Faye, lors de l\u2019ouverture, et le Premier Ministre, M. Ousmane Sonko, lors de la cl\u00f4ture de la conf\u00e9rence.<\/span><a href=\"#\" class=\"ayg-player-description-toggle-btn\">[+] Show More<\/a><\/div>\n            <\/div>           \n<\/div>            <\/div>\n                    <div class=\"ayg-item ayg-item-Hdy7hlzz6GE ayg-col ayg-col-4 ayg-col-sm-3 ayg-col-xs-2\">\n                \n<div class=\"ayg-thumbnail\" data-id=\"Hdy7hlzz6GE\" data-title=\"Mme Sinna Amadou GAYE DG ANPEJ a re\u00e7u une d\u00e9l\u00e9gation du PNUD\" data-url=\"\">\n    <div class=\"ayg-thumbnail-image-wrapper\">\n        <img decoding=\"async\" src=\"https:\/\/i.ytimg.com\/vi\/Hdy7hlzz6GE\/mqdefault.jpg\" class=\"ayg-thumbnail-image\" alt=\"Mme Sinna Amadou GAYE DG ANPEJ a re\u00e7u une d\u00e9l\u00e9gation du PNUD\" \/><svg xmlns=\"http:\/\/www.w3.org\/2000\/svg\" class=\"ayg-icon ayg-thumbnail-icon-play\" width=\"32\" height=\"32\" viewBox=\"0 0 32 32\" fill=\"#fff\" title=\"Play\" aria-label=\"Play\"><path d=\"M16 0c-8.837 0-16 7.163-16 16s7.163 16 16 16 16-7.163 16-16-7.163-16-16-16zM16 29c-7.18 0-13-5.82-13-13s5.82-13 13-13 13 5.82 13 13-5.82 13-13 13zM12 9l12 7-12 7z\"><\/path><\/svg><div class=\"ayg-visualizer ayg-thumbnail-visualizer\" style=\"display: none;\"><span><\/span><span><\/span><span><\/span><\/div>        \n    <\/div>\n\n    <div class=\"ayg-thumbnail-caption\">\n         \n            <div class=\"ayg-thumbnail-title\">Mme Sinna Amadou GAYE DG ANPEJ a re\u00e7u une d\u00e9l\u00e9gation du PNUD<\/div>\n         \n\n                    <div class=\"ayg-thumbnail-excerpt\">C\u2019est avec un immense plaisir que la Directrice g\u00e9n\u00e9rale de l\u2019ANPEJ; ...<\/div>\n        \n          \n            <div class=\"ayg-thumbnail-description\" style=\"display: none;\"><span class=\"ayg-player-description-less\">C\u2019est avec un immense plaisir que la Directrice g\u00e9n\u00e9rale de l\u2019ANPEJ; Mme Sinna Amadou GAYE a re\u00e7u la d\u00e9l\u00e9gation du  Programme des Nations Unies pour le D\u00e9veloppement (PNUD) conduite <span class=\"ayg-player-description-dots\">...<\/span><\/span><span class=\"ayg-player-description-more\">par Mme Catherine PHUONG; Repr\u00e9sentant R\u00e9sident Adjoint du PNUD.<br \/>\nLe PNUD incarne une force motrice essentielle dans l\u2019atteinte des objectifs de d\u00e9veloppement durable. Il joue un r\u00f4le cl\u00e9 dans la lutte contre la pauvret\u00e9, la promotion de la justice sociale et la protection de l\u2019environnement. <br \/>\nDans ce contexte, la collaboration avec le PNUD rev\u00eat une importance capitale pour renforcer les capacit\u00e9s nationales et r\u00e9pondre de mani\u00e8re efficace aux besoins des jeunes.<br \/>\nC\u2019est dans un esprit de collaboration que les parties prenantes ont \u00e9chang\u00e9 sur des axes de partenariat qui permettront de renforcer les initiatives existantes et d\u2019identifier des solutions innovantes pour valoriser les m\u00e9tiers atypiques \u00e0 fort potentiel de recrutement.<\/span><a href=\"#\" class=\"ayg-player-description-toggle-btn\">[+] Show More<\/a><\/div>\n            <\/div>           \n<\/div>            <\/div>\n                    <div class=\"ayg-item ayg-item-jb6x_qgzlLk ayg-col ayg-col-4 ayg-col-sm-3 ayg-col-xs-2\">\n                \n<div class=\"ayg-thumbnail\" data-id=\"jb6x_qgzlLk\" data-title=\"Partie 1 : ANPEJ, votre partenaire pour une recherche d&#039;emploi r\u00e9ussie\" data-url=\"\">\n    <div class=\"ayg-thumbnail-image-wrapper\">\n        <img decoding=\"async\" src=\"https:\/\/i.ytimg.com\/vi\/jb6x_qgzlLk\/maxresdefault.jpg\" class=\"ayg-thumbnail-image\" alt=\"Partie 1 : ANPEJ, votre partenaire pour une recherche d&#039;emploi r\u00e9ussie\" \/><svg xmlns=\"http:\/\/www.w3.org\/2000\/svg\" class=\"ayg-icon ayg-thumbnail-icon-play\" width=\"32\" height=\"32\" viewBox=\"0 0 32 32\" fill=\"#fff\" title=\"Play\" aria-label=\"Play\"><path d=\"M16 0c-8.837 0-16 7.163-16 16s7.163 16 16 16 16-7.163 16-16-7.163-16-16-16zM16 29c-7.18 0-13-5.82-13-13s5.82-13 13-13 13 5.82 13 13-5.82 13-13 13zM12 9l12 7-12 7z\"><\/path><\/svg><div class=\"ayg-visualizer ayg-thumbnail-visualizer\" style=\"display: none;\"><span><\/span><span><\/span><span><\/span><\/div>        \n    <\/div>\n\n    <div class=\"ayg-thumbnail-caption\">\n         \n            <div class=\"ayg-thumbnail-title\">Partie 1 : ANPEJ, votre partenaire pour une recherche d&#039;emploi r\u00e9ussie<\/div>\n         \n\n                    <div class=\"ayg-thumbnail-excerpt\">De l\u2019accueil \u00e0 l\u2019orientation, en passant par l\u2019insertion ...<\/div>\n        \n          \n            <div class=\"ayg-thumbnail-description\" style=\"display: none;\"><span class=\"ayg-player-description-less\">De l\u2019accueil \u00e0 l\u2019orientation, en passant par l\u2019insertion professionnelle, la formation, ou encore la mobilit\u00e9 internationale, l'ANPEJ vous soutient tout au long de votre parcours pour maximiser vos chances d'acc\u00e9der <span class=\"ayg-player-description-dots\">...<\/span><\/span><span class=\"ayg-player-description-more\">\u00e0 un emploi stable et d\u00e9cent ou de concr\u00e9tiser vos projets entrepreneuriaux.<br \/>\nPour plus d'informations, inscrivez-vous rapidement sur :<br \/>\n<a href=\"https:\/\/emploijeunes.sn\/\" rel=\"nofollow\">https:\/\/emploijeunes.sn\/<\/a><br \/>\nANPEJ, votre alli\u00e9 pour la r\u00e9ussite.<\/span><a href=\"#\" class=\"ayg-player-description-toggle-btn\">[+] Show More<\/a><\/div>\n            <\/div>           \n<\/div>            <\/div>\n                    <div class=\"ayg-item ayg-item-7rNVAC4-pDE ayg-col ayg-col-4 ayg-col-sm-3 ayg-col-xs-2\">\n                \n<div class=\"ayg-thumbnail\" data-id=\"7rNVAC4-pDE\" data-title=\"&quot;Retour sur la C\u00e9l\u00e9bration du 8 Mars : L&#039; amicale des Femmes de l&#039;ANPEJ en Action&quot; (AFANPEJ)\" data-url=\"\">\n    <div class=\"ayg-thumbnail-image-wrapper\">\n        <img decoding=\"async\" src=\"https:\/\/i.ytimg.com\/vi\/7rNVAC4-pDE\/maxresdefault.jpg\" class=\"ayg-thumbnail-image\" alt=\"&quot;Retour sur la C\u00e9l\u00e9bration du 8 Mars : L&#039; amicale des Femmes de l&#039;ANPEJ en Action&quot; (AFANPEJ)\" \/><svg xmlns=\"http:\/\/www.w3.org\/2000\/svg\" class=\"ayg-icon ayg-thumbnail-icon-play\" width=\"32\" height=\"32\" viewBox=\"0 0 32 32\" fill=\"#fff\" title=\"Play\" aria-label=\"Play\"><path d=\"M16 0c-8.837 0-16 7.163-16 16s7.163 16 16 16 16-7.163 16-16-7.163-16-16-16zM16 29c-7.18 0-13-5.82-13-13s5.82-13 13-13 13 5.82 13 13-5.82 13-13 13zM12 9l12 7-12 7z\"><\/path><\/svg><div class=\"ayg-visualizer ayg-thumbnail-visualizer\" style=\"display: none;\"><span><\/span><span><\/span><span><\/span><\/div>        \n    <\/div>\n\n    <div class=\"ayg-thumbnail-caption\">\n         \n            <div class=\"ayg-thumbnail-title\">&quot;Retour sur la C\u00e9l\u00e9bration du 8 Mars : L&#039; amicale des Femmes de l&#039;ANPEJ en Action&quot; (AFANPEJ)<\/div>\n         \n\n                    <div class=\"ayg-thumbnail-excerpt\">La Journ\u00e9e internationale des droits des femmes a \u00e9t\u00e9 c\u00e9l\u00e9br\u00e9e ce ...<\/div>\n        \n          \n            <div class=\"ayg-thumbnail-description\" style=\"display: none;\"><span class=\"ayg-player-description-less\">La Journ\u00e9e internationale des droits des femmes a \u00e9t\u00e9 c\u00e9l\u00e9br\u00e9e ce vendredi 7 mars 2025 \u00e0 l\u2019ANPEJ, en pr\u00e9sence du Pr\u00e9sident du Conseil de surveillance , M.M\u00e9dou Man\u00e9 DIOP ;de <span class=\"ayg-player-description-dots\">...<\/span><\/span><span class=\"ayg-player-description-more\">la Directrice g\u00e9n\u00e9rale, Mme Sinna Amadou GAYE ; du secr\u00e9taire g\u00e9n\u00e9ral M. Babacar Wagane FAYE ; et des membres de l\u2019amicale ainsi que le personnel de l\u2019ANPEJ.<br \/>\nMme Fatou DRAME, la pr\u00e9sidente de l\u2019amicale des femmes de ANPEJ n\u2019a pas manqu\u00e9 de rappeler que l\u2019inclusion, l\u2019\u00e9quit\u00e9 et l\u2019\u00e9mancipation des femmes se d\u00e9cline dans tous les domaines de la vie sociale, \u00e9conomique et politique.<br \/>\nL\u2019histoire nous enseigne que les femmes sont au c\u0153ur du progr\u00e8s de nos soci\u00e9t\u00e9s. Elles sont les piliers de la famille et les artisans du d\u00e9veloppement. C\u2019est pourquoi le th\u00e8me de la conf\u00e9rence organis\u00e9e par AF-ANPEJ porte sur \u00ab La responsabilit\u00e9 des m\u00e8res dans la g\u00e9n\u00e9ralisation de la crise d\u2019autorit\u00e9 au S\u00e9n\u00e9gal. Quelles solutions \u00e0 pr\u00e9coniser ? \u00bb. Cette activit\u00e9 scientifique est anim\u00e9e par Abbe Jean Laurent NDOUR et Oustaz Taib SOCE.<br \/>\nEn cette p\u00e9riode propice \u00e0 l\u2019introspection et \u00e0 l\u2019entraide, l\u2019AFANPEJ a tenu \u00e0 poser un geste significatif \u00e0 travers une collecte de dons destin\u00e9s aux r\u00e9sidents de la Maison Rose de Gu\u00e9diawaye<\/span><a href=\"#\" class=\"ayg-player-description-toggle-btn\">[+] Show More<\/a><\/div>\n            <\/div>           \n<\/div>            <\/div>\n                    <div class=\"ayg-item ayg-item-hd68DICrQsI ayg-col ayg-col-4 ayg-col-sm-3 ayg-col-xs-2\">\n                \n<div class=\"ayg-thumbnail\" data-id=\"hd68DICrQsI\" data-title=\"S\u00e9ances d\u2019enr\u00f4lement organis\u00e9es par l\u2019ANPEJ en partenariat avec la Commune de Touba\" data-url=\"\">\n    <div class=\"ayg-thumbnail-image-wrapper\">\n        <img decoding=\"async\" src=\"https:\/\/i.ytimg.com\/vi\/hd68DICrQsI\/mqdefault.jpg\" class=\"ayg-thumbnail-image\" alt=\"S\u00e9ances d\u2019enr\u00f4lement organis\u00e9es par l\u2019ANPEJ en partenariat avec la Commune de Touba\" \/><svg xmlns=\"http:\/\/www.w3.org\/2000\/svg\" class=\"ayg-icon ayg-thumbnail-icon-play\" width=\"32\" height=\"32\" viewBox=\"0 0 32 32\" fill=\"#fff\" title=\"Play\" aria-label=\"Play\"><path d=\"M16 0c-8.837 0-16 7.163-16 16s7.163 16 16 16 16-7.163 16-16-7.163-16-16-16zM16 29c-7.18 0-13-5.82-13-13s5.82-13 13-13 13 5.82 13 13-5.82 13-13 13zM12 9l12 7-12 7z\"><\/path><\/svg><div class=\"ayg-visualizer ayg-thumbnail-visualizer\" style=\"display: none;\"><span><\/span><span><\/span><span><\/span><\/div>        \n    <\/div>\n\n    <div class=\"ayg-thumbnail-caption\">\n         \n            <div class=\"ayg-thumbnail-title\">S\u00e9ances d\u2019enr\u00f4lement organis\u00e9es par l\u2019ANPEJ en partenariat avec la Commune de Touba<\/div>\n         \n\n                    <div class=\"ayg-thumbnail-excerpt\">Du 24 au 25 f\u00e9vrier 2025, l'Agence nationale pour la Promotion de ...<\/div>\n        \n          \n            <div class=\"ayg-thumbnail-description\" style=\"display: none;\"><span class=\"ayg-player-description-less\">Du 24 au 25 f\u00e9vrier 2025, l'Agence nationale pour la Promotion de l'Emploi des Jeunes, en partenariat avec la Commune de Touba Mosqu\u00e9e, a organis\u00e9 une s\u00e9ance d'animation \u00e9conomique. L'\u00e9quipe <span class=\"ayg-player-description-dots\">...<\/span><\/span><span class=\"ayg-player-description-more\">a pr\u00e9sent\u00e9 aux participants le r\u00f4le et les missions de l'ANPEJ ainsi que ses offres de services.<br \/>\nL'inscription des demandeurs sur le Syst\u00e8me d'Information sur le March\u00e9 de l\u2019Emploi (SIME) a suivi cette premi\u00e8re \u00e9tape qui permet \u00e0 l'ANPEJ de cartographier les besoins des jeunes et d'identifier les profils pour une mise en relation avec les employeurs. <br \/>\nCette activit\u00e9 d'enr\u00f4lement a \u00e9t\u00e9 aussi riche en \u00e9changes et partage d'exp\u00e9riences.<br \/>\nSoixante-quatre (64) participants ont \u00e9t\u00e9 form\u00e9s en Techniques de recherche d'emploi, avec une session sp\u00e9ciale en conception de CV. Ils ont \u00e9t\u00e9 enr\u00f4l\u00e9s dans la plateforme SIME et seront accompagn\u00e9s dans leurs d\u00e9marches d'insertion professionnelle<\/span><a href=\"#\" class=\"ayg-player-description-toggle-btn\">[+] Show More<\/a><\/div>\n            <\/div>           \n<\/div>            <\/div>\n            <\/div>\n\n    <!-- Pagination -->    \n    \n<div class=\"ayg-pagination\" data-params='{\"uid\":\"6ef3ca3424a2b05c5fd356b62e9d63e7\",\"post_id\":14770,\"type\":\"channel\",\"src\":\"UCdSfN8hIuMiWsPiuqTQEsvA\",\"order\":\"relevance\",\"per_page\":10,\"cache\":86400,\"columns\":4,\"thumb_ratio\":56.25,\"thumb_title\":1,\"thumb_title_length\":0,\"thumb_excerpt\":1,\"thumb_excerpt_length\":75,\"player_description\":1,\"total_pages\":6,\"paged\":1,\"next_page_token\":\"EAAaHlBUOkNBb2lFRVEzT0VGQlFVRTJNelE0T0RrMU5EWQ\",\"prev_page_token\":\"\"}'>\n            <div class=\"ayg-pagination-next\">\n            <button type=\"button\" class=\"ayg-btn ayg-pagination-next-btn\" data-type=\"more\">Load More<\/button>\n        <\/div>\n    <\/div><\/div>\n\n","protected":false},"excerpt":{"rendered":"","protected":false},"author":1,"featured_media":0,"parent":0,"menu_order":0,"comment_status":"closed","ping_status":"closed","template":"","meta":{"footnotes":""},"class_list":["post-14770","page","type-page","status-publish","hentry"],"rttpg_featured_image_url":null,"rttpg_author":{"display_name":"admin","author_link":"https:\/\/anpej.sn\/accueil\/author\/admin\/"},"rttpg_comment":0,"rttpg_category":null,"rttpg_excerpt":null,"_links":{"self":[{"href":"https:\/\/anpej.sn\/accueil\/wp-json\/wp\/v2\/pages\/14770","targetHints":{"allow":["GET"]}}],"collection":[{"href":"https:\/\/anpej.sn\/accueil\/wp-json\/wp\/v2\/pages"}],"about":[{"href":"https:\/\/anpej.sn\/accueil\/wp-json\/wp\/v2\/types\/page"}],"author":[{"embeddable":true,"href":"https:\/\/anpej.sn\/accueil\/wp-json\/wp\/v2\/users\/1"}],"replies":[{"embeddable":true,"href":"https:\/\/anpej.sn\/accueil\/wp-json\/wp\/v2\/comments?post=14770"}],"version-history":[{"count":8,"href":"https:\/\/anpej.sn\/accueil\/wp-json\/wp\/v2\/pages\/14770\/revisions"}],"predecessor-version":[{"id":15376,"href":"https:\/\/anpej.sn\/accueil\/wp-json\/wp\/v2\/pages\/14770\/revisions\/15376"}],"wp:attachment":[{"href":"https:\/\/anpej.sn\/accueil\/wp-json\/wp\/v2\/media?parent=14770"}],"curies":[{"name":"wp","href":"https:\/\/api.w.org\/{rel}","templated":true}]}}