{"id":14875,"date":"2024-10-01T14:03:09","date_gmt":"2024-10-01T12:03:09","guid":{"rendered":"https:\/\/anpej.sn\/acceuil\/?page_id=14875"},"modified":"2025-01-30T17:50:05","modified_gmt":"2025-01-30T16:50:05","slug":"services-aux-employeurs","status":"publish","type":"page","link":"https:\/\/anpej.sn\/accueil\/services-aux-employeurs\/","title":{"rendered":"Services aux employeurs"},"content":{"rendered":"\t\t<div data-elementor-type=\"wp-page\" data-elementor-id=\"14875\" class=\"elementor elementor-14875\">\n\t\t\t\t<div class=\"elementor-element elementor-element-96c7fb5 e-flex e-con-boxed e-con e-parent\" data-id=\"96c7fb5\" data-element_type=\"container\">\n\t\t\t\t\t<div class=\"e-con-inner\">\n\t\t<div class=\"elementor-element elementor-element-8ebb366 e-con-full e-flex e-con e-child\" data-id=\"8ebb366\" data-element_type=\"container\">\n\t\t\t\t<div class=\"elementor-element elementor-element-666b92f elementor-widget elementor-widget-gva-image-content\" data-id=\"666b92f\" data-element_type=\"widget\" data-widget_type=\"gva-image-content.default\">\n\t\t\t\t<div class=\"elementor-widget-container\">\n\t\t\t\t\t<div class=\"gva-element-gva-image-content gva-element\">\t\t\r\n\t  \r\n\t \r\n\r\n\t \r\n\r\n\t\t\t<div class=\"about-three__single\">\r\n\t\t  \t<div class=\"about-three__image\"><div class=\"content-inner\"><img decoding=\"async\" src=\"https:\/\/anpej.sn\/accueil\/wp-content\/uploads\/2025\/01\/400974741_661579326165429_2163584658199958577_n.jpg\" alt=\"\" \/><\/div><\/div><div class=\"about-three__image-second\"><div class=\"content-inner\"><img decoding=\"async\" src=\"https:\/\/anpej.sn\/accueil\/wp-content\/uploads\/2025\/01\/176468468_3027825817437174_8267719183951280638_n.jpg\" alt=\"\" \/><\/div><\/div>\t\t<\/div>\r\n\t\r\n\t \r\n  \r\n \r\n\r\n  \r\n \r\n\r\n \r\n\t<\/div>\t\t\t\t<\/div>\n\t\t\t\t<\/div>\n\t\t\t\t<\/div>\n\t\t<div class=\"elementor-element elementor-element-c1bcb3b e-con-full e-flex e-con e-child\" data-id=\"c1bcb3b\" data-element_type=\"container\">\n\t\t\t\t<div class=\"elementor-element elementor-element-5d49697 elementor-widget elementor-widget-text-editor\" data-id=\"5d49697\" data-element_type=\"widget\" data-widget_type=\"text-editor.default\">\n\t\t\t\t<div class=\"elementor-widget-container\">\n\t\t\t\t\t\t\t\t\t<div class=\"fusion-text fusion-text-2\"><div class=\"vc_row wpb_row vc_row-fluid\" data-vc-full-width=\"true\" data-vc-full-width-init=\"true\" data-vc-stretch-content=\"true\"><div class=\"wpb_column vc_column_container vc_col-sm-12\"><div class=\"vc_column-inner vc_custom_1616758354228\"><div class=\"wpb_wrapper\"><div class=\"vc-hoverbox-wrapper vc-hoverbox-shape--rounded vc-hoverbox-align--center vc-hoverbox-direction--default vc-hoverbox-width--100\"><div class=\"vc-hoverbox\"><div class=\"vc-hoverbox-inner\"><div class=\"vc-hoverbox-block vc-hoverbox-back\"><div class=\"vc-hoverbox-block-inner vc-hoverbox-back-inner\"><p>Accompagnement<\/p><p>-Pr\u00e9sentation de l\u2019offre de services -Analyse de l\u2019offre et aide \u00e0 la d\u00e9finition du besoin de l\u2019entreprise<\/p><p>-Red\u00e9finition du besoin sur le moyen terme<\/p><p>-Mise \u00e0 disposition d\u2019une base documentaire (cadre juridique applicable, droit dutravail, conventions collectives, contrats de stage, contrats d\u2019apprentissage\u2026)<\/p><p>\u2013 Mise \u00e0 disposition d\u2019une banque de CV<\/p><p>-Accompagnement des projets collectifs d\u2019insertion (adaptations aux postes, formation\/insertion)<\/p><p>-Traitement de l\u2019offre-Publication des offres,-Sourcing et pr\u00e9 qualification- Promotion d\u2019offres<\/p><\/div><\/div><\/div><\/div><\/div><\/div><\/div><\/div><\/div><\/div><div class=\"fusion-content-boxes content-boxes columns row fusion-columns-1 fusion-columns-total-3 fusion-content-boxes-2 content-boxes-timeline-vertical content-left content-boxes-timeline-layout content-boxes-icon-with-title fusion-delayed-animation\" data-animation-delay=\"350\" data-animationoffset=\"top-into-view\"><div class=\"fusion-column content-box-column content-box-column content-box-column-1 col-lg-12 col-md-12 col-sm-12 fusion-content-box-hover content-box-column-last-in-row fusion-appear\"><div class=\"col content-box-wrapper content-wrapper-background link-area-link-icon content-icon-wrapper-yes icon-wrapper-hover-animation-pulsate fusion-animated\" data-animationtype=\"fadeIn\" data-animationduration=\"0.25\" data-animationoffset=\"top-into-view\"><div class=\"heading heading-with-icon icon-left\"><div class=\"icon\">\u00a0<\/div><\/div><\/div><\/div><\/div>\t\t\t\t\t\t\t\t<\/div>\n\t\t\t\t<\/div>\n\t\t\t\t<\/div>\n\t\t\t\t\t<\/div>\n\t\t\t\t<\/div>\n\t\t<div class=\"elementor-element elementor-element-6c7dc6f e-flex e-con-boxed e-con e-parent\" data-id=\"6c7dc6f\" data-element_type=\"container\">\n\t\t\t\t\t<div class=\"e-con-inner\">\n\t\t<div class=\"elementor-element elementor-element-7aee46f e-con-full e-flex e-con e-child\" data-id=\"7aee46f\" data-element_type=\"container\" data-settings=\"{&quot;background_background&quot;:&quot;classic&quot;}\">\n\t\t\t\t<div class=\"elementor-element elementor-element-c55d254 elementor-widget elementor-widget-gva-heading-block\" data-id=\"c55d254\" data-element_type=\"widget\" data-widget_type=\"gva-heading-block.default\">\n\t\t\t\t<div class=\"elementor-widget-container\">\n\t\t\t\t\t<div class=\"gva-element-gva-heading-block gva-element\">   <div class=\"align-center style-2 widget gsc-heading box-align-left auto-responsive\">\r\n      <div class=\"content-inner\">\r\n         \r\n                  \r\n         <div class=\"sub-title\"><span class=\"tagline\">LE SERVICE GESTION DE PROFIL ET SUPPORT<\/span><\/div>  \r\n         \r\n                  \r\n                     <div class=\"title-desc\">Par un accompagnement sur les diff\u00e9rents niveaux du process de<br> recrutement<\/div>\r\n         \r\n         \r\n      <\/div>\r\n   <\/div>\r\n<\/div>\t\t\t\t<\/div>\n\t\t\t\t<\/div>\n\t\t\t\t<div class=\"elementor-element elementor-element-00ff7b6 elementor-position-left elementor-view-default elementor-mobile-position-top elementor-vertical-align-top elementor-widget elementor-widget-icon-box\" data-id=\"00ff7b6\" data-element_type=\"widget\" data-widget_type=\"icon-box.default\">\n\t\t\t\t<div class=\"elementor-widget-container\">\n\t\t\t\t\t\t\t<div class=\"elementor-icon-box-wrapper\">\n\n\t\t\t\t\t\t<div class=\"elementor-icon-box-icon\">\n\t\t\t\t<span  class=\"elementor-icon\">\n\t\t\t\t<i aria-hidden=\"true\" class=\" cicon-consulting-2\"><\/i>\t\t\t\t<\/span>\n\t\t\t<\/div>\n\t\t\t\n\t\t\t\t\t\t<div class=\"elementor-icon-box-content\">\n\n\t\t\t\t\t\t\t\t\t<h3 class=\"elementor-icon-box-title\">\n\t\t\t\t\t\t<span  >\n\t\t\t\t\t\t\tAnalyse pr\u00e9cise du besoin\t\t\t\t\t\t<\/span>\n\t\t\t\t\t<\/h3>\n\t\t\t\t\n\t\t\t\t\t\t\t\t\t<p class=\"elementor-icon-box-description\">\n\t\t\t\t\t\tAnalyse du poste; D\u00e9termination des exigences du poste Etablissement de la fiche de poste\n\t\t\t\t\t<\/p>\n\t\t\t\t\n\t\t\t<\/div>\n\t\t\t\n\t\t<\/div>\n\t\t\t\t\t\t<\/div>\n\t\t\t\t<\/div>\n\t\t\t\t<div class=\"elementor-element elementor-element-406ce38 elementor-position-left elementor-view-default elementor-mobile-position-top elementor-vertical-align-top elementor-widget elementor-widget-icon-box\" data-id=\"406ce38\" data-element_type=\"widget\" data-widget_type=\"icon-box.default\">\n\t\t\t\t<div class=\"elementor-widget-container\">\n\t\t\t\t\t\t\t<div class=\"elementor-icon-box-wrapper\">\n\n\t\t\t\t\t\t<div class=\"elementor-icon-box-icon\">\n\t\t\t\t<span  class=\"elementor-icon\">\n\t\t\t\t<i aria-hidden=\"true\" class=\" cicon-consulting-2\"><\/i>\t\t\t\t<\/span>\n\t\t\t<\/div>\n\t\t\t\n\t\t\t\t\t\t<div class=\"elementor-icon-box-content\">\n\n\t\t\t\t\t\t\t\t\t<h3 class=\"elementor-icon-box-title\">\n\t\t\t\t\t\t<span  >\n\t\t\t\t\t\t\tRecherche de Candidats\t\t\t\t\t\t<\/span>\n\t\t\t\t\t<\/h3>\n\t\t\t\t\n\t\t\t\t\t\t\t\t\t<p class=\"elementor-icon-box-description\">\n\t\t\t\t\t\tR\u00e9daction de l\u2019offre Choix des canaux de diffusion\t\t\t\t\t<\/p>\n\t\t\t\t\n\t\t\t<\/div>\n\t\t\t\n\t\t<\/div>\n\t\t\t\t\t\t<\/div>\n\t\t\t\t<\/div>\n\t\t\t\t<div class=\"elementor-element elementor-element-3c1ca01 elementor-position-left elementor-view-default elementor-mobile-position-top elementor-vertical-align-top elementor-widget elementor-widget-icon-box\" data-id=\"3c1ca01\" data-element_type=\"widget\" data-widget_type=\"icon-box.default\">\n\t\t\t\t<div class=\"elementor-widget-container\">\n\t\t\t\t\t\t\t<div class=\"elementor-icon-box-wrapper\">\n\n\t\t\t\t\t\t<div class=\"elementor-icon-box-icon\">\n\t\t\t\t<span  class=\"elementor-icon\">\n\t\t\t\t<i aria-hidden=\"true\" class=\" cicon-consulting-2\"><\/i>\t\t\t\t<\/span>\n\t\t\t<\/div>\n\t\t\t\n\t\t\t\t\t\t<div class=\"elementor-icon-box-content\">\n\n\t\t\t\t\t\t\t\t\t<h3 class=\"elementor-icon-box-title\">\n\t\t\t\t\t\t<span  >\n\t\t\t\t\t\t\tFinalisation\t\t\t\t\t\t<\/span>\n\t\t\t\t\t<\/h3>\n\t\t\t\t\n\t\t\t\t\t\t\t\t\t<p class=\"elementor-icon-box-description\">\n\t\t\t\t\t\tMise en place d\u2019instruments d\u2019accompagnement pour faciliter l\u2019accueil et l\u2019int\u00e9gration des recrues\t\t\t\t\t<\/p>\n\t\t\t\t\n\t\t\t<\/div>\n\t\t\t\n\t\t<\/div>\n\t\t\t\t\t\t<\/div>\n\t\t\t\t<\/div>\n\t\t\t\t<\/div>\n\t\t<div class=\"elementor-element elementor-element-2be18c7 e-con-full e-flex e-con e-child\" data-id=\"2be18c7\" data-element_type=\"container\">\n\t\t\t\t<div class=\"elementor-element elementor-element-07afa92 elementor-widget elementor-widget-gva-heading-block\" data-id=\"07afa92\" data-element_type=\"widget\" data-widget_type=\"gva-heading-block.default\">\n\t\t\t\t<div class=\"elementor-widget-container\">\n\t\t\t\t\t<div class=\"gva-element-gva-heading-block gva-element\">   <div class=\"align-center style-2 widget gsc-heading box-align-left auto-responsive\">\r\n      <div class=\"content-inner\">\r\n         \r\n                  \r\n         <div class=\"sub-title\"><span class=\"tagline\">MISE A DISPOSITION D\u2019UNE BANQUE DE CV<\/span><\/div>  \r\n         \r\n                  \r\n         \r\n         \r\n      <\/div>\r\n   <\/div>\r\n<\/div>\t\t\t\t<\/div>\n\t\t\t\t<\/div>\n\t\t\t\t<div class=\"elementor-element elementor-element-10c1675 elementor-widget elementor-widget-text-editor\" data-id=\"10c1675\" data-element_type=\"widget\" data-widget_type=\"text-editor.default\">\n\t\t\t\t<div class=\"elementor-widget-container\">\n\t\t\t\t\t\t\t\t\t<div class=\"content-container\"><div class=\"wpb_column vc_column_container vc_col-sm-4\"><div class=\"vc_column-inner\"><div class=\"wpb_wrapper\"><section class=\"vc_cta3-container\"><div class=\"vc_general vc_cta3 vc_cta3-style-classic vc_cta3-shape-rounded vc_cta3-align-left vc_cta3-color-classic vc_cta3-icon-size-md\"><div class=\"vc_cta3_content-container\"><div class=\"vc_cta3-content\"><p>Plus de 50.000 CV sur tous les secteurs d\u2019activit\u00e9s -Le profil recherch\u00e9 l\u00e0 ou vous en avez besoin -Une banque de CV de la diaspora s\u00e9n\u00e9galaise.<\/p><\/div><\/div><\/div><\/section><\/div><\/div><\/div><\/div>\t\t\t\t\t\t\t\t<\/div>\n\t\t\t\t<\/div>\n\t\t\t\t<div class=\"elementor-element elementor-element-ae3eec1 elementor-widget elementor-widget-gva-heading-block\" data-id=\"ae3eec1\" data-element_type=\"widget\" data-widget_type=\"gva-heading-block.default\">\n\t\t\t\t<div class=\"elementor-widget-container\">\n\t\t\t\t\t<div class=\"gva-element-gva-heading-block gva-element\">   <div class=\"align-center style-2 widget gsc-heading box-align-left auto-responsive\">\r\n      <div class=\"content-inner\">\r\n         \r\n                  \r\n         <div class=\"sub-title\"><span class=\"tagline\">LE SERVICE ACCOMPAGNEMENT DES PROJETS<\/span><\/div>  \r\n         \r\n                  \r\n         \r\n         \r\n      <\/div>\r\n   <\/div>\r\n<\/div>\t\t\t\t<\/div>\n\t\t\t\t<\/div>\n\t\t\t\t<div class=\"elementor-element elementor-element-053e74c elementor-position-left elementor-view-default elementor-mobile-position-top elementor-vertical-align-top elementor-widget elementor-widget-icon-box\" data-id=\"053e74c\" data-element_type=\"widget\" data-widget_type=\"icon-box.default\">\n\t\t\t\t<div class=\"elementor-widget-container\">\n\t\t\t\t\t\t\t<div class=\"elementor-icon-box-wrapper\">\n\n\t\t\t\t\t\t<div class=\"elementor-icon-box-icon\">\n\t\t\t\t<span  class=\"elementor-icon\">\n\t\t\t\t<i aria-hidden=\"true\" class=\" cicon-meeting\"><\/i>\t\t\t\t<\/span>\n\t\t\t<\/div>\n\t\t\t\n\t\t\t\t\t\t<div class=\"elementor-icon-box-content\">\n\n\t\t\t\t\t\t\t\t\t<h3 class=\"elementor-icon-box-title\">\n\t\t\t\t\t\t<span  >\n\t\t\t\t\t\t\tLe renforcement de capacit\u00e9s\t\t\t\t\t\t<\/span>\n\t\t\t\t\t<\/h3>\n\t\t\t\t\n\t\t\t\t\t\t\t\t\t<p class=\"elementor-icon-box-description\">\n\t\t\t\t\t\tPar des processus d\u2019am\u00e9lioration des comp\u00e9tences et de mise \u00e0 niveau des ressources selon les besoins des entreprises\t\t\t\t\t<\/p>\n\t\t\t\t\n\t\t\t<\/div>\n\t\t\t\n\t\t<\/div>\n\t\t\t\t\t\t<\/div>\n\t\t\t\t<\/div>\n\t\t\t\t<div class=\"elementor-element elementor-element-1102a7e elementor-position-left elementor-view-default elementor-mobile-position-top elementor-vertical-align-top elementor-widget elementor-widget-icon-box\" data-id=\"1102a7e\" data-element_type=\"widget\" data-widget_type=\"icon-box.default\">\n\t\t\t\t<div class=\"elementor-widget-container\">\n\t\t\t\t\t\t\t<div class=\"elementor-icon-box-wrapper\">\n\n\t\t\t\t\t\t<div class=\"elementor-icon-box-icon\">\n\t\t\t\t<span  class=\"elementor-icon\">\n\t\t\t\t<i aria-hidden=\"true\" class=\" cicon-meeting\"><\/i>\t\t\t\t<\/span>\n\t\t\t<\/div>\n\t\t\t\n\t\t\t\t\t\t<div class=\"elementor-icon-box-content\">\n\n\t\t\t\t\t\t\t\t\t<h3 class=\"elementor-icon-box-title\">\n\t\t\t\t\t\t<span  >\n\t\t\t\t\t\t\tLe d\u00e9veloppement de l\u2019employabilit\u00e9\t\t\t\t\t\t<\/span>\n\t\t\t\t\t<\/h3>\n\t\t\t\t\n\t\t\t\t\t\t\t\t\t<p class=\"elementor-icon-box-description\">\n\t\t\t\t\t\tPar le coaching et la pr\u00e9paration des ressources sur les aptitudes professionnelles recherch\u00e9es par les recruteurs\t\t\t\t\t<\/p>\n\t\t\t\t\n\t\t\t<\/div>\n\t\t\t\n\t\t<\/div>\n\t\t\t\t\t\t<\/div>\n\t\t\t\t<\/div>\n\t\t\t\t<\/div>\n\t\t\t\t\t<\/div>\n\t\t\t\t<\/div>\n\t\t\t\t<\/div>\n\t\t","protected":false},"excerpt":{"rendered":"<p>Accompagnement -Pr\u00e9sentation de l\u2019offre de services -Analyse de l\u2019offre et aide \u00e0 la d\u00e9finition du besoin de l\u2019entreprise -Red\u00e9finition du besoin sur le moyen terme -Mise \u00e0 disposition d\u2019une base [&hellip;]<\/p>\n","protected":false},"author":1,"featured_media":0,"parent":0,"menu_order":0,"comment_status":"closed","ping_status":"closed","template":"","meta":{"footnotes":""},"class_list":["post-14875","page","type-page","status-publish","hentry"],"rttpg_featured_image_url":null,"rttpg_author":{"display_name":"admin","author_link":"https:\/\/anpej.sn\/accueil\/author\/admin\/"},"rttpg_comment":0,"rttpg_category":null,"rttpg_excerpt":"Accompagnement -Pr\u00e9sentation de l\u2019offre de services -Analyse de l\u2019offre et aide \u00e0 la d\u00e9finition du besoin de l\u2019entreprise -Red\u00e9finition du besoin sur le moyen terme -Mise \u00e0 disposition d\u2019une base [&hellip;]","_links":{"self":[{"href":"https:\/\/anpej.sn\/accueil\/wp-json\/wp\/v2\/pages\/14875","targetHints":{"allow":["GET"]}}],"collection":[{"href":"https:\/\/anpej.sn\/accueil\/wp-json\/wp\/v2\/pages"}],"about":[{"href":"https:\/\/anpej.sn\/accueil\/wp-json\/wp\/v2\/types\/page"}],"author":[{"embeddable":true,"href":"https:\/\/anpej.sn\/accueil\/wp-json\/wp\/v2\/users\/1"}],"replies":[{"embeddable":true,"href":"https:\/\/anpej.sn\/accueil\/wp-json\/wp\/v2\/comments?post=14875"}],"version-history":[{"count":40,"href":"https:\/\/anpej.sn\/accueil\/wp-json\/wp\/v2\/pages\/14875\/revisions"}],"predecessor-version":[{"id":16529,"href":"https:\/\/anpej.sn\/accueil\/wp-json\/wp\/v2\/pages\/14875\/revisions\/16529"}],"wp:attachment":[{"href":"https:\/\/anpej.sn\/accueil\/wp-json\/wp\/v2\/media?parent=14875"}],"curies":[{"name":"wp","href":"https:\/\/api.w.org\/{rel}","templated":true}]}}