{"id":15495,"date":"2024-10-24T14:04:55","date_gmt":"2024-10-24T12:04:55","guid":{"rendered":"https:\/\/anpej.sn\/acceuil\/?page_id=15495"},"modified":"2025-01-31T11:26:03","modified_gmt":"2025-01-31T10:26:03","slug":"missions-et-strategies-de-lanpej","status":"publish","type":"page","link":"https:\/\/anpej.sn\/accueil\/missions-et-strategies-de-lanpej\/","title":{"rendered":"Missions et Strat\u00e9gies de l&#8217;ANPEJ"},"content":{"rendered":"\t\t<div data-elementor-type=\"wp-page\" data-elementor-id=\"15495\" class=\"elementor elementor-15495\">\n\t\t\t\t<div class=\"elementor-element elementor-element-e192090 e-flex e-con-boxed e-con e-parent\" data-id=\"e192090\" data-element_type=\"container\">\n\t\t\t\t\t<div class=\"e-con-inner\">\n\t\t\t\t<div class=\"elementor-element elementor-element-f66d146 elementor-widget elementor-widget-heading\" data-id=\"f66d146\" data-element_type=\"widget\" data-widget_type=\"heading.default\">\n\t\t\t\t<div class=\"elementor-widget-container\">\n\t\t\t\t\t<h2 class=\"elementor-heading-title elementor-size-default\"> Missions DE L'AGENCE<\/h2>\t\t\t\t<\/div>\n\t\t\t\t<\/div>\n\t\t\t\t\t<\/div>\n\t\t\t\t<\/div>\n\t\t<div class=\"elementor-element elementor-element-58764b1 e-flex e-con-boxed e-con e-parent\" data-id=\"58764b1\" data-element_type=\"container\">\n\t\t\t\t\t<div class=\"e-con-inner\">\n\t\t\t\t<div class=\"elementor-element elementor-element-b017b25 elementor-widget elementor-widget-text-editor\" data-id=\"b017b25\" data-element_type=\"widget\" data-widget_type=\"text-editor.default\">\n\t\t\t\t<div class=\"elementor-widget-container\">\n\t\t\t\t\t\t\t\t\t<p>L\u2019ANPEJ est charg\u00e9e de mettre en \u0153uvre la politique du Gouvernement en mati\u00e8re de promotion de l\u2019Emploi des jeunes et l\u2019insertion professionnelle des marchands ambulants. A ce titre, elle a pour mission de :<\/p>\t\t\t\t\t\t\t\t<\/div>\n\t\t\t\t<\/div>\n\t\t\t\t\t<\/div>\n\t\t\t\t<\/div>\n\t\t<div class=\"elementor-element elementor-element-617b636 e-flex e-con-boxed e-con e-parent\" data-id=\"617b636\" data-element_type=\"container\" data-settings=\"{&quot;background_background&quot;:&quot;classic&quot;}\">\n\t\t\t\t\t<div class=\"e-con-inner\">\n\t\t<div class=\"elementor-element elementor-element-b98589d e-con-full e-flex e-con e-child\" data-id=\"b98589d\" data-element_type=\"container\">\n\t\t\t\t<div class=\"elementor-element elementor-element-59a44e4 elementor-widget elementor-widget-image\" data-id=\"59a44e4\" data-element_type=\"widget\" data-widget_type=\"image.default\">\n\t\t\t\t<div class=\"elementor-widget-container\">\n\t\t\t\t\t\t\t\t\t\t\t\t\t\t\t<img decoding=\"async\" width=\"175\" height=\"175\" src=\"https:\/\/anpej.sn\/accueil\/wp-content\/uploads\/2024\/10\/deliver-support-1-800x560-1-175x175.jpg\" class=\"attachment-thumbnail size-thumbnail wp-image-15108\" alt=\"\" srcset=\"https:\/\/anpej.sn\/accueil\/wp-content\/uploads\/2024\/10\/deliver-support-1-800x560-1-175x175.jpg 175w, https:\/\/anpej.sn\/accueil\/wp-content\/uploads\/2024\/10\/deliver-support-1-800x560-1-300x300.jpg 300w, https:\/\/anpej.sn\/accueil\/wp-content\/uploads\/2024\/10\/deliver-support-1-800x560-1-180x180.jpg 180w\" sizes=\"(max-width: 175px) 100vw, 175px\" \/>\t\t\t\t\t\t\t\t\t\t\t\t\t\t\t<\/div>\n\t\t\t\t<\/div>\n\t\t\t\t<div class=\"elementor-element elementor-element-697d231 elementor-widget elementor-widget-heading\" data-id=\"697d231\" data-element_type=\"widget\" data-widget_type=\"heading.default\">\n\t\t\t\t<div class=\"elementor-widget-container\">\n\t\t\t\t\t<h2 class=\"elementor-heading-title elementor-size-default\">Syst\u00e8me d'informations<\/h2>\t\t\t\t<\/div>\n\t\t\t\t<\/div>\n\t\t\t\t<div class=\"elementor-element elementor-element-5dad855 elementor-widget elementor-widget-text-editor\" data-id=\"5dad855\" data-element_type=\"widget\" data-widget_type=\"text-editor.default\">\n\t\t\t\t<div class=\"elementor-widget-container\">\n\t\t\t\t\t\t\t\t\t<p>Mettre en place un syst\u00e8me d\u2019information sur le march\u00e9 du travail<\/p>\t\t\t\t\t\t\t\t<\/div>\n\t\t\t\t<\/div>\n\t\t\t\t<\/div>\n\t\t<div class=\"elementor-element elementor-element-07ae8bb e-con-full e-flex e-con e-child\" data-id=\"07ae8bb\" data-element_type=\"container\">\n\t\t\t\t<div class=\"elementor-element elementor-element-e1b0691 elementor-widget elementor-widget-image\" data-id=\"e1b0691\" data-element_type=\"widget\" data-widget_type=\"image.default\">\n\t\t\t\t<div class=\"elementor-widget-container\">\n\t\t\t\t\t\t\t\t\t\t\t\t\t\t\t<img decoding=\"async\" width=\"175\" height=\"175\" src=\"https:\/\/anpej.sn\/accueil\/wp-content\/uploads\/2025\/01\/462639982_863112516012108_4883402422460419305_n-175x175.jpg\" class=\"attachment-thumbnail size-thumbnail wp-image-16533\" alt=\"\" srcset=\"https:\/\/anpej.sn\/accueil\/wp-content\/uploads\/2025\/01\/462639982_863112516012108_4883402422460419305_n-175x175.jpg 175w, https:\/\/anpej.sn\/accueil\/wp-content\/uploads\/2025\/01\/462639982_863112516012108_4883402422460419305_n-300x300.jpg 300w, https:\/\/anpej.sn\/accueil\/wp-content\/uploads\/2025\/01\/462639982_863112516012108_4883402422460419305_n-180x180.jpg 180w\" sizes=\"(max-width: 175px) 100vw, 175px\" \/>\t\t\t\t\t\t\t\t\t\t\t\t\t\t\t<\/div>\n\t\t\t\t<\/div>\n\t\t\t\t<div class=\"elementor-element elementor-element-d569fd2 elementor-widget elementor-widget-heading\" data-id=\"d569fd2\" data-element_type=\"widget\" data-widget_type=\"heading.default\">\n\t\t\t\t<div class=\"elementor-widget-container\">\n\t\t\t\t\t<h2 class=\"elementor-heading-title elementor-size-default\">Acc\u00e8s \u00e0 l\u2019emploi<\/h2>\t\t\t\t<\/div>\n\t\t\t\t<\/div>\n\t\t\t\t<div class=\"elementor-element elementor-element-b28f073 elementor-widget elementor-widget-text-editor\" data-id=\"b28f073\" data-element_type=\"widget\" data-widget_type=\"text-editor.default\">\n\t\t\t\t<div class=\"elementor-widget-container\">\n\t\t\t\t\t\t\t\t\t<p>Faciliter les conditions d\u2019acc\u00e8s \u00e0 un emploi aux jeunes et groupes cibles.<\/p>\t\t\t\t\t\t\t\t<\/div>\n\t\t\t\t<\/div>\n\t\t\t\t<\/div>\n\t\t<div class=\"elementor-element elementor-element-6a2713a e-con-full e-flex e-con e-child\" data-id=\"6a2713a\" data-element_type=\"container\">\n\t\t\t\t<div class=\"elementor-element elementor-element-bfef2d6 elementor-widget elementor-widget-image\" data-id=\"bfef2d6\" data-element_type=\"widget\" data-widget_type=\"image.default\">\n\t\t\t\t<div class=\"elementor-widget-container\">\n\t\t\t\t\t\t\t\t\t\t\t\t\t\t\t<img decoding=\"async\" width=\"175\" height=\"175\" src=\"https:\/\/anpej.sn\/accueil\/wp-content\/uploads\/2024\/09\/formation3-175x175.jpg\" class=\"attachment-thumbnail size-thumbnail wp-image-14502\" alt=\"\" srcset=\"https:\/\/anpej.sn\/accueil\/wp-content\/uploads\/2024\/09\/formation3-175x175.jpg 175w, https:\/\/anpej.sn\/accueil\/wp-content\/uploads\/2024\/09\/formation3-300x300.jpg 300w, https:\/\/anpej.sn\/accueil\/wp-content\/uploads\/2024\/09\/formation3-180x180.jpg 180w\" sizes=\"(max-width: 175px) 100vw, 175px\" \/>\t\t\t\t\t\t\t\t\t\t\t\t\t\t\t<\/div>\n\t\t\t\t<\/div>\n\t\t\t\t<div class=\"elementor-element elementor-element-8da206e elementor-widget elementor-widget-heading\" data-id=\"8da206e\" data-element_type=\"widget\" data-widget_type=\"heading.default\">\n\t\t\t\t<div class=\"elementor-widget-container\">\n\t\t\t\t\t<h2 class=\"elementor-heading-title elementor-size-default\">Renforcement<\/h2>\t\t\t\t<\/div>\n\t\t\t\t<\/div>\n\t\t\t\t<div class=\"elementor-element elementor-element-1a99a26 elementor-widget elementor-widget-text-editor\" data-id=\"1a99a26\" data-element_type=\"widget\" data-widget_type=\"text-editor.default\">\n\t\t\t\t<div class=\"elementor-widget-container\">\n\t\t\t\t\t\t\t\t\t<p>Renforcer l\u2019employabilit\u00e9 des jeunes .<\/p>\t\t\t\t\t\t\t\t<\/div>\n\t\t\t\t<\/div>\n\t\t\t\t<\/div>\n\t\t<div class=\"elementor-element elementor-element-ee923d0 e-con-full e-flex e-con e-child\" data-id=\"ee923d0\" data-element_type=\"container\">\n\t\t\t\t<div class=\"elementor-element elementor-element-5e3da47 elementor-widget elementor-widget-image\" data-id=\"5e3da47\" data-element_type=\"widget\" data-widget_type=\"image.default\">\n\t\t\t\t<div class=\"elementor-widget-container\">\n\t\t\t\t\t\t\t\t\t\t\t\t\t\t\t<img loading=\"lazy\" decoding=\"async\" width=\"175\" height=\"175\" src=\"https:\/\/anpej.sn\/accueil\/wp-content\/uploads\/2024\/10\/telechargement-1-175x175.jpg\" class=\"attachment-thumbnail size-thumbnail wp-image-15159\" alt=\"\" srcset=\"https:\/\/anpej.sn\/accueil\/wp-content\/uploads\/2024\/10\/telechargement-1-175x175.jpg 175w, https:\/\/anpej.sn\/accueil\/wp-content\/uploads\/2024\/10\/telechargement-1-180x180.jpg 180w\" sizes=\"(max-width: 175px) 100vw, 175px\" \/>\t\t\t\t\t\t\t\t\t\t\t\t\t\t\t<\/div>\n\t\t\t\t<\/div>\n\t\t\t\t<div class=\"elementor-element elementor-element-fdb0579 elementor-widget elementor-widget-heading\" data-id=\"fdb0579\" data-element_type=\"widget\" data-widget_type=\"heading.default\">\n\t\t\t\t<div class=\"elementor-widget-container\">\n\t\t\t\t\t<h2 class=\"elementor-heading-title elementor-size-default\">Acc\u00e8s au financement<\/h2>\t\t\t\t<\/div>\n\t\t\t\t<\/div>\n\t\t\t\t<div class=\"elementor-element elementor-element-4a1bfe8 elementor-widget elementor-widget-text-editor\" data-id=\"4a1bfe8\" data-element_type=\"widget\" data-widget_type=\"text-editor.default\">\n\t\t\t\t<div class=\"elementor-widget-container\">\n\t\t\t\t\t\t\t\t\t<p>Faciliter l\u2019acc\u00e8s des jeunes et groupes cibles aux financements des projets.<\/p>\t\t\t\t\t\t\t\t<\/div>\n\t\t\t\t<\/div>\n\t\t\t\t<\/div>\n\t\t<div class=\"elementor-element elementor-element-5bae05b e-con-full e-flex e-con e-child\" data-id=\"5bae05b\" data-element_type=\"container\">\n\t\t\t\t<div class=\"elementor-element elementor-element-9a95fd9 elementor-widget elementor-widget-image\" data-id=\"9a95fd9\" data-element_type=\"widget\" data-widget_type=\"image.default\">\n\t\t\t\t<div class=\"elementor-widget-container\">\n\t\t\t\t\t\t\t\t\t\t\t\t\t\t\t<img loading=\"lazy\" decoding=\"async\" width=\"175\" height=\"175\" src=\"https:\/\/anpej.sn\/accueil\/wp-content\/uploads\/2024\/10\/espace-employeur0--175x175.jpg\" class=\"attachment-thumbnail size-thumbnail wp-image-14903\" alt=\"\" srcset=\"https:\/\/anpej.sn\/accueil\/wp-content\/uploads\/2024\/10\/espace-employeur0--175x175.jpg 175w, https:\/\/anpej.sn\/accueil\/wp-content\/uploads\/2024\/10\/espace-employeur0--300x300.jpg 300w, https:\/\/anpej.sn\/accueil\/wp-content\/uploads\/2024\/10\/espace-employeur0--180x180.jpg 180w\" sizes=\"(max-width: 175px) 100vw, 175px\" \/>\t\t\t\t\t\t\t\t\t\t\t\t\t\t\t<\/div>\n\t\t\t\t<\/div>\n\t\t\t\t<div class=\"elementor-element elementor-element-aee21ce elementor-widget elementor-widget-heading\" data-id=\"aee21ce\" data-element_type=\"widget\" data-widget_type=\"heading.default\">\n\t\t\t\t<div class=\"elementor-widget-container\">\n\t\t\t\t\t<h2 class=\"elementor-heading-title elementor-size-default\">Accompagnement<\/h2>\t\t\t\t<\/div>\n\t\t\t\t<\/div>\n\t\t\t\t<div class=\"elementor-element elementor-element-64faa24 elementor-widget elementor-widget-text-editor\" data-id=\"64faa24\" data-element_type=\"widget\" data-widget_type=\"text-editor.default\">\n\t\t\t\t<div class=\"elementor-widget-container\">\n\t\t\t\t\t\t\t\t\t<p>Appuyer et accompagner les jeunes dans l\u2019\u00e9laboration et l\u2019ex\u00e9cution des projets.<\/p>\t\t\t\t\t\t\t\t<\/div>\n\t\t\t\t<\/div>\n\t\t\t\t<\/div>\n\t\t<div class=\"elementor-element elementor-element-b232540 e-con-full e-flex e-con e-child\" data-id=\"b232540\" data-element_type=\"container\">\n\t\t\t\t<div class=\"elementor-element elementor-element-604ca4a elementor-widget elementor-widget-image\" data-id=\"604ca4a\" data-element_type=\"widget\" data-widget_type=\"image.default\">\n\t\t\t\t<div class=\"elementor-widget-container\">\n\t\t\t\t\t\t\t\t\t\t\t\t\t\t\t<img loading=\"lazy\" decoding=\"async\" width=\"175\" height=\"175\" src=\"https:\/\/anpej.sn\/accueil\/wp-content\/uploads\/2025\/01\/323424571_1288940904989796_1632329874587212739_n-175x175.jpg\" class=\"attachment-thumbnail size-thumbnail wp-image-16541\" alt=\"\" srcset=\"https:\/\/anpej.sn\/accueil\/wp-content\/uploads\/2025\/01\/323424571_1288940904989796_1632329874587212739_n-175x175.jpg 175w, https:\/\/anpej.sn\/accueil\/wp-content\/uploads\/2025\/01\/323424571_1288940904989796_1632329874587212739_n-300x300.jpg 300w, https:\/\/anpej.sn\/accueil\/wp-content\/uploads\/2025\/01\/323424571_1288940904989796_1632329874587212739_n-180x180.jpg 180w\" sizes=\"(max-width: 175px) 100vw, 175px\" \/>\t\t\t\t\t\t\t\t\t\t\t\t\t\t\t<\/div>\n\t\t\t\t<\/div>\n\t\t\t\t<div class=\"elementor-element elementor-element-1c1d57a elementor-widget elementor-widget-heading\" data-id=\"1c1d57a\" data-element_type=\"widget\" data-widget_type=\"heading.default\">\n\t\t\t\t<div class=\"elementor-widget-container\">\n\t\t\t\t\t<h2 class=\"elementor-heading-title elementor-size-default\">Sensibilisation<\/h2>\t\t\t\t<\/div>\n\t\t\t\t<\/div>\n\t\t\t\t<div class=\"elementor-element elementor-element-64130ca elementor-widget elementor-widget-text-editor\" data-id=\"64130ca\" data-element_type=\"widget\" data-widget_type=\"text-editor.default\">\n\t\t\t\t<div class=\"elementor-widget-container\">\n\t\t\t\t\t\t\t\t\t<p>Contribuer \u00e0 renforcer les capacit\u00e9s technique et civique des marchands ambulants.<\/p>\t\t\t\t\t\t\t\t<\/div>\n\t\t\t\t<\/div>\n\t\t\t\t<\/div>\n\t\t\t\t\t<\/div>\n\t\t\t\t<\/div>\n\t\t<div class=\"elementor-element elementor-element-ac046bd e-flex e-con-boxed e-con e-parent\" data-id=\"ac046bd\" data-element_type=\"container\">\n\t\t\t\t\t<div class=\"e-con-inner\">\n\t\t\t\t<div class=\"elementor-element elementor-element-8ab1315 elementor-widget elementor-widget-heading\" data-id=\"8ab1315\" data-element_type=\"widget\" data-widget_type=\"heading.default\">\n\t\t\t\t<div class=\"elementor-widget-container\">\n\t\t\t\t\t<h2 class=\"elementor-heading-title elementor-size-default\">AXES STRATEGIQUES D\u2019INTERVENTION<\/h2>\t\t\t\t<\/div>\n\t\t\t\t<\/div>\n\t\t\t\t\t<\/div>\n\t\t\t\t<\/div>\n\t\t<div class=\"elementor-element elementor-element-fc2790f e-flex e-con-boxed e-con e-parent\" data-id=\"fc2790f\" data-element_type=\"container\">\n\t\t\t\t\t<div class=\"e-con-inner\">\n\t\t\t\t<div class=\"elementor-element elementor-element-4b6ee34 elementor-widget elementor-widget-text-editor\" data-id=\"4b6ee34\" data-element_type=\"widget\" data-widget_type=\"text-editor.default\">\n\t\t\t\t<div class=\"elementor-widget-container\">\n\t\t\t\t\t\t\t\t\t<p>Pour la mise en \u0153uvre de ses missions, l\u2019Agence va articuler ses interventions autour des axes strat\u00e9giques suivants :<\/p>\t\t\t\t\t\t\t\t<\/div>\n\t\t\t\t<\/div>\n\t\t\t\t\t<\/div>\n\t\t\t\t<\/div>\n\t\t<div class=\"elementor-element elementor-element-929e93c e-flex e-con-boxed e-con e-parent\" data-id=\"929e93c\" data-element_type=\"container\">\n\t\t\t\t\t<div class=\"e-con-inner\">\n\t\t<div class=\"elementor-element elementor-element-5bf5e83 e-con-full e-flex e-con e-child\" data-id=\"5bf5e83\" data-element_type=\"container\" data-settings=\"{&quot;background_background&quot;:&quot;gradient&quot;}\">\n\t\t\t\t<div class=\"elementor-element elementor-element-353741b elementor-widget elementor-widget-image\" data-id=\"353741b\" data-element_type=\"widget\" data-widget_type=\"image.default\">\n\t\t\t\t<div class=\"elementor-widget-container\">\n\t\t\t\t\t\t\t\t\t\t\t\t\t\t\t<img loading=\"lazy\" decoding=\"async\" width=\"900\" height=\"468\" src=\"https:\/\/anpej.sn\/accueil\/wp-content\/uploads\/2024\/09\/SI-1024x533.png\" class=\"attachment-large size-large wp-image-448\" alt=\"\" srcset=\"https:\/\/anpej.sn\/accueil\/wp-content\/uploads\/2024\/09\/SI-1024x533.png 1024w, https:\/\/anpej.sn\/accueil\/wp-content\/uploads\/2024\/09\/SI-768x400.png 768w, https:\/\/anpej.sn\/accueil\/wp-content\/uploads\/2024\/09\/SI-600x313.png 600w, https:\/\/anpej.sn\/accueil\/wp-content\/uploads\/2024\/09\/SI.png 1920w\" sizes=\"(max-width: 900px) 100vw, 900px\" \/>\t\t\t\t\t\t\t\t\t\t\t\t\t\t\t<\/div>\n\t\t\t\t<\/div>\n\t\t\t\t<\/div>\n\t\t<div class=\"elementor-element elementor-element-76ccaf7 e-con-full e-flex e-con e-child\" data-id=\"76ccaf7\" data-element_type=\"container\">\n\t\t\t\t<div class=\"elementor-element elementor-element-aa16173 elementor-widget elementor-widget-icon-box\" data-id=\"aa16173\" data-element_type=\"widget\" data-widget_type=\"icon-box.default\">\n\t\t\t\t<div class=\"elementor-widget-container\">\n\t\t\t\t\t\t\t<div class=\"elementor-icon-box-wrapper\">\n\n\t\t\t\n\t\t\t\t\t\t<div class=\"elementor-icon-box-content\">\n\n\t\t\t\t\t\t\t\t\t<h3 class=\"elementor-icon-box-title\">\n\t\t\t\t\t\t<span  >\n\t\t\t\t\t\t\tAcc\u00e8s \u00e0 l\u2019information\t\t\t\t\t\t<\/span>\n\t\t\t\t\t<\/h3>\n\t\t\t\t\n\t\t\t\t\t\t\t\t\t<p class=\"elementor-icon-box-description\">\n\t\t\t\t\t\tFavoriser l\u2019acc\u00e8s \u00e0 l\u2019information sur le march\u00e9  du travail\n\t\t\t\t\t<\/p>\n\t\t\t\t\n\t\t\t<\/div>\n\t\t\t\n\t\t<\/div>\n\t\t\t\t\t\t<\/div>\n\t\t\t\t<\/div>\n\t\t\t\t<div class=\"elementor-element elementor-element-e15c283 elementor-icon-list--layout-traditional elementor-list-item-link-full_width elementor-widget elementor-widget-icon-list\" data-id=\"e15c283\" data-element_type=\"widget\" data-widget_type=\"icon-list.default\">\n\t\t\t\t<div class=\"elementor-widget-container\">\n\t\t\t\t\t\t\t<ul class=\"elementor-icon-list-items\">\n\t\t\t\t\t\t\t<li class=\"elementor-icon-list-item\">\n\t\t\t\t\t\t\t\t\t\t\t<span class=\"elementor-icon-list-icon\">\n\t\t\t\t\t\t\t<i aria-hidden=\"true\" class=\"fas fa-dot-circle\"><\/i>\t\t\t\t\t\t<\/span>\n\t\t\t\t\t\t\t\t\t\t<span class=\"elementor-icon-list-text\">Un syst\u00e8me d\u2019information unifi\u00e9<\/span>\n\t\t\t\t\t\t\t\t\t<\/li>\n\t\t\t\t\t\t\t\t<li class=\"elementor-icon-list-item\">\n\t\t\t\t\t\t\t\t\t\t\t<span class=\"elementor-icon-list-icon\">\n\t\t\t\t\t\t\t<i aria-hidden=\"true\" class=\"fas fa-dot-circle\"><\/i>\t\t\t\t\t\t<\/span>\n\t\t\t\t\t\t\t\t\t\t<span class=\"elementor-icon-list-text\">une base de donn\u00e9e diversifi\u00e9e<\/span>\n\t\t\t\t\t\t\t\t\t<\/li>\n\t\t\t\t\t\t<\/ul>\n\t\t\t\t\t\t<\/div>\n\t\t\t\t<\/div>\n\t\t\t\t<\/div>\n\t\t\t\t\t<\/div>\n\t\t\t\t<\/div>\n\t\t<div class=\"elementor-element elementor-element-dcf2a7d e-flex e-con-boxed e-con e-parent\" data-id=\"dcf2a7d\" data-element_type=\"container\">\n\t\t\t\t\t<div class=\"e-con-inner\">\n\t\t<div class=\"elementor-element elementor-element-4f0def5 e-con-full e-flex e-con e-child\" data-id=\"4f0def5\" data-element_type=\"container\" data-settings=\"{&quot;background_background&quot;:&quot;classic&quot;,&quot;animation&quot;:&quot;none&quot;}\">\n\t\t\t\t<div class=\"elementor-element elementor-element-5444f96 elementor-widget elementor-widget-icon-box\" data-id=\"5444f96\" data-element_type=\"widget\" data-widget_type=\"icon-box.default\">\n\t\t\t\t<div class=\"elementor-widget-container\">\n\t\t\t\t\t\t\t<div class=\"elementor-icon-box-wrapper\">\n\n\t\t\t\n\t\t\t\t\t\t<div class=\"elementor-icon-box-content\">\n\n\t\t\t\t\t\t\t\t\t<h3 class=\"elementor-icon-box-title\">\n\t\t\t\t\t\t<span  >\n\t\t\t\t\t\t\tEmployabilit\u00e9\t\t\t\t\t\t<\/span>\n\t\t\t\t\t<\/h3>\n\t\t\t\t\n\t\t\t\t\t\t\t\t\t<p class=\"elementor-icon-box-description\">\n\t\t\t\t\t\tRenforcer l\u2019employabilit\u00e9 des jeunes<br>\nA travers:\t\t\t\t\t<\/p>\n\t\t\t\t\n\t\t\t<\/div>\n\t\t\t\n\t\t<\/div>\n\t\t\t\t\t\t<\/div>\n\t\t\t\t<\/div>\n\t\t\t\t<div class=\"elementor-element elementor-element-e56b0a4 elementor-icon-list--layout-traditional elementor-list-item-link-full_width elementor-widget elementor-widget-icon-list\" data-id=\"e56b0a4\" data-element_type=\"widget\" data-widget_type=\"icon-list.default\">\n\t\t\t\t<div class=\"elementor-widget-container\">\n\t\t\t\t\t\t\t<ul class=\"elementor-icon-list-items\">\n\t\t\t\t\t\t\t<li class=\"elementor-icon-list-item\">\n\t\t\t\t\t\t\t\t\t\t\t<span class=\"elementor-icon-list-icon\">\n\t\t\t\t\t\t\t<i aria-hidden=\"true\" class=\"fas fa-dot-circle\"><\/i>\t\t\t\t\t\t<\/span>\n\t\t\t\t\t\t\t\t\t\t<span class=\"elementor-icon-list-text\">Des programmes de renforcement de capacit\u00e9s<\/span>\n\t\t\t\t\t\t\t\t\t<\/li>\n\t\t\t\t\t\t\t\t<li class=\"elementor-icon-list-item\">\n\t\t\t\t\t\t\t\t\t\t\t<span class=\"elementor-icon-list-icon\">\n\t\t\t\t\t\t\t<i aria-hidden=\"true\" class=\"fas fa-dot-circle\"><\/i>\t\t\t\t\t\t<\/span>\n\t\t\t\t\t\t\t\t\t\t<span class=\"elementor-icon-list-text\">Des stages de qualification<\/span>\n\t\t\t\t\t\t\t\t\t<\/li>\n\t\t\t\t\t\t\t\t<li class=\"elementor-icon-list-item\">\n\t\t\t\t\t\t\t\t\t\t\t<span class=\"elementor-icon-list-icon\">\n\t\t\t\t\t\t\t<i aria-hidden=\"true\" class=\"fas fa-dot-circle\"><\/i>\t\t\t\t\t\t<\/span>\n\t\t\t\t\t\t\t\t\t\t<span class=\"elementor-icon-list-text\">Des stages d\u2019apprentissage<\/span>\n\t\t\t\t\t\t\t\t\t<\/li>\n\t\t\t\t\t\t\t\t<li class=\"elementor-icon-list-item\">\n\t\t\t\t\t\t\t\t\t\t\t<span class=\"elementor-icon-list-icon\">\n\t\t\t\t\t\t\t<i aria-hidden=\"true\" class=\"fas fa-dot-circle\"><\/i>\t\t\t\t\t\t<\/span>\n\t\t\t\t\t\t\t\t\t\t<span class=\"elementor-icon-list-text\">Des centres d\u2019incubation<\/span>\n\t\t\t\t\t\t\t\t\t<\/li>\n\t\t\t\t\t\t\t\t<li class=\"elementor-icon-list-item\">\n\t\t\t\t\t\t\t\t\t\t\t<span class=\"elementor-icon-list-icon\">\n\t\t\t\t\t\t\t<i aria-hidden=\"true\" class=\"fas fa-dot-circle\"><\/i>\t\t\t\t\t\t<\/span>\n\t\t\t\t\t\t\t\t\t\t<span class=\"elementor-icon-list-text\">Des sessions de formations<\/span>\n\t\t\t\t\t\t\t\t\t<\/li>\n\t\t\t\t\t\t<\/ul>\n\t\t\t\t\t\t<\/div>\n\t\t\t\t<\/div>\n\t\t\t\t<\/div>\n\t\t<div class=\"elementor-element elementor-element-0959b93 e-con-full e-flex e-con e-child\" data-id=\"0959b93\" data-element_type=\"container\">\n\t\t\t\t<div class=\"elementor-element elementor-element-d5ff415 elementor-widget elementor-widget-image\" data-id=\"d5ff415\" data-element_type=\"widget\" data-widget_type=\"image.default\">\n\t\t\t\t<div class=\"elementor-widget-container\">\n\t\t\t\t\t\t\t\t\t\t\t\t\t\t\t<img loading=\"lazy\" decoding=\"async\" width=\"1024\" height=\"576\" src=\"https:\/\/anpej.sn\/accueil\/wp-content\/uploads\/2025\/01\/404546241_664408719215823_369647827329286448_n.jpg\" class=\"attachment-full size-full wp-image-16566\" alt=\"\" srcset=\"https:\/\/anpej.sn\/accueil\/wp-content\/uploads\/2025\/01\/404546241_664408719215823_369647827329286448_n.jpg 1024w, https:\/\/anpej.sn\/accueil\/wp-content\/uploads\/2025\/01\/404546241_664408719215823_369647827329286448_n-768x432.jpg 768w, https:\/\/anpej.sn\/accueil\/wp-content\/uploads\/2025\/01\/404546241_664408719215823_369647827329286448_n-600x338.jpg 600w\" sizes=\"(max-width: 1024px) 100vw, 1024px\" \/>\t\t\t\t\t\t\t\t\t\t\t\t\t\t\t<\/div>\n\t\t\t\t<\/div>\n\t\t\t\t<\/div>\n\t\t\t\t\t<\/div>\n\t\t\t\t<\/div>\n\t\t<div class=\"elementor-element elementor-element-03666b3 e-flex e-con-boxed e-con e-parent\" data-id=\"03666b3\" data-element_type=\"container\">\n\t\t\t\t\t<div class=\"e-con-inner\">\n\t\t<div class=\"elementor-element elementor-element-d62bdfb e-con-full e-flex e-con e-child\" data-id=\"d62bdfb\" data-element_type=\"container\">\n\t\t\t\t<div class=\"elementor-element elementor-element-8d04a56 elementor-widget elementor-widget-image\" data-id=\"8d04a56\" data-element_type=\"widget\" data-widget_type=\"image.default\">\n\t\t\t\t<div class=\"elementor-widget-container\">\n\t\t\t\t\t\t\t\t\t\t\t\t\t\t\t<img loading=\"lazy\" decoding=\"async\" width=\"800\" height=\"560\" src=\"https:\/\/anpej.sn\/accueil\/wp-content\/uploads\/2024\/10\/deliver-support-1-800x560-1.jpg\" class=\"attachment-full size-full wp-image-15108\" alt=\"\" srcset=\"https:\/\/anpej.sn\/accueil\/wp-content\/uploads\/2024\/10\/deliver-support-1-800x560-1.jpg 800w, https:\/\/anpej.sn\/accueil\/wp-content\/uploads\/2024\/10\/deliver-support-1-800x560-1-768x538.jpg 768w, https:\/\/anpej.sn\/accueil\/wp-content\/uploads\/2024\/10\/deliver-support-1-800x560-1-600x420.jpg 600w\" sizes=\"(max-width: 800px) 100vw, 800px\" \/>\t\t\t\t\t\t\t\t\t\t\t\t\t\t\t<\/div>\n\t\t\t\t<\/div>\n\t\t\t\t<\/div>\n\t\t<div class=\"elementor-element elementor-element-c041b3a e-con-full e-flex e-con e-child\" data-id=\"c041b3a\" data-element_type=\"container\">\n\t\t\t\t<div class=\"elementor-element elementor-element-aeb8336 elementor-widget elementor-widget-icon-box\" data-id=\"aeb8336\" data-element_type=\"widget\" data-widget_type=\"icon-box.default\">\n\t\t\t\t<div class=\"elementor-widget-container\">\n\t\t\t\t\t\t\t<div class=\"elementor-icon-box-wrapper\">\n\n\t\t\t\n\t\t\t\t\t\t<div class=\"elementor-icon-box-content\">\n\n\t\t\t\t\t\t\t\t\t<h3 class=\"elementor-icon-box-title\">\n\t\t\t\t\t\t<span  >\n\t\t\t\t\t\t\t Promotion de l\u2019auto emploi\t\t\t\t\t\t<\/span>\n\t\t\t\t\t<\/h3>\n\t\t\t\t\n\t\t\t\t\t\t\t\t\t<p class=\"elementor-icon-box-description\">\n\t\t\t\t\t\tPromouvoir l\u2019auto emploi des jeunes<br>\nA travers:<br>\n\n\t\t\t\t\t<\/p>\n\t\t\t\t\n\t\t\t<\/div>\n\t\t\t\n\t\t<\/div>\n\t\t\t\t\t\t<\/div>\n\t\t\t\t<\/div>\n\t\t\t\t<div class=\"elementor-element elementor-element-0253349 elementor-icon-list--layout-traditional elementor-list-item-link-full_width elementor-widget elementor-widget-icon-list\" data-id=\"0253349\" data-element_type=\"widget\" data-widget_type=\"icon-list.default\">\n\t\t\t\t<div class=\"elementor-widget-container\">\n\t\t\t\t\t\t\t<ul class=\"elementor-icon-list-items\">\n\t\t\t\t\t\t\t<li class=\"elementor-icon-list-item\">\n\t\t\t\t\t\t\t\t\t\t\t<span class=\"elementor-icon-list-icon\">\n\t\t\t\t\t\t\t<i aria-hidden=\"true\" class=\"fas fa-dot-circle\"><\/i>\t\t\t\t\t\t<\/span>\n\t\t\t\t\t\t\t\t\t\t<span class=\"elementor-icon-list-text\">Formulation du business plan<\/span>\n\t\t\t\t\t\t\t\t\t<\/li>\n\t\t\t\t\t\t\t\t<li class=\"elementor-icon-list-item\">\n\t\t\t\t\t\t\t\t\t\t\t<span class=\"elementor-icon-list-icon\">\n\t\t\t\t\t\t\t<i aria-hidden=\"true\" class=\"fas fa-dot-circle\"><\/i>\t\t\t\t\t\t<\/span>\n\t\t\t\t\t\t\t\t\t\t<span class=\"elementor-icon-list-text\">Facilit\u00e9 l\u2019acc\u00e8s aux financement de projets<\/span>\n\t\t\t\t\t\t\t\t\t<\/li>\n\t\t\t\t\t\t\t\t<li class=\"elementor-icon-list-item\">\n\t\t\t\t\t\t\t\t\t\t\t<span class=\"elementor-icon-list-icon\">\n\t\t\t\t\t\t\t<i aria-hidden=\"true\" class=\"fas fa-dot-circle\"><\/i>\t\t\t\t\t\t<\/span>\n\t\t\t\t\t\t\t\t\t\t<span class=\"elementor-icon-list-text\">Accompagnement technique manag\u00e9rial par nos conseillers en emploi<\/span>\n\t\t\t\t\t\t\t\t\t<\/li>\n\t\t\t\t\t\t<\/ul>\n\t\t\t\t\t\t<\/div>\n\t\t\t\t<\/div>\n\t\t\t\t<\/div>\n\t\t\t\t\t<\/div>\n\t\t\t\t<\/div>\n\t\t<div class=\"elementor-element elementor-element-763e3a6 e-flex e-con-boxed e-con e-parent\" data-id=\"763e3a6\" data-element_type=\"container\">\n\t\t\t\t\t<div class=\"e-con-inner\">\n\t\t\t\t<div class=\"elementor-element elementor-element-e65df7b elementor-widget elementor-widget-text-editor\" data-id=\"e65df7b\" data-element_type=\"widget\" data-widget_type=\"text-editor.default\">\n\t\t\t\t<div class=\"elementor-widget-container\">\n\t\t\t\t\t\t\t\t\t<ul><li>d\u00e9velopper l\u2019employabilit\u00e9 des jeunes \u00e0 travers des programmes de renforcement de capacit\u00e9s, des stages de qualification, d\u2019apprentissage, des sessions de formation, etc. ;<\/li><li>promouvoir l\u2019esprit d\u2019entreprise en suscitant aupr\u00e8s des jeunes l\u2019entrepreneurship n\u00e9cessaire pour la promotion et le d\u00e9veloppement de l\u2019auto emploi dans des secteurs \u00e0 fort potentiel de croissance et de cr\u00e9ation d\u2019emplois (Agriculture, Agrobusiness, Artisanat, Tourisme, Services, TIC, etc.) ;<\/li><li>faciliter l\u2019acc\u00e8s des jeunes au cr\u00e9dit \u00e0 travers l\u2019all\u00e9gement des taux d\u2019int\u00e9r\u00eat, l\u2019accompagnement pour les garanties et l\u2019apport personnel ;<\/li><li>mettre en place un syst\u00e8me d\u2019information harmonis\u00e9 sur l\u2019emploi des jeunes et d\u00e9velopper une plateforme de services en mati\u00e8re de placement et de formation pour les entreprises ;<\/li><li>cr\u00e9er un dispositif d\u2019appui aux acteurs du secteur informel \u00e0 travers des strat\u00e9gies de recasement et de reconversion ainsi que le d\u00e9veloppement de programmes de formation et d\u2019\u00e9ducation civique.<\/li><\/ul>\t\t\t\t\t\t\t\t<\/div>\n\t\t\t\t<\/div>\n\t\t\t\t\t<\/div>\n\t\t\t\t<\/div>\n\t\t\t\t<\/div>\n\t\t","protected":false},"excerpt":{"rendered":"<p>Missions DE L&#8217;AGENCE L\u2019ANPEJ est charg\u00e9e de mettre en \u0153uvre la politique du Gouvernement en mati\u00e8re de promotion de l\u2019Emploi des jeunes et l\u2019insertion professionnelle des marchands ambulants. A ce [&hellip;]<\/p>\n","protected":false},"author":1,"featured_media":0,"parent":0,"menu_order":0,"comment_status":"closed","ping_status":"closed","template":"","meta":{"footnotes":""},"class_list":["post-15495","page","type-page","status-publish","hentry"],"rttpg_featured_image_url":null,"rttpg_author":{"display_name":"admin","author_link":"https:\/\/anpej.sn\/accueil\/author\/admin\/"},"rttpg_comment":0,"rttpg_category":null,"rttpg_excerpt":"Missions DE L&#8217;AGENCE L\u2019ANPEJ est charg\u00e9e de mettre en \u0153uvre la politique du Gouvernement en mati\u00e8re de promotion de l\u2019Emploi des jeunes et l\u2019insertion professionnelle des marchands ambulants. A ce [&hellip;]","_links":{"self":[{"href":"https:\/\/anpej.sn\/accueil\/wp-json\/wp\/v2\/pages\/15495","targetHints":{"allow":["GET"]}}],"collection":[{"href":"https:\/\/anpej.sn\/accueil\/wp-json\/wp\/v2\/pages"}],"about":[{"href":"https:\/\/anpej.sn\/accueil\/wp-json\/wp\/v2\/types\/page"}],"author":[{"embeddable":true,"href":"https:\/\/anpej.sn\/accueil\/wp-json\/wp\/v2\/users\/1"}],"replies":[{"embeddable":true,"href":"https:\/\/anpej.sn\/accueil\/wp-json\/wp\/v2\/comments?post=15495"}],"version-history":[{"count":169,"href":"https:\/\/anpej.sn\/accueil\/wp-json\/wp\/v2\/pages\/15495\/revisions"}],"predecessor-version":[{"id":16569,"href":"https:\/\/anpej.sn\/accueil\/wp-json\/wp\/v2\/pages\/15495\/revisions\/16569"}],"wp:attachment":[{"href":"https:\/\/anpej.sn\/accueil\/wp-json\/wp\/v2\/media?parent=15495"}],"curies":[{"name":"wp","href":"https:\/\/api.w.org\/{rel}","templated":true}]}}