{"id":15631,"date":"2024-11-05T16:59:46","date_gmt":"2024-11-05T15:59:46","guid":{"rendered":"https:\/\/anpej.sn\/acceuil\/?page_id=15631"},"modified":"2024-11-05T17:50:02","modified_gmt":"2024-11-05T16:50:02","slug":"formation","status":"publish","type":"page","link":"https:\/\/anpej.sn\/accueil\/formation\/","title":{"rendered":"Formation"},"content":{"rendered":"\t\t<div data-elementor-type=\"wp-page\" data-elementor-id=\"15631\" class=\"elementor elementor-15631\">\n\t\t\t\t<div class=\"elementor-element elementor-element-3b5aa88 e-flex e-con-boxed e-con e-parent\" data-id=\"3b5aa88\" data-element_type=\"container\">\n\t\t\t\t\t<div class=\"e-con-inner\">\n\t\t\t\t<div class=\"elementor-element elementor-element-7f9a852 elementor-widget elementor-widget-heading\" data-id=\"7f9a852\" data-element_type=\"widget\" data-widget_type=\"heading.default\">\n\t\t\t\t<div class=\"elementor-widget-container\">\n\t\t\t\t\t<h2 class=\"elementor-heading-title elementor-size-default\">Offres de formation<\/h2>\t\t\t\t<\/div>\n\t\t\t\t<\/div>\n\t\t\t\t\t<\/div>\n\t\t\t\t<\/div>\n\t\t<div class=\"elementor-element elementor-element-8ae3aa4 e-flex e-con-boxed e-con e-parent\" data-id=\"8ae3aa4\" data-element_type=\"container\">\n\t\t\t\t\t<div class=\"e-con-inner\">\n\t\t\t\t<div class=\"elementor-element elementor-element-0152265 elementor-widget elementor-widget-shortcode\" data-id=\"0152265\" data-element_type=\"widget\" data-widget_type=\"shortcode.default\">\n\t\t\t\t<div class=\"elementor-widget-container\">\n\t\t\t\t\t\t\t<div class=\"elementor-shortcode\">\n<table id=\"tablepress-35\" class=\"tablepress tablepress-id-35\">\n<thead>\n<tr class=\"row-1\">\n\t<th class=\"column-1\">Diplomes<br \/>\n<\/th><th class=\"column-2\">Date de Publication<\/th><th class=\"column-3\">Condition d'acc\u00e9s<\/th><th class=\"column-4\">Date de fin<\/th><th class=\"column-5\">D\u00e9tail poste<\/th>\n<\/tr>\n<\/thead>\n<tbody class=\"row-striping row-hover\">\n<tr class=\"row-2\">\n\t<td class=\"column-1\"><a href=\"https:\/\/anpej.sn\/accueil\/wp-content\/uploads\/2026\/01\/Annonce-Formation.pdf\" target=\"_blank\">FORMATION DUALE EN ALLEMAGNE<\/a><\/td><td class=\"column-2\">16\/01\/2026<\/td><td class=\"column-3\">-\tVous \u00eates jeune (\u00e2g\u00e9 de 18 \u00e0 30 ans)<br \/>\n-\tVous avez un certificat de langue en Allemand (A2 au moins)<br \/>\n-\tVous avez un dipl\u00f4me de fin d\u2019\u00e9tudes secondaires<br \/>\n-\tVous voulez suivre une formation en Allemagne<br \/>\n<\/td><td class=\"column-4\"><span style=\"color:red\" >13\/02\/2026 <\/span<\/td><td class=\"column-5\"><a href=\"https:\/\/anpej.sn\/accueil\/wp-content\/uploads\/2026\/01\/Annonce-Formation.pdf\" target=\"_blank\">Detail poste<\/a><\/td>\n<\/tr>\n<tr class=\"row-3\">\n\t<td class=\"column-1\"><\/td><td class=\"column-2\"><\/td><td class=\"column-3\"><\/td><td class=\"column-4\"><\/td><td class=\"column-5\"><\/td>\n<\/tr>\n<tr class=\"row-4\">\n\t<td class=\"column-1\"><\/td><td class=\"column-2\"><\/td><td class=\"column-3\"><\/td><td class=\"column-4\"><\/td><td class=\"column-5\"><\/td>\n<\/tr>\n<tr class=\"row-5\">\n\t<td class=\"column-1\"><\/td><td class=\"column-2\"><\/td><td class=\"column-3\"><\/td><td class=\"column-4\"><\/td><td class=\"column-5\"><\/td>\n<\/tr>\n<\/tbody>\n<\/table>\n<!-- #tablepress-35 from cache --><\/div>\n\t\t\t\t\t\t<\/div>\n\t\t\t\t<\/div>\n\t\t\t\t\t<\/div>\n\t\t\t\t<\/div>\n\t\t<div class=\"elementor-element elementor-element-45cbff6 e-flex e-con-boxed e-con e-parent\" data-id=\"45cbff6\" data-element_type=\"container\">\n\t\t\t\t\t<div class=\"e-con-inner\">\n\t\t\t\t<div class=\"elementor-element elementor-element-8da18b9 elementor-widget elementor-widget-text-editor\" data-id=\"8da18b9\" data-element_type=\"widget\" data-widget_type=\"text-editor.default\">\n\t\t\t\t<div class=\"elementor-widget-container\">\n\t\t\t\t\t\t\t\t\t<h4>NB: Pour voir la fiche de poste, veuillez cliquer sur le poste et vous serez rediriger vers la fiche en format PDF.<\/h4><h4><strong>Tout candidat int\u00e9ress\u00e9 devra imp\u00e9rativement envoy\u00e9 son CV \u00e0 l\u2019adresse indiqu\u00e9e sur la fiche en pr\u00e9cisant le poste auquel il postule dans l\u2019objet du mail.<\/strong><\/h4>\t\t\t\t\t\t\t\t<\/div>\n\t\t\t\t<\/div>\n\t\t\t\t\t<\/div>\n\t\t\t\t<\/div>\n\t\t\t\t<\/div>\n\t\t","protected":false},"excerpt":{"rendered":"<p>Offres de formation NB: Pour voir la fiche de poste, veuillez cliquer sur le poste et vous serez rediriger vers la fiche en format PDF. Tout candidat int\u00e9ress\u00e9 devra imp\u00e9rativement [&hellip;]<\/p>\n","protected":false},"author":1,"featured_media":0,"parent":0,"menu_order":0,"comment_status":"closed","ping_status":"closed","template":"","meta":{"footnotes":""},"class_list":["post-15631","page","type-page","status-publish","hentry"],"rttpg_featured_image_url":null,"rttpg_author":{"display_name":"admin","author_link":"https:\/\/anpej.sn\/accueil\/author\/admin\/"},"rttpg_comment":0,"rttpg_category":null,"rttpg_excerpt":"Offres de formation NB: Pour voir la fiche de poste, veuillez cliquer sur le poste et vous serez rediriger vers la fiche en format PDF. Tout candidat int\u00e9ress\u00e9 devra imp\u00e9rativement [&hellip;]","_links":{"self":[{"href":"https:\/\/anpej.sn\/accueil\/wp-json\/wp\/v2\/pages\/15631","targetHints":{"allow":["GET"]}}],"collection":[{"href":"https:\/\/anpej.sn\/accueil\/wp-json\/wp\/v2\/pages"}],"about":[{"href":"https:\/\/anpej.sn\/accueil\/wp-json\/wp\/v2\/types\/page"}],"author":[{"embeddable":true,"href":"https:\/\/anpej.sn\/accueil\/wp-json\/wp\/v2\/users\/1"}],"replies":[{"embeddable":true,"href":"https:\/\/anpej.sn\/accueil\/wp-json\/wp\/v2\/comments?post=15631"}],"version-history":[{"count":7,"href":"https:\/\/anpej.sn\/accueil\/wp-json\/wp\/v2\/pages\/15631\/revisions"}],"predecessor-version":[{"id":15671,"href":"https:\/\/anpej.sn\/accueil\/wp-json\/wp\/v2\/pages\/15631\/revisions\/15671"}],"wp:attachment":[{"href":"https:\/\/anpej.sn\/accueil\/wp-json\/wp\/v2\/media?parent=15631"}],"curies":[{"name":"wp","href":"https:\/\/api.w.org\/{rel}","templated":true}]}}