{"id":15632,"date":"2024-11-05T16:59:46","date_gmt":"2024-11-05T15:59:46","guid":{"rendered":"https:\/\/anpej.sn\/acceuil\/?page_id=15632"},"modified":"2024-11-05T18:08:42","modified_gmt":"2024-11-05T17:08:42","slug":"appel-a-candidature","status":"publish","type":"page","link":"https:\/\/anpej.sn\/accueil\/appel-a-candidature\/","title":{"rendered":"Appel \u00e0 Candidature"},"content":{"rendered":"\t\t<div data-elementor-type=\"wp-page\" data-elementor-id=\"15632\" class=\"elementor elementor-15632\">\n\t\t\t\t<div class=\"elementor-element elementor-element-8c0842e e-flex e-con-boxed e-con e-parent\" data-id=\"8c0842e\" data-element_type=\"container\">\n\t\t\t\t\t<div class=\"e-con-inner\">\n\t\t\t\t<div class=\"elementor-element elementor-element-00cd6cd elementor-widget elementor-widget-shortcode\" data-id=\"00cd6cd\" data-element_type=\"widget\" data-widget_type=\"shortcode.default\">\n\t\t\t\t<div class=\"elementor-widget-container\">\n\t\t\t\t\t\t\t<div class=\"elementor-shortcode\">\n<table id=\"tablepress-36\" class=\"tablepress tablepress-id-36\">\n<thead>\n<tr class=\"row-1\">\n\t<th class=\"column-1\">Postes<\/th><th class=\"column-2\">Diplomes exig\u00e9es<\/th><th class=\"column-3\">Date de Publication<\/th><th class=\"column-4\">Dossiers de candidature\t<\/th><th class=\"column-5\">Date de fin<\/th><th class=\"column-6\">Voir D\u00e9tail<\/th>\n<\/tr>\n<\/thead>\n<tbody class=\"row-striping row-hover\">\n<tr class=\"row-2\">\n\t<td class=\"column-1\"><a href=\"https:\/\/anpej.sn\/accueil\/wp-content\/uploads\/2026\/03\/APPEL-A-CANDIDATURE-Responsable-Parteneriat.pdf\" target=\"_blank\">Responsable Partenariat<\/a><\/td><td class=\"column-2\">\u2022\u00catre titulaire d\u2019un Bac +5 en gestion de projets, sciences \u00e9conomiques, sciences humaines, droit, marketing ou tout autre domaine \u00e9quivalent ;<br \/>\n\u2022Justifier d\u2019au moins deux (02) ann\u00e9es d\u2019exp\u00e9rience dans un poste similaire ;<br \/>\n\u2022Avoir une bonne connaissance des proc\u00e9dures des partenaires au d\u00e9veloppement ;<br \/>\n\u2022Avoir un profil de business d\u00e9velopper avec une capacit\u00e9 av\u00e9r\u00e9e \u00e0 d\u00e9velopper des partenariats.<br \/>\n<\/td><td class=\"column-3\">17\/03\/2026<\/td><td class=\"column-4\">\u2022Une lettre de motivation adress\u00e9e au Directeur g\u00e9n\u00e9ral de l\u2019ANPEJ ;<br \/>\n\u2022Un curriculum vitae d\u00e9taill\u00e9 et actualis\u00e9 ;<br \/>\n\u2022Les copies des dipl\u00f4mes et attestations d\u2019exp\u00e9rience.<br \/>\n<\/td><td class=\"column-5\"><span style=\"color:red\" >20\/03\/2026 <\/span<\/td><td class=\"column-6\"><a href=\"https:\/\/anpej.sn\/accueil\/wp-content\/uploads\/2026\/03\/APPEL-A-CANDIDATURE-Responsable-Parteneriat.pdf\" target=\"_blank\">D\u00e9tails du poste<\/a><\/td>\n<\/tr>\n<tr class=\"row-3\">\n\t<td class=\"column-1\"><\/td><td class=\"column-2\"><\/td><td class=\"column-3\"><\/td><td class=\"column-4\"><\/td><td class=\"column-5\"><\/td><td class=\"column-6\"><\/td>\n<\/tr>\n<tr class=\"row-4\">\n\t<td class=\"column-1\"><\/td><td class=\"column-2\"><\/td><td class=\"column-3\"><\/td><td class=\"column-4\"><\/td><td class=\"column-5\"><\/td><td class=\"column-6\"><\/td>\n<\/tr>\n<tr class=\"row-5\">\n\t<td class=\"column-1\"><\/td><td class=\"column-2\"><\/td><td class=\"column-3\"><\/td><td class=\"column-4\"><\/td><td class=\"column-5\"><\/td><td class=\"column-6\"><\/td>\n<\/tr>\n<tr class=\"row-6\">\n\t<td class=\"column-1\"><\/td><td class=\"column-2\"><\/td><td class=\"column-3\"><\/td><td class=\"column-4\"><\/td><td class=\"column-5\"><\/td><td class=\"column-6\"><\/td>\n<\/tr>\n<\/tbody>\n<\/table>\n<!-- #tablepress-36 from cache --><\/div>\n\t\t\t\t\t\t<\/div>\n\t\t\t\t<\/div>\n\t\t\t\t\t<\/div>\n\t\t\t\t<\/div>\n\t\t\t\t<\/div>\n\t\t","protected":false},"excerpt":{"rendered":"","protected":false},"author":1,"featured_media":0,"parent":0,"menu_order":0,"comment_status":"closed","ping_status":"closed","template":"","meta":{"footnotes":""},"class_list":["post-15632","page","type-page","status-publish","hentry"],"rttpg_featured_image_url":null,"rttpg_author":{"display_name":"admin","author_link":"https:\/\/anpej.sn\/accueil\/author\/admin\/"},"rttpg_comment":0,"rttpg_category":null,"rttpg_excerpt":null,"_links":{"self":[{"href":"https:\/\/anpej.sn\/accueil\/wp-json\/wp\/v2\/pages\/15632","targetHints":{"allow":["GET"]}}],"collection":[{"href":"https:\/\/anpej.sn\/accueil\/wp-json\/wp\/v2\/pages"}],"about":[{"href":"https:\/\/anpej.sn\/accueil\/wp-json\/wp\/v2\/types\/page"}],"author":[{"embeddable":true,"href":"https:\/\/anpej.sn\/accueil\/wp-json\/wp\/v2\/users\/1"}],"replies":[{"embeddable":true,"href":"https:\/\/anpej.sn\/accueil\/wp-json\/wp\/v2\/comments?post=15632"}],"version-history":[{"count":4,"href":"https:\/\/anpej.sn\/accueil\/wp-json\/wp\/v2\/pages\/15632\/revisions"}],"predecessor-version":[{"id":15677,"href":"https:\/\/anpej.sn\/accueil\/wp-json\/wp\/v2\/pages\/15632\/revisions\/15677"}],"wp:attachment":[{"href":"https:\/\/anpej.sn\/accueil\/wp-json\/wp\/v2\/media?parent=15632"}],"curies":[{"name":"wp","href":"https:\/\/api.w.org\/{rel}","templated":true}]}}