{"id":22,"date":"2024-05-24T02:17:45","date_gmt":"2024-05-24T02:17:45","guid":{"rendered":"https:\/\/gaviaspreview.com\/wp\/consilox\/?page_id=22"},"modified":"2024-11-20T11:03:39","modified_gmt":"2024-11-20T10:03:39","slug":"news","status":"publish","type":"page","link":"https:\/\/anpej.sn\/accueil\/news\/","title":{"rendered":"News"},"content":{"rendered":"\t\t<div data-elementor-type=\"wp-page\" data-elementor-id=\"22\" class=\"elementor elementor-22\">\n\t\t\t\t<div class=\"elementor-element elementor-element-33fcee3 e-con-full e-flex e-con e-parent\" data-id=\"33fcee3\" data-element_type=\"container\" data-settings=\"{&quot;background_background&quot;:&quot;slideshow&quot;,&quot;background_slideshow_gallery&quot;:[{&quot;id&quot;:97,&quot;url&quot;:&quot;https:\\\/\\\/gaviaspreview.com\\\/wp\\\/consilox\\\/wp-content\\\/uploads\\\/2024\\\/05\\\/breadcrumb-02.jpg&quot;},{&quot;id&quot;:94,&quot;url&quot;:&quot;https:\\\/\\\/gaviaspreview.com\\\/wp\\\/consilox\\\/wp-content\\\/uploads\\\/2024\\\/05\\\/breadcrumb-01.jpg&quot;}],&quot;background_slideshow_ken_burns&quot;:&quot;yes&quot;,&quot;background_slideshow_ken_burns_zoom_direction&quot;:&quot;out&quot;,&quot;background_slideshow_loop&quot;:&quot;yes&quot;,&quot;background_slideshow_slide_duration&quot;:5000,&quot;background_slideshow_slide_transition&quot;:&quot;fade&quot;,&quot;background_slideshow_transition_duration&quot;:500}\">\n\t\t<div class=\"elementor-element elementor-element-0b6182f e-con-full e-flex e-con e-child\" data-id=\"0b6182f\" data-element_type=\"container\">\n\t\t\t\t<div class=\"elementor-element elementor-element-6c6f16a elementor-widget elementor-widget-gva-heading-block\" data-id=\"6c6f16a\" data-element_type=\"widget\" data-widget_type=\"gva-heading-block.default\">\n\t\t\t\t<div class=\"elementor-widget-container\">\n\t\t\t\t\t<div class=\"gva-element-gva-heading-block gva-element\">   <div class=\"align-center style-1 widget gsc-heading box-align-left auto-responsive\">\r\n      <div class=\"content-inner\">\r\n         \r\n                  \r\n           \r\n         \r\n                  \r\n         \r\n         \r\n      <\/div>\r\n   <\/div>\r\n<\/div>\t\t\t\t<\/div>\n\t\t\t\t<\/div>\n\t\t\t\t<\/div>\n\t\t\t\t<\/div>\n\t\t<div class=\"elementor-element elementor-element-3256e822 e-flex e-con-boxed e-con e-parent\" data-id=\"3256e822\" data-element_type=\"container\">\n\t\t\t\t\t<div class=\"e-con-inner\">\n\t\t<div class=\"elementor-element elementor-element-2156b467 e-con-full e-flex e-con e-child\" data-id=\"2156b467\" data-element_type=\"container\">\n\t\t\t\t<div class=\"elementor-element elementor-element-7aa9c864 elementor-widget elementor-widget-gva-posts\" data-id=\"7aa9c864\" data-element_type=\"widget\" data-widget_type=\"gva-posts.default\">\n\t\t\t\t<div class=\"elementor-widget-container\">\n\t\t\t\t\t<div class=\"gva-element-gva-posts gva-element\">  \r\n  <div class=\"gva-posts-grid clearfix gva-posts\">\r\n\t\t<div class=\"gva-content-items\"> \r\n\t\t  <div class=\"lg-block-grid-3 md-block-grid-3 sm-block-grid-2 xs-block-grid-2 xx-block-grid-1\">\r\n\t\t\t <div class=\"item-columns\">\r\n   <article class=\"post post-one__single post-17648 type-post status-publish format-standard has-post-thumbnail hentry category-actualite\">\r\n      <div class=\"post-one__thumbnail\"><a href=\"https:\/\/anpej.sn\/accueil\/semaine-nationale-de-la-jeunesse-2026-lantenne-regionale-de-thies-au-coeur-de-laccompagnement-des-jeunes\/\"><img fetchpriority=\"high\" decoding=\"async\" width=\"550\" height=\"410\" src=\"https:\/\/anpej.sn\/accueil\/wp-content\/uploads\/2026\/04\/sjthies-550x410.jpg\" class=\"attachment-post-thumbnail size-post-thumbnail wp-post-image\" alt=\"Semaine nationale de la jeunesse 2026 : L\u2019Antenne r\u00e9gionale de Thi\u00e8s au c\u0153ur de l\u2019accompagnement des jeunes\" \/><\/a><div class=\"post-one__entry-date\"><span class=\"date\">08<\/span><span class=\"month\">Avr<\/span><\/div><\/div>       \r\n      <div class=\"post-one__content has-thumbnail\">\r\n         <div class=\"post-one__content-inner\">\r\n            <h3 class=\"post-one__title\"><a href=\"https:\/\/anpej.sn\/accueil\/semaine-nationale-de-la-jeunesse-2026-lantenne-regionale-de-thies-au-coeur-de-laccompagnement-des-jeunes\/\" rel=\"bookmark\">Semaine nationale de la jeunesse 2026 : L\u2019Antenne r\u00e9gionale de Thi\u00e8s au c\u0153ur de l\u2019accompagnement des jeunes<\/a><\/h3>\r\n            <div class=\"post-one__meta\">\r\n               <div class=\"clearfix meta-inline post-meta-1\"><span class=\"author vcard\"><i class=\"fas fa-user-circle\"><\/i>admin<\/span><\/div>            <\/div> \r\n         <\/div>\r\n      <\/div>\r\n   <\/article>   \r\n\r\n  <\/div><div class=\"item-columns\">\r\n   <article class=\"post post-one__single post-17639 type-post status-publish format-standard has-post-thumbnail hentry category-actualite\">\r\n      <div class=\"post-one__thumbnail\"><a href=\"https:\/\/anpej.sn\/accueil\/session-de-formation-en-techniques-de-recherche-demploi-au-profit-de-jeunes-incubes-a-libms\/\"><img decoding=\"async\" width=\"550\" height=\"410\" src=\"https:\/\/anpej.sn\/accueil\/wp-content\/uploads\/2026\/03\/ibms-thies-550x410.jpg\" class=\"attachment-post-thumbnail size-post-thumbnail wp-post-image\" alt=\"Session de formation en Techniques de Recherche d\u2019Emploi au profit de jeunes incub\u00e9s \u00e0 l\u2019IBMS\" \/><\/a><div class=\"post-one__entry-date\"><span class=\"date\">18<\/span><span class=\"month\">Mar<\/span><\/div><\/div>       \r\n      <div class=\"post-one__content has-thumbnail\">\r\n         <div class=\"post-one__content-inner\">\r\n            <h3 class=\"post-one__title\"><a href=\"https:\/\/anpej.sn\/accueil\/session-de-formation-en-techniques-de-recherche-demploi-au-profit-de-jeunes-incubes-a-libms\/\" rel=\"bookmark\">Session de formation en Techniques de Recherche d\u2019Emploi au profit de jeunes incub\u00e9s \u00e0 l\u2019IBMS<\/a><\/h3>\r\n            <div class=\"post-one__meta\">\r\n               <div class=\"clearfix meta-inline post-meta-1\"><span class=\"author vcard\"><i class=\"fas fa-user-circle\"><\/i>admin<\/span><\/div>            <\/div> \r\n         <\/div>\r\n      <\/div>\r\n   <\/article>   \r\n\r\n  <\/div><div class=\"item-columns\">\r\n   <article class=\"post post-one__single post-17636 type-post status-publish format-standard has-post-thumbnail hentry category-actualite\">\r\n      <div class=\"post-one__thumbnail\"><a href=\"https:\/\/anpej.sn\/accueil\/participation-de-lanpej-a-une-session-organisee-par-loim-au-profit-des-migrants-de-retour-a-thies\/\"><img decoding=\"async\" width=\"550\" height=\"410\" src=\"https:\/\/anpej.sn\/accueil\/wp-content\/uploads\/2026\/03\/oim-thies-550x410.jpg\" class=\"attachment-post-thumbnail size-post-thumbnail wp-post-image\" alt=\"Participation de l\u2019ANPEJ \u00e0 une session organis\u00e9e par l\u2019OIM au profit des migrants de retour \u00e0 Thi\u00e8s\" \/><\/a><div class=\"post-one__entry-date\"><span class=\"date\">18<\/span><span class=\"month\">Mar<\/span><\/div><\/div>       \r\n      <div class=\"post-one__content has-thumbnail\">\r\n         <div class=\"post-one__content-inner\">\r\n            <h3 class=\"post-one__title\"><a href=\"https:\/\/anpej.sn\/accueil\/participation-de-lanpej-a-une-session-organisee-par-loim-au-profit-des-migrants-de-retour-a-thies\/\" rel=\"bookmark\">Participation de l\u2019ANPEJ \u00e0 une session organis\u00e9e par l\u2019OIM au profit des migrants de retour \u00e0 Thi\u00e8s<\/a><\/h3>\r\n            <div class=\"post-one__meta\">\r\n               <div class=\"clearfix meta-inline post-meta-1\"><span class=\"author vcard\"><i class=\"fas fa-user-circle\"><\/i>admin<\/span><\/div>            <\/div> \r\n         <\/div>\r\n      <\/div>\r\n   <\/article>   \r\n\r\n  <\/div><div class=\"item-columns\">\r\n   <article class=\"post post-one__single post-17633 type-post status-publish format-standard has-post-thumbnail hentry category-actualite\">\r\n      <div class=\"post-one__thumbnail\"><a href=\"https:\/\/anpej.sn\/accueil\/renforcement-des-competences-entrepreneuriales-20-jeunes-formes-au-business-plan-a-thies\/\"><img loading=\"lazy\" decoding=\"async\" width=\"550\" height=\"410\" src=\"https:\/\/anpej.sn\/accueil\/wp-content\/uploads\/2026\/03\/skills-thies-550x410.jpg\" class=\"attachment-post-thumbnail size-post-thumbnail wp-post-image\" alt=\"Renforcement des comp\u00e9tences entrepreneuriales : 20 jeunes form\u00e9s au business plan \u00e0 Thi\u00e8s\" \/><\/a><div class=\"post-one__entry-date\"><span class=\"date\">18<\/span><span class=\"month\">Mar<\/span><\/div><\/div>       \r\n      <div class=\"post-one__content has-thumbnail\">\r\n         <div class=\"post-one__content-inner\">\r\n            <h3 class=\"post-one__title\"><a href=\"https:\/\/anpej.sn\/accueil\/renforcement-des-competences-entrepreneuriales-20-jeunes-formes-au-business-plan-a-thies\/\" rel=\"bookmark\">Renforcement des comp\u00e9tences entrepreneuriales : 20 jeunes form\u00e9s au business plan \u00e0 Thi\u00e8s<\/a><\/h3>\r\n            <div class=\"post-one__meta\">\r\n               <div class=\"clearfix meta-inline post-meta-1\"><span class=\"author vcard\"><i class=\"fas fa-user-circle\"><\/i>admin<\/span><\/div>            <\/div> \r\n         <\/div>\r\n      <\/div>\r\n   <\/article>   \r\n\r\n  <\/div><div class=\"item-columns\">\r\n   <article class=\"post post-one__single post-17630 type-post status-publish format-standard has-post-thumbnail hentry category-actualite\">\r\n      <div class=\"post-one__thumbnail\"><a href=\"https:\/\/anpej.sn\/accueil\/atelier-de-formation-en-techniques-de-recherche-demploi-a-thies-un-appui-aux-beneficiaires-des-projets-paijef-et-patip\/\"><img loading=\"lazy\" decoding=\"async\" width=\"550\" height=\"410\" src=\"https:\/\/anpej.sn\/accueil\/wp-content\/uploads\/2026\/03\/pole-thies-550x410.jpg\" class=\"attachment-post-thumbnail size-post-thumbnail wp-post-image\" alt=\"Atelier de formation en Techniques de Recherche d\u2019Emploi \u00e0 Thi\u00e8s : un appui aux b\u00e9n\u00e9ficiaires des projets PAIJEF et PATIP\" \/><\/a><div class=\"post-one__entry-date\"><span class=\"date\">18<\/span><span class=\"month\">Mar<\/span><\/div><\/div>       \r\n      <div class=\"post-one__content has-thumbnail\">\r\n         <div class=\"post-one__content-inner\">\r\n            <h3 class=\"post-one__title\"><a href=\"https:\/\/anpej.sn\/accueil\/atelier-de-formation-en-techniques-de-recherche-demploi-a-thies-un-appui-aux-beneficiaires-des-projets-paijef-et-patip\/\" rel=\"bookmark\">Atelier de formation en Techniques de Recherche d\u2019Emploi \u00e0 Thi\u00e8s : un appui aux b\u00e9n\u00e9ficiaires des projets PAIJEF et PATIP<\/a><\/h3>\r\n            <div class=\"post-one__meta\">\r\n               <div class=\"clearfix meta-inline post-meta-1\"><span class=\"author vcard\"><i class=\"fas fa-user-circle\"><\/i>admin<\/span><\/div>            <\/div> \r\n         <\/div>\r\n      <\/div>\r\n   <\/article>   \r\n\r\n  <\/div><div class=\"item-columns\">\r\n   <article class=\"post post-one__single post-17619 type-post status-publish format-standard has-post-thumbnail hentry category-actualite\">\r\n      <div class=\"post-one__thumbnail\"><a href=\"https:\/\/anpej.sn\/accueil\/renforcement-des-capacites-des-jeunes-lanpej-organise-une-formation-en-developpement-personnel-et-leadership-des-filles-du-saint-coeur-de-marie-a-ziguinchor\/\"><img loading=\"lazy\" decoding=\"async\" width=\"550\" height=\"410\" src=\"https:\/\/anpej.sn\/accueil\/wp-content\/uploads\/2026\/03\/A-zigun-550x410.jpg\" class=\"attachment-post-thumbnail size-post-thumbnail wp-post-image\" alt=\"Renforcement des capacit\u00e9s des jeunes : l\u2019ANPEJ organise une formation en d\u00e9veloppement personnel et leadership des filles du Saint C\u0153ur de Marie \u00e0 Ziguinchor\" \/><\/a><div class=\"post-one__entry-date\"><span class=\"date\">12<\/span><span class=\"month\">Mar<\/span><\/div><\/div>       \r\n      <div class=\"post-one__content has-thumbnail\">\r\n         <div class=\"post-one__content-inner\">\r\n            <h3 class=\"post-one__title\"><a href=\"https:\/\/anpej.sn\/accueil\/renforcement-des-capacites-des-jeunes-lanpej-organise-une-formation-en-developpement-personnel-et-leadership-des-filles-du-saint-coeur-de-marie-a-ziguinchor\/\" rel=\"bookmark\">Renforcement des capacit\u00e9s des jeunes : l\u2019ANPEJ organise une formation en d\u00e9veloppement personnel et leadership des filles du Saint C\u0153ur de Marie \u00e0 Ziguinchor<\/a><\/h3>\r\n            <div class=\"post-one__meta\">\r\n               <div class=\"clearfix meta-inline post-meta-1\"><span class=\"author vcard\"><i class=\"fas fa-user-circle\"><\/i>admin<\/span><\/div>            <\/div> \r\n         <\/div>\r\n      <\/div>\r\n   <\/article>   \r\n\r\n  <\/div>\t\t  <\/div>\r\n\t\t<\/div>\r\n\t\t\t\t\t <div class=\"pagination\">\r\n\t\t\t\t  <div class=\"column one pager_wrapper\"><div class=\"pager\"><div class=\"paginations\"><a href=\"https:\/\/anpej.sn\/accueil\/wp-json\/wp\/v2\/pages\/22\/\" class=\"page-item active\">1<\/a><a href=\"https:\/\/anpej.sn\/accueil\/wp-json\/wp\/v2\/pages\/22\/page\/2\/\" class=\"page-item\">2<\/a><a href=\"https:\/\/anpej.sn\/accueil\/wp-json\/wp\/v2\/pages\/22\/page\/3\/\" class=\"page-item\">3<\/a><span class=\"page-item\">... <\/span><a href=\"https:\/\/anpej.sn\/accueil\/wp-json\/wp\/v2\/pages\/22\/page\/20\/\" class=\"page-item\">20<\/a><a class=\"next_page\" href=\"https:\/\/anpej.sn\/accueil\/wp-json\/wp\/v2\/pages\/22\/page\/2\/\"><i class=\"fas fa-chevron-right\"><\/i><\/a><\/div><\/div><\/div>\n\t\t\t <\/div>\r\n\t\t  <\/div>\r\n  <\/div>\t\t\t\t<\/div>\n\t\t\t\t<\/div>\n\t\t\t\t<\/div>\n\t\t\t\t\t<\/div>\n\t\t\t\t<\/div>\n\t\t<div class=\"elementor-element elementor-element-6c541b5d e-flex e-con-boxed e-con e-parent\" data-id=\"6c541b5d\" data-element_type=\"container\">\n\t\t\t\t\t<div class=\"e-con-inner\">\n\t\t<div class=\"elementor-element elementor-element-43b61673 e-con-full e-flex e-con e-child\" data-id=\"43b61673\" data-element_type=\"container\">\n\t\t<div class=\"elementor-element elementor-element-2cc32081 e-con-full e-flex e-con e-child\" data-id=\"2cc32081\" data-element_type=\"container\">\n\t\t\t\t<\/div>\n\t\t<div class=\"elementor-element elementor-element-38ea99d5 e-con-full e-flex e-con e-child\" data-id=\"38ea99d5\" data-element_type=\"container\">\n\t\t\t\t<\/div>\n\t\t\t\t<\/div>\n\t\t\t\t\t<\/div>\n\t\t\t\t<\/div>\n\t\t\t\t<\/div>\n\t\t","protected":false},"excerpt":{"rendered":"<p>07Nov 4e Forum international sur l\u2019entrepreneuriat admin 17Oct MASTER CLASS SUR L&#8217;EMPLOI DES JEUNES AU S\u00c9N\u00c9GAL admin 27Sep #TokkFiTekkiFi admin 27Sep PASSATION DE SERVICE PCS admin 11Sep Formation sur les [&hellip;]<\/p>\n","protected":false},"author":1,"featured_media":0,"parent":0,"menu_order":0,"comment_status":"closed","ping_status":"closed","template":"","meta":{"footnotes":""},"class_list":["post-22","page","type-page","status-publish","hentry"],"rttpg_featured_image_url":null,"rttpg_author":{"display_name":"admin","author_link":"https:\/\/anpej.sn\/accueil\/author\/admin\/"},"rttpg_comment":0,"rttpg_category":"","rttpg_excerpt":"07Nov 4e Forum international sur l\u2019entrepreneuriat admin 17Oct MASTER CLASS SUR L&#8217;EMPLOI DES JEUNES AU S\u00c9N\u00c9GAL admin 27Sep #TokkFiTekkiFi admin 27Sep PASSATION DE SERVICE PCS admin 11Sep Formation sur les [&hellip;]","_links":{"self":[{"href":"https:\/\/anpej.sn\/accueil\/wp-json\/wp\/v2\/pages\/22","targetHints":{"allow":["GET"]}}],"collection":[{"href":"https:\/\/anpej.sn\/accueil\/wp-json\/wp\/v2\/pages"}],"about":[{"href":"https:\/\/anpej.sn\/accueil\/wp-json\/wp\/v2\/types\/page"}],"author":[{"embeddable":true,"href":"https:\/\/anpej.sn\/accueil\/wp-json\/wp\/v2\/users\/1"}],"replies":[{"embeddable":true,"href":"https:\/\/anpej.sn\/accueil\/wp-json\/wp\/v2\/comments?post=22"}],"version-history":[{"count":4,"href":"https:\/\/anpej.sn\/accueil\/wp-json\/wp\/v2\/pages\/22\/revisions"}],"predecessor-version":[{"id":15935,"href":"https:\/\/anpej.sn\/accueil\/wp-json\/wp\/v2\/pages\/22\/revisions\/15935"}],"wp:attachment":[{"href":"https:\/\/anpej.sn\/accueil\/wp-json\/wp\/v2\/media?parent=22"}],"curies":[{"name":"wp","href":"https:\/\/api.w.org\/{rel}","templated":true}]}}